{"id":21157,"date":"2025-06-12T10:56:27","date_gmt":"2025-06-12T10:56:27","guid":{"rendered":"https:\/\/e-veloboutique.fr\/home\/non class\u00e9\/velo-electrique-cargo-longtail-cube-cargo-hybrid-dual-1000\/"},"modified":"2025-06-12T10:56:36","modified_gmt":"2025-06-12T10:56:36","slug":"velo-electrique-cargo-longtail-cube-cargo-hybrid-dual-1000","status":"publish","type":"product","link":"https:\/\/e-veloboutique.fr\/?product=velo-electrique-cargo-longtail-cube-cargo-hybrid-dual-1000","title":{"rendered":"V\u00e9lo Electrique Cargo\/Longtail -Cube Cargo Hybrid Dual 1000"},"content":{"rendered":"<h1 data-start=\"0\" data-end=\"94\">cube Cargo Hybrid Dual 1000<\/h1>\n<h2 data-start=\"96\" data-end=\"125\"><\/h2>\n<p data-start=\"127\" data-end=\"717\">\u00c0 la recherche du <strong>meilleur v\u00e9lo cargo electrique livraison<\/strong>\u00a0? Le <strong data-start=\"203\" data-end=\"234\">Cube Cargo Hybrid Dual 1000<\/strong> s&rsquo;impose comme une solution incontournable pour les professionnels et les familles urbaines. Gr\u00e2ce \u00e0 sa <strong data-start=\"339\" data-end=\"375\">double batterie Bosch de 1000 Wh<\/strong>, son <strong data-start=\"381\" data-end=\"411\">moteur Cargo Line de 85 Nm<\/strong> et sa capacit\u00e9 de charge de <strong data-start=\"440\" data-end=\"450\">220 kg<\/strong>, ce v\u00e9lo est con\u00e7u pour transporter des charges lourdes ou deux enfants en toute s\u00e9curit\u00e9. Son <strong data-start=\"546\" data-end=\"568\">cadre en aluminium<\/strong>, sa <strong data-start=\"573\" data-end=\"618\">transmission Enviolo \u00e0 variation continue<\/strong> et ses <strong data-start=\"626\" data-end=\"656\">freins hydrauliques Magura<\/strong> garantissent une exp\u00e9rience de conduite fluide et s\u00e9curis\u00e9e.<\/p>\n<p data-start=\"719\" data-end=\"967\">Avec un <strong data-start=\"727\" data-end=\"763\">prix attractif de 4\u202f270 \u20ac TTC<\/strong> (au lieu de 6\u202f099 \u20ac), ce v\u00e9lo offre un excellent rapport qualit\u00e9-prix. De plus, des <strong data-start=\"851\" data-end=\"872\">aides financi\u00e8res<\/strong> sont disponibles pour l&rsquo;achat de ce mod\u00e8le, rendant cet investissement encore plus avantageux.<\/p>\n<h2 data-start=\"969\" data-end=\"1024\">2. Tableau des caract\u00e9ristiques et fiches techniques<\/h2>\n<div class=\"_tableContainer_16hzy_1\">\n<div class=\"_tableWrapper_16hzy_14 group flex w-fit flex-col-reverse\" tabindex=\"-1\">\n<table class=\"w-fit min-w-(--thread-content-width)\" data-start=\"1026\" data-end=\"2947\">\n<thead data-start=\"1026\" data-end=\"1138\">\n<tr data-start=\"1026\" data-end=\"1138\">\n<th data-start=\"1026\" data-end=\"1060\" data-col-size=\"sm\"><strong data-start=\"1028\" data-end=\"1047\">Caract\u00e9ristique<\/strong><\/th>\n<th data-start=\"1060\" data-end=\"1138\" data-col-size=\"md\"><strong data-start=\"1062\" data-end=\"1072\">D\u00e9tail<\/strong><\/th>\n<\/tr>\n<\/thead>\n<tbody data-start=\"1253\" data-end=\"2947\">\n<tr data-start=\"1253\" data-end=\"1365\">\n<td data-start=\"1253\" data-end=\"1287\" data-col-size=\"sm\"><strong data-start=\"1255\" data-end=\"1264\">Poids<\/strong><\/td>\n<td data-col-size=\"md\" data-start=\"1287\" data-end=\"1365\">51 kg<\/td>\n<\/tr>\n<tr data-start=\"1366\" data-end=\"1478\">\n<td data-start=\"1366\" data-end=\"1400\" data-col-size=\"sm\"><strong data-start=\"1368\" data-end=\"1387\">Charge maximale<\/strong><\/td>\n<td data-col-size=\"md\" data-start=\"1400\" data-end=\"1478\">220 kg<\/td>\n<\/tr>\n<tr data-start=\"1479\" data-end=\"1591\">\n<td data-start=\"1479\" data-end=\"1513\" data-col-size=\"sm\"><strong data-start=\"1481\" data-end=\"1490\">Cadre<\/strong><\/td>\n<td data-col-size=\"md\" data-start=\"1513\" data-end=\"1591\">Aluminium, g\u00e9om\u00e9trie Comfort Ride<\/td>\n<\/tr>\n<tr data-start=\"1592\" data-end=\"1704\">\n<td data-start=\"1592\" data-end=\"1626\" data-col-size=\"sm\"><strong data-start=\"1594\" data-end=\"1605\">Fourche<\/strong><\/td>\n<td data-start=\"1626\" data-end=\"1704\" data-col-size=\"md\">SR Suntour MOBIE CARGO, 80 mm<\/td>\n<\/tr>\n<tr data-start=\"1705\" data-end=\"1817\">\n<td data-start=\"1705\" data-end=\"1739\" data-col-size=\"sm\"><strong data-start=\"1707\" data-end=\"1717\">Moteur<\/strong><\/td>\n<td data-start=\"1739\" data-end=\"1817\" data-col-size=\"md\"><a href=\"https:\/\/unbonvelo.com\/batterie-velo-electrique-bosch\/\">Bosch<\/a> Cargo Line Gen4, 250 W, 85 Nm<\/td>\n<\/tr>\n<tr data-start=\"1818\" data-end=\"1930\">\n<td data-start=\"1818\" data-end=\"1852\" data-col-size=\"sm\"><strong data-start=\"1820\" data-end=\"1832\">Batterie<\/strong><\/td>\n<td data-start=\"1852\" data-end=\"1930\" data-col-size=\"md\"><a href=\"https:\/\/unbonvelo.com\/batterie-velo-electrique-bosch\/\">Bosch<\/a> DualBattery 1000 Wh (2 x 500 Wh)<\/td>\n<\/tr>\n<tr data-start=\"1931\" data-end=\"2043\">\n<td data-start=\"1931\" data-end=\"1965\" data-col-size=\"sm\"><strong data-start=\"1933\" data-end=\"1954\">Autonomie estim\u00e9e<\/strong><\/td>\n<td data-start=\"1965\" data-end=\"2043\" data-col-size=\"md\">Jusqu&rsquo;\u00e0 100 km selon l&rsquo;utilisation<\/td>\n<\/tr>\n<tr data-start=\"2044\" data-end=\"2156\">\n<td data-start=\"2044\" data-end=\"2078\" data-col-size=\"sm\"><strong data-start=\"2046\" data-end=\"2062\">Transmission<\/strong><\/td>\n<td data-col-size=\"md\" data-start=\"2078\" data-end=\"2156\">Enviolo Cargo, variation continue<\/td>\n<\/tr>\n<tr data-start=\"2157\" data-end=\"2269\">\n<td data-start=\"2157\" data-end=\"2191\" data-col-size=\"sm\"><strong data-start=\"2159\" data-end=\"2169\">Freins<\/strong><\/td>\n<td data-start=\"2191\" data-end=\"2269\" data-col-size=\"md\">Magura CMe hydrauliques, disques 180\/203 mm<\/td>\n<\/tr>\n<tr data-start=\"2270\" data-end=\"2382\">\n<td data-start=\"2270\" data-end=\"2304\" data-col-size=\"sm\"><strong data-start=\"2272\" data-end=\"2281\">Roues<\/strong><\/td>\n<td data-col-size=\"md\" data-start=\"2304\" data-end=\"2382\">Avant 20&Prime;, Arri\u00e8re 27,5&Prime;<\/td>\n<\/tr>\n<tr data-start=\"2383\" data-end=\"2495\">\n<td data-start=\"2383\" data-end=\"2417\" data-col-size=\"sm\"><strong data-start=\"2385\" data-end=\"2394\">Pneus<\/strong><\/td>\n<td data-start=\"2417\" data-end=\"2495\" data-col-size=\"md\">Schwalbe Pick-Up Super Defense<\/td>\n<\/tr>\n<tr data-start=\"2496\" data-end=\"2608\">\n<td data-start=\"2496\" data-end=\"2530\" data-col-size=\"sm\"><strong data-start=\"2498\" data-end=\"2511\">\u00c9clairage<\/strong><\/td>\n<td data-col-size=\"md\" data-start=\"2530\" data-end=\"2608\">ACID Front Light PRO-E 110 \/ ACID Mudguard Rear Light PRO-E<\/td>\n<\/tr>\n<tr data-start=\"2609\" data-end=\"2721\">\n<td data-start=\"2609\" data-end=\"2643\" data-col-size=\"sm\"><strong data-start=\"2611\" data-end=\"2626\">Accessoires<\/strong><\/td>\n<td data-col-size=\"md\" data-start=\"2643\" data-end=\"2721\">Garde-boue, b\u00e9quille Cargo, sonnette, p\u00e9dales CUBE PP MTB<\/td>\n<\/tr>\n<tr data-start=\"2722\" data-end=\"2834\">\n<td data-start=\"2722\" data-end=\"2756\" data-col-size=\"sm\"><strong data-start=\"2724\" data-end=\"2733\">\u00c9cran<\/strong><\/td>\n<td data-col-size=\"md\" data-start=\"2756\" data-end=\"2834\">Bosch Intuvia<\/td>\n<\/tr>\n<tr data-start=\"2835\" data-end=\"2947\">\n<td data-start=\"2835\" data-end=\"2869\" data-col-size=\"sm\"><strong data-start=\"2837\" data-end=\"2848\">Couleur<\/strong><\/td>\n<td data-start=\"2869\" data-end=\"2947\" data-col-size=\"md\">Flashwhite\u00b4n\u00b4black<\/td>\n<\/tr>\n<\/tbody>\n<\/table>\n<div class=\"sticky end-(--thread-content-margin) h-0 self-end select-none\">\n<div class=\"absolute end-0 flex items-end\"><\/div>\n<\/div>\n<\/div>\n<\/div>\n<p data-start=\"2949\" data-end=\"3052\">Pour plus de d\u00e9tails, consultez la <a class=\"cursor-pointer\" target=\"_new\" rel=\"noopener\" data-start=\"2984\" data-end=\"3051\">fiche technique officielle<\/a>.<\/p>\n<h2 data-start=\"3054\" data-end=\"3099\">3. Tableau comparatif des produits et prix<\/h2>\n<div class=\"_tableContainer_16hzy_1\">\n<div class=\"_tableWrapper_16hzy_14 group flex w-fit flex-col-reverse\" tabindex=\"-1\">\n<table class=\"w-fit min-w-(--thread-content-width)\" data-start=\"3101\" data-end=\"4080\">\n<thead data-start=\"3101\" data-end=\"3263\">\n<tr data-start=\"3101\" data-end=\"3263\">\n<th data-start=\"3101\" data-end=\"3135\" data-col-size=\"sm\"><strong data-start=\"3103\" data-end=\"3113\">Mod\u00e8le<\/strong><\/th>\n<th data-start=\"3135\" data-end=\"3150\" data-col-size=\"sm\"><strong data-start=\"3137\" data-end=\"3149\">Prix TTC<\/strong><\/th>\n<th data-start=\"3150\" data-end=\"3165\" data-col-size=\"sm\"><strong data-start=\"3152\" data-end=\"3164\">Batterie<\/strong><\/th>\n<th data-start=\"3165\" data-end=\"3184\" data-col-size=\"sm\"><strong data-start=\"3167\" data-end=\"3183\">Transmission<\/strong><\/th>\n<th data-start=\"3184\" data-end=\"3196\" data-col-size=\"sm\"><strong data-start=\"3186\" data-end=\"3195\">Poids<\/strong><\/th>\n<th data-start=\"3196\" data-end=\"3214\" data-col-size=\"sm\"><strong data-start=\"3198\" data-end=\"3213\">Charge max.<\/strong><\/th>\n<th data-start=\"3214\" data-end=\"3263\" data-col-size=\"md\"><strong data-start=\"3216\" data-end=\"3234\">Particularit\u00e9s<\/strong><\/th>\n<\/tr>\n<\/thead>\n<tbody data-start=\"3427\" data-end=\"4080\">\n<tr data-start=\"3427\" data-end=\"3589\">\n<td data-start=\"3427\" data-end=\"3461\" data-col-size=\"sm\"><strong data-start=\"3429\" data-end=\"3460\">Cube Cargo Hybrid Dual 1000<\/strong><\/td>\n<td data-col-size=\"sm\" data-start=\"3461\" data-end=\"3476\">6099 \u20ac<\/td>\n<td data-col-size=\"sm\" data-start=\"3476\" data-end=\"3491\">1000 Wh<\/td>\n<td data-col-size=\"sm\" data-start=\"3491\" data-end=\"3510\">Enviolo<\/td>\n<td data-col-size=\"sm\" data-start=\"3510\" data-end=\"3522\">51 kg<\/td>\n<td data-col-size=\"sm\" data-start=\"3522\" data-end=\"3540\">220 kg<\/td>\n<td data-col-size=\"md\" data-start=\"3540\" data-end=\"3589\">Double batterie, variation continue<\/td>\n<\/tr>\n<tr data-start=\"3590\" data-end=\"3752\">\n<td data-start=\"3590\" data-end=\"3624\" data-col-size=\"sm\"><strong data-start=\"3592\" data-end=\"3622\">Cube Cargo Sport Dual 1000<\/strong><\/td>\n<td data-col-size=\"sm\" data-start=\"3624\" data-end=\"3639\">~5\u202f200 \u20ac<\/td>\n<td data-col-size=\"sm\" data-start=\"3639\" data-end=\"3654\">1000 Wh<\/td>\n<td data-col-size=\"sm\" data-start=\"3654\" data-end=\"3673\">Shimano Deore 10V<\/td>\n<td data-col-size=\"sm\" data-start=\"3673\" data-end=\"3685\">49,5 kg<\/td>\n<td data-col-size=\"sm\" data-start=\"3685\" data-end=\"3703\">220 kg<\/td>\n<td data-col-size=\"md\" data-start=\"3703\" data-end=\"3752\">Transmission \u00e0 vitesses, plus l\u00e9ger<\/td>\n<\/tr>\n<tr data-start=\"3753\" data-end=\"3915\">\n<td data-start=\"3753\" data-end=\"3787\" data-col-size=\"sm\"><a href=\"https:\/\/unbonvelo.com\/produit\/velo-electrique-cargo-urban-arrow-family-75-nm-velo-cargo-professionnel\/\"><strong data-start=\"3755\" data-end=\"3777\">Urban Arrow Family<\/strong><\/a><\/td>\n<td data-col-size=\"sm\" data-start=\"3787\" data-end=\"3802\">~5\u202f500 \u20ac<\/td>\n<td data-col-size=\"sm\" data-start=\"3802\" data-end=\"3817\">500 Wh<\/td>\n<td data-col-size=\"sm\" data-start=\"3817\" data-end=\"3836\">Enviolo<\/td>\n<td data-col-size=\"sm\" data-start=\"3836\" data-end=\"3848\">50 kg<\/td>\n<td data-col-size=\"sm\" data-start=\"3848\" data-end=\"3866\">275 kg<\/td>\n<td data-col-size=\"md\" data-start=\"3866\" data-end=\"3915\">Capacit\u00e9 de charge sup\u00e9rieure, batterie unique<\/td>\n<\/tr>\n<tr data-start=\"3916\" data-end=\"4080\">\n<td data-start=\"3916\" data-end=\"3950\" data-col-size=\"sm\"><a href=\"https:\/\/unbonvelo.com\/produit\/velo-electrique-cargo-riese-muller-packster-70-velo-cargo-electrique-compact\/\"><strong data-start=\"3918\" data-end=\"3944\">Riese &amp; M\u00fcller Load 75<\/strong><\/a><\/td>\n<td data-col-size=\"sm\" data-start=\"3950\" data-end=\"3965\">~6\u202f500 \u20ac<\/td>\n<td data-col-size=\"sm\" data-start=\"3965\" data-end=\"3980\">1000 Wh<\/td>\n<td data-col-size=\"sm\" data-start=\"3980\" data-end=\"3999\">Rohloff 14V<\/td>\n<td data-col-size=\"sm\" data-start=\"3999\" data-end=\"4011\">52 kg<\/td>\n<td data-col-size=\"sm\" data-start=\"4011\" data-end=\"4029\">200 kg<\/td>\n<td data-col-size=\"md\" data-start=\"4029\" data-end=\"4080\">Suspension int\u00e9grale, transmission haut de gamme<\/td>\n<\/tr>\n<\/tbody>\n<\/table>\n<div class=\"sticky end-(--thread-content-margin) h-0 self-end select-none\">\n<div class=\"absolute end-0 flex items-end\"><\/div>\n<\/div>\n<\/div>\n<\/div>\n<p data-start=\"4082\" data-end=\"4148\"><em data-start=\"4082\" data-end=\"4148\">Les prix sont indicatifs et peuvent varier selon les revendeurs.<\/em><\/p>\n<h2 data-start=\"4150\" data-end=\"4200\">4. Description approfondie et atouts du produit<\/h2>\n<p data-start=\"4202\" data-end=\"4572\">Le <strong data-start=\"4205\" data-end=\"4236\">Cube Cargo Hybrid Dual 1000<\/strong> est con\u00e7u pour r\u00e9pondre aux besoins des professionnels de la livraison et des familles actives. Son <strong data-start=\"4337\" data-end=\"4369\">moteur Bosch Cargo Line Gen4<\/strong> offre une assistance puissante et fluide, id\u00e9ale pour les d\u00e9marrages en c\u00f4te ou les trajets charg\u00e9s. La <strong data-start=\"4474\" data-end=\"4504\">double batterie de 1000 Wh<\/strong> assure une autonomie \u00e9tendue, r\u00e9duisant la fr\u00e9quence des recharges.<\/p>\n<p data-start=\"4574\" data-end=\"4846\">La <strong data-start=\"4577\" data-end=\"4622\">transmission Enviolo \u00e0 variation continue<\/strong> permet des changements de vitesse sans \u00e0-coups, m\u00eame \u00e0 l&rsquo;arr\u00eat, le meilleur v\u00e9lo cargo electrique livraison offrant une conduite confortable en milieu urbain. Les <strong data-start=\"4742\" data-end=\"4772\">freins hydrauliques Magura<\/strong> garantissent un freinage efficace et s\u00e9curis\u00e9, m\u00eame sous charge maximale.<\/p>\n<p data-start=\"4848\" data-end=\"5102\">Le cadre en aluminium, associ\u00e9 \u00e0 une <strong data-start=\"4885\" data-end=\"4926\">fourche suspendue SR Suntour de 80 mm<\/strong>, absorbe les irr\u00e9gularit\u00e9s de la route, assurant un confort optimal. Les <strong data-start=\"5000\" data-end=\"5040\">pneus Schwalbe Pick-Up Super Defense<\/strong> offrent une excellente adh\u00e9rence, m\u00eame sur chauss\u00e9e mouill\u00e9e.<\/p>\n<p data-start=\"5104\" data-end=\"5283\">Des accessoires tels que le <strong data-start=\"5132\" data-end=\"5157\">porte-bagages arri\u00e8re<\/strong>, la <strong data-start=\"5162\" data-end=\"5181\">capote de pluie<\/strong> et le <strong data-start=\"5188\" data-end=\"5211\">si\u00e8ge enfant double<\/strong> sont disponibles en option, augmentant la polyvalence de ce v\u00e9lo cargo.<\/p>\n<p data-start=\"5800\" data-end=\"5991\">\n<h2 data-start=\"5993\" data-end=\"6002\">5. FAQ<\/h2>\n<p data-start=\"6004\" data-end=\"6212\"><strong data-start=\"6004\" data-end=\"6067\">Q : Quelle est l&rsquo;autonomie du Cube Cargo Hybrid Dual 1000 ?<\/strong><br data-start=\"6067\" data-end=\"6070\" \/><strong data-start=\"6070\" data-end=\"6077\">R :<\/strong> Gr\u00e2ce \u00e0 sa double batterie de 1000 Wh, l&rsquo;autonomie peut atteindre jusqu&rsquo;\u00e0 100 km, selon le mode d&rsquo;assistance et la charge transport\u00e9e.<\/p>\n<p data-start=\"6214\" data-end=\"6382\"><strong data-start=\"6214\" data-end=\"6268\">Q : Peut-on transporter des enfants avec ce v\u00e9lo ?<\/strong><br data-start=\"6268\" data-end=\"6271\" \/><strong data-start=\"6271\" data-end=\"6278\">R :<\/strong> Oui, avec le <strong data-start=\"6292\" data-end=\"6315\">si\u00e8ge enfant double<\/strong> en option, vous pouvez transporter deux enfants en toute s\u00e9curit\u00e9.<\/p>\n<p data-start=\"6384\" data-end=\"6560\"><strong data-start=\"6384\" data-end=\"6436\">Q : Le v\u00e9lo est-il adapt\u00e9 aux trajets en ville ?<\/strong><br data-start=\"6436\" data-end=\"6439\" \/><strong data-start=\"6439\" data-end=\"6446\">R :<\/strong> Absolument, sa maniabilit\u00e9, sa stabilit\u00e9 et ses \u00e9quipements en font un choix id\u00e9al pour les d\u00e9placements urbains.<\/p>\n<p data-start=\"6562\" data-end=\"6784\"><strong data-start=\"6562\" data-end=\"6610\">Q : Quels sont les accessoires disponibles ?<\/strong><br data-start=\"6610\" data-end=\"6613\" \/><strong data-start=\"6613\" data-end=\"6620\">R :<\/strong> Des accessoires tels que la <strong data-start=\"6649\" data-end=\"6668\">capote de pluie<\/strong>, le <strong data-start=\"6673\" data-end=\"6698\">porte-bagages arri\u00e8re<\/strong> et le <strong data-start=\"6705\" data-end=\"6728\">si\u00e8ge enfant double<\/strong> sont disponibles pour augmenter la polyvalence du v\u00e9lo.<\/p>\n<p data-start=\"6786\" data-end=\"6969\"><strong data-start=\"6786\" data-end=\"6842\">Q : Existe-t-il des aides financi\u00e8res pour l&rsquo;achat ?<\/strong><br data-start=\"6842\" data-end=\"6845\" \/><strong data-start=\"6845\" data-end=\"6852\">R :<\/strong> Oui, plusieurs aides sont disponibles selon votre r\u00e9gion. Consultez les dispositifs locaux pour plus d&rsquo;informations.<\/p>\n<p>Views: 0<\/p>","protected":false},"excerpt":{"rendered":"<p>cube Cargo Hybrid Dual 1000 \u00c0 la recherche du meilleur v\u00e9lo cargo electrique livraison\u00a0? Le Cube Cargo Hybrid Dual 1000<\/p>\n","protected":false},"featured_media":21156,"comment_status":"open","ping_status":"closed","template":"","meta":[],"product_brand":[706],"product_cat":[434],"product_tag":[],"class_list":{"0":"post-21157","1":"product","2":"type-product","3":"status-publish","4":"has-post-thumbnail","6":"product_brand-7abdf0d4f0","7":"product_cat-velos-electrique-bh","9":"first","10":"instock","11":"taxable","12":"shipping-taxable","13":"product-type-simple"},"yoast_head":"<!-- This site is optimized with the Yoast SEO plugin v27.5 - https:\/\/yoast.com\/product\/yoast-seo-wordpress\/ -->\n<title>Cube Cargo Hybrid Dual 1000 : V\u00e9lo Cargo \u00c9lectrique Id\u00e9al - e-veloboutique.fr<\/title>\n<meta name=\"description\" content=\"D\u00e9couvrez le Cube Cargo Hybrid Dual 1000, le meilleur v\u00e9lo cargo electrique pour la livraison, avec double batterie et capacit\u00e9 de 220 kg.\" \/>\n<meta name=\"robots\" content=\"index, follow, max-snippet:-1, max-image-preview:large, max-video-preview:-1\" \/>\n<link rel=\"canonical\" href=\"https:\/\/e-veloboutique.fr\/?product=velo-electrique-cargo-longtail-cube-cargo-hybrid-dual-1000\" \/>\n<meta property=\"og:locale\" content=\"fr_FR\" \/>\n<meta property=\"og:type\" content=\"article\" \/>\n<meta property=\"og:title\" content=\"Cube Cargo Hybrid Dual 1000 : V\u00e9lo Cargo \u00c9lectrique Id\u00e9al - e-veloboutique.fr\" \/>\n<meta property=\"og:description\" content=\"D\u00e9couvrez le Cube Cargo Hybrid Dual 1000, le meilleur v\u00e9lo cargo electrique pour la livraison, avec double batterie et capacit\u00e9 de 220 kg.\" \/>\n<meta property=\"og:url\" content=\"https:\/\/e-veloboutique.fr\/?product=velo-electrique-cargo-longtail-cube-cargo-hybrid-dual-1000\" \/>\n<meta property=\"og:site_name\" content=\"e-veloboutique.fr\" \/>\n<meta property=\"article:modified_time\" content=\"2025-06-12T10:56:36+00:00\" \/>\n<meta property=\"og:image\" content=\"https:\/\/e-veloboutique.fr\/wp-content\/uploads\/2025\/06\/Velo-Electrique-CargoLongtail-Cube-Cargo-Hybrid-Dual-1000-scaled-1.jpg\" \/>\n\t<meta property=\"og:image:width\" content=\"1600\" \/>\n\t<meta property=\"og:image:height\" content=\"763\" \/>\n\t<meta property=\"og:image:type\" content=\"image\/jpeg\" \/>\n<meta name=\"twitter:card\" content=\"summary_large_image\" \/>\n<meta name=\"twitter:label1\" content=\"Dur\u00e9e de lecture estim\u00e9e\" \/>\n\t<meta name=\"twitter:data1\" content=\"4 minutes\" \/>\n<script type=\"application\/ld+json\" class=\"yoast-schema-graph\">{\"@context\":\"https:\\\/\\\/schema.org\",\"@graph\":[{\"@type\":\"WebPage\",\"@id\":\"https:\\\/\\\/e-veloboutique.fr\\\/?product=velo-electrique-cargo-longtail-cube-cargo-hybrid-dual-1000\",\"url\":\"https:\\\/\\\/e-veloboutique.fr\\\/?product=velo-electrique-cargo-longtail-cube-cargo-hybrid-dual-1000\",\"name\":\"Cube Cargo Hybrid Dual 1000 : V\u00e9lo Cargo \u00c9lectrique Id\u00e9al - e-veloboutique.fr\",\"isPartOf\":{\"@id\":\"https:\\\/\\\/e-veloboutique.fr\\\/#website\"},\"primaryImageOfPage\":{\"@id\":\"https:\\\/\\\/e-veloboutique.fr\\\/?product=velo-electrique-cargo-longtail-cube-cargo-hybrid-dual-1000#primaryimage\"},\"image\":{\"@id\":\"https:\\\/\\\/e-veloboutique.fr\\\/?product=velo-electrique-cargo-longtail-cube-cargo-hybrid-dual-1000#primaryimage\"},\"thumbnailUrl\":\"https:\\\/\\\/e-veloboutique.fr\\\/wp-content\\\/uploads\\\/2025\\\/06\\\/Velo-Electrique-CargoLongtail-Cube-Cargo-Hybrid-Dual-1000-scaled-1.jpg\",\"datePublished\":\"2025-06-12T10:56:27+00:00\",\"dateModified\":\"2025-06-12T10:56:36+00:00\",\"description\":\"D\u00e9couvrez le Cube Cargo Hybrid Dual 1000, le meilleur v\u00e9lo cargo electrique pour la livraison, avec double batterie et capacit\u00e9 de 220 kg.\",\"breadcrumb\":{\"@id\":\"https:\\\/\\\/e-veloboutique.fr\\\/?product=velo-electrique-cargo-longtail-cube-cargo-hybrid-dual-1000#breadcrumb\"},\"inLanguage\":\"fr-FR\",\"potentialAction\":[{\"@type\":\"ReadAction\",\"target\":[\"https:\\\/\\\/e-veloboutique.fr\\\/?product=velo-electrique-cargo-longtail-cube-cargo-hybrid-dual-1000\"]}]},{\"@type\":\"ImageObject\",\"inLanguage\":\"fr-FR\",\"@id\":\"https:\\\/\\\/e-veloboutique.fr\\\/?product=velo-electrique-cargo-longtail-cube-cargo-hybrid-dual-1000#primaryimage\",\"url\":\"https:\\\/\\\/e-veloboutique.fr\\\/wp-content\\\/uploads\\\/2025\\\/06\\\/Velo-Electrique-CargoLongtail-Cube-Cargo-Hybrid-Dual-1000-scaled-1.jpg\",\"contentUrl\":\"https:\\\/\\\/e-veloboutique.fr\\\/wp-content\\\/uploads\\\/2025\\\/06\\\/Velo-Electrique-CargoLongtail-Cube-Cargo-Hybrid-Dual-1000-scaled-1.jpg\",\"width\":1600,\"height\":763},{\"@type\":\"BreadcrumbList\",\"@id\":\"https:\\\/\\\/e-veloboutique.fr\\\/?product=velo-electrique-cargo-longtail-cube-cargo-hybrid-dual-1000#breadcrumb\",\"itemListElement\":[{\"@type\":\"ListItem\",\"position\":1,\"name\":\"Accueil\",\"item\":\"https:\\\/\\\/e-veloboutique.fr\\\/\"},{\"@type\":\"ListItem\",\"position\":2,\"name\":\"Produits\",\"item\":\"https:\\\/\\\/e-veloboutique.fr\\\/shop\\\/\"},{\"@type\":\"ListItem\",\"position\":3,\"name\":\"Velos electrique BH\",\"item\":\"https:\\\/\\\/e-veloboutique.fr\\\/?product_cat=velos-electrique-bh\"},{\"@type\":\"ListItem\",\"position\":4,\"name\":\"V\u00e9lo Electrique Cargo\\\/Longtail -Cube Cargo Hybrid Dual 1000\"}]},{\"@type\":\"WebSite\",\"@id\":\"https:\\\/\\\/e-veloboutique.fr\\\/#website\",\"url\":\"https:\\\/\\\/e-veloboutique.fr\\\/\",\"name\":\"E-velos\",\"description\":\"\",\"publisher\":{\"@id\":\"https:\\\/\\\/e-veloboutique.fr\\\/#organization\"},\"potentialAction\":[{\"@type\":\"SearchAction\",\"target\":{\"@type\":\"EntryPoint\",\"urlTemplate\":\"https:\\\/\\\/e-veloboutique.fr\\\/?s={search_term_string}\"},\"query-input\":{\"@type\":\"PropertyValueSpecification\",\"valueRequired\":true,\"valueName\":\"search_term_string\"}}],\"inLanguage\":\"fr-FR\"},{\"@type\":\"Organization\",\"@id\":\"https:\\\/\\\/e-veloboutique.fr\\\/#organization\",\"name\":\"e-veloboutique.fr\",\"url\":\"https:\\\/\\\/e-veloboutique.fr\\\/\",\"logo\":{\"@type\":\"ImageObject\",\"inLanguage\":\"fr-FR\",\"@id\":\"https:\\\/\\\/e-veloboutique.fr\\\/#\\\/schema\\\/logo\\\/image\\\/\",\"url\":\"https:\\\/\\\/e-veloboutique.fr\\\/wp-content\\\/uploads\\\/2024\\\/12\\\/evelos-boutique.jpg\",\"contentUrl\":\"https:\\\/\\\/e-veloboutique.fr\\\/wp-content\\\/uploads\\\/2024\\\/12\\\/evelos-boutique.jpg\",\"width\":75,\"height\":75,\"caption\":\"e-veloboutique.fr\"},\"image\":{\"@id\":\"https:\\\/\\\/e-veloboutique.fr\\\/#\\\/schema\\\/logo\\\/image\\\/\"}}]}<\/script>\n<!-- \/ Yoast SEO plugin. -->","yoast_head_json":{"title":"Cube Cargo Hybrid Dual 1000 : V\u00e9lo Cargo \u00c9lectrique Id\u00e9al - e-veloboutique.fr","description":"D\u00e9couvrez le Cube Cargo Hybrid Dual 1000, le meilleur v\u00e9lo cargo electrique pour la livraison, avec double batterie et capacit\u00e9 de 220 kg.","robots":{"index":"index","follow":"follow","max-snippet":"max-snippet:-1","max-image-preview":"max-image-preview:large","max-video-preview":"max-video-preview:-1"},"canonical":"https:\/\/e-veloboutique.fr\/?product=velo-electrique-cargo-longtail-cube-cargo-hybrid-dual-1000","og_locale":"fr_FR","og_type":"article","og_title":"Cube Cargo Hybrid Dual 1000 : V\u00e9lo Cargo \u00c9lectrique Id\u00e9al - e-veloboutique.fr","og_description":"D\u00e9couvrez le Cube Cargo Hybrid Dual 1000, le meilleur v\u00e9lo cargo electrique pour la livraison, avec double batterie et capacit\u00e9 de 220 kg.","og_url":"https:\/\/e-veloboutique.fr\/?product=velo-electrique-cargo-longtail-cube-cargo-hybrid-dual-1000","og_site_name":"e-veloboutique.fr","article_modified_time":"2025-06-12T10:56:36+00:00","og_image":[{"width":1600,"height":763,"url":"https:\/\/e-veloboutique.fr\/wp-content\/uploads\/2025\/06\/Velo-Electrique-CargoLongtail-Cube-Cargo-Hybrid-Dual-1000-scaled-1.jpg","type":"image\/jpeg"}],"twitter_card":"summary_large_image","twitter_misc":{"Dur\u00e9e de lecture estim\u00e9e":"4 minutes"},"schema":{"@context":"https:\/\/schema.org","@graph":[{"@type":"WebPage","@id":"https:\/\/e-veloboutique.fr\/?product=velo-electrique-cargo-longtail-cube-cargo-hybrid-dual-1000","url":"https:\/\/e-veloboutique.fr\/?product=velo-electrique-cargo-longtail-cube-cargo-hybrid-dual-1000","name":"Cube Cargo Hybrid Dual 1000 : V\u00e9lo Cargo \u00c9lectrique Id\u00e9al - e-veloboutique.fr","isPartOf":{"@id":"https:\/\/e-veloboutique.fr\/#website"},"primaryImageOfPage":{"@id":"https:\/\/e-veloboutique.fr\/?product=velo-electrique-cargo-longtail-cube-cargo-hybrid-dual-1000#primaryimage"},"image":{"@id":"https:\/\/e-veloboutique.fr\/?product=velo-electrique-cargo-longtail-cube-cargo-hybrid-dual-1000#primaryimage"},"thumbnailUrl":"https:\/\/e-veloboutique.fr\/wp-content\/uploads\/2025\/06\/Velo-Electrique-CargoLongtail-Cube-Cargo-Hybrid-Dual-1000-scaled-1.jpg","datePublished":"2025-06-12T10:56:27+00:00","dateModified":"2025-06-12T10:56:36+00:00","description":"D\u00e9couvrez le Cube Cargo Hybrid Dual 1000, le meilleur v\u00e9lo cargo electrique pour la livraison, avec double batterie et capacit\u00e9 de 220 kg.","breadcrumb":{"@id":"https:\/\/e-veloboutique.fr\/?product=velo-electrique-cargo-longtail-cube-cargo-hybrid-dual-1000#breadcrumb"},"inLanguage":"fr-FR","potentialAction":[{"@type":"ReadAction","target":["https:\/\/e-veloboutique.fr\/?product=velo-electrique-cargo-longtail-cube-cargo-hybrid-dual-1000"]}]},{"@type":"ImageObject","inLanguage":"fr-FR","@id":"https:\/\/e-veloboutique.fr\/?product=velo-electrique-cargo-longtail-cube-cargo-hybrid-dual-1000#primaryimage","url":"https:\/\/e-veloboutique.fr\/wp-content\/uploads\/2025\/06\/Velo-Electrique-CargoLongtail-Cube-Cargo-Hybrid-Dual-1000-scaled-1.jpg","contentUrl":"https:\/\/e-veloboutique.fr\/wp-content\/uploads\/2025\/06\/Velo-Electrique-CargoLongtail-Cube-Cargo-Hybrid-Dual-1000-scaled-1.jpg","width":1600,"height":763},{"@type":"BreadcrumbList","@id":"https:\/\/e-veloboutique.fr\/?product=velo-electrique-cargo-longtail-cube-cargo-hybrid-dual-1000#breadcrumb","itemListElement":[{"@type":"ListItem","position":1,"name":"Accueil","item":"https:\/\/e-veloboutique.fr\/"},{"@type":"ListItem","position":2,"name":"Produits","item":"https:\/\/e-veloboutique.fr\/shop\/"},{"@type":"ListItem","position":3,"name":"Velos electrique BH","item":"https:\/\/e-veloboutique.fr\/?product_cat=velos-electrique-bh"},{"@type":"ListItem","position":4,"name":"V\u00e9lo Electrique Cargo\/Longtail -Cube Cargo Hybrid Dual 1000"}]},{"@type":"WebSite","@id":"https:\/\/e-veloboutique.fr\/#website","url":"https:\/\/e-veloboutique.fr\/","name":"E-velos","description":"","publisher":{"@id":"https:\/\/e-veloboutique.fr\/#organization"},"potentialAction":[{"@type":"SearchAction","target":{"@type":"EntryPoint","urlTemplate":"https:\/\/e-veloboutique.fr\/?s={search_term_string}"},"query-input":{"@type":"PropertyValueSpecification","valueRequired":true,"valueName":"search_term_string"}}],"inLanguage":"fr-FR"},{"@type":"Organization","@id":"https:\/\/e-veloboutique.fr\/#organization","name":"e-veloboutique.fr","url":"https:\/\/e-veloboutique.fr\/","logo":{"@type":"ImageObject","inLanguage":"fr-FR","@id":"https:\/\/e-veloboutique.fr\/#\/schema\/logo\/image\/","url":"https:\/\/e-veloboutique.fr\/wp-content\/uploads\/2024\/12\/evelos-boutique.jpg","contentUrl":"https:\/\/e-veloboutique.fr\/wp-content\/uploads\/2024\/12\/evelos-boutique.jpg","width":75,"height":75,"caption":"e-veloboutique.fr"},"image":{"@id":"https:\/\/e-veloboutique.fr\/#\/schema\/logo\/image\/"}}]}},"_links":{"self":[{"href":"https:\/\/e-veloboutique.fr\/index.php?rest_route=\/wp\/v2\/product\/21157","targetHints":{"allow":["GET"]}}],"collection":[{"href":"https:\/\/e-veloboutique.fr\/index.php?rest_route=\/wp\/v2\/product"}],"about":[{"href":"https:\/\/e-veloboutique.fr\/index.php?rest_route=\/wp\/v2\/types\/product"}],"replies":[{"embeddable":true,"href":"https:\/\/e-veloboutique.fr\/index.php?rest_route=%2Fwp%2Fv2%2Fcomments&post=21157"}],"version-history":[{"count":0,"href":"https:\/\/e-veloboutique.fr\/index.php?rest_route=\/wp\/v2\/product\/21157\/revisions"}],"wp:featuredmedia":[{"embeddable":true,"href":"https:\/\/e-veloboutique.fr\/index.php?rest_route=\/wp\/v2\/media\/21156"}],"wp:attachment":[{"href":"https:\/\/e-veloboutique.fr\/index.php?rest_route=%2Fwp%2Fv2%2Fmedia&parent=21157"}],"wp:term":[{"taxonomy":"product_brand","embeddable":true,"href":"https:\/\/e-veloboutique.fr\/index.php?rest_route=%2Fwp%2Fv2%2Fproduct_brand&post=21157"},{"taxonomy":"product_cat","embeddable":true,"href":"https:\/\/e-veloboutique.fr\/index.php?rest_route=%2Fwp%2Fv2%2Fproduct_cat&post=21157"},{"taxonomy":"product_tag","embeddable":true,"href":"https:\/\/e-veloboutique.fr\/index.php?rest_route=%2Fwp%2Fv2%2Fproduct_tag&post=21157"}],"curies":[{"name":"wp","href":"https:\/\/api.w.org\/{rel}","templated":true}]}}