{"id":26137,"date":"2025-06-12T15:21:54","date_gmt":"2025-06-12T15:21:54","guid":{"rendered":"https:\/\/e-veloboutique.fr\/home\/non%20class\u00e9\/vtt-electrique-lapierre-overvolt-am-7-7-3\/"},"modified":"2025-12-06T12:02:50","modified_gmt":"2025-12-06T12:02:50","slug":"vtt-lapierre-electrique-grande-autonomie-overvolt-am-7-7","status":"publish","type":"product","link":"https:\/\/e-veloboutique.fr\/?product=vtt-lapierre-electrique-grande-autonomie-overvolt-am-7-7","title":{"rendered":"VTT \u00e9lectrique tout-suspendu Lapierre Overvolt AM 7.7"},"content":{"rendered":"<p data-start=\"312\" data-end=\"655\">Le mod\u00e8le <strong data-start=\"322\" data-end=\"350\">Lapierre Overvolt AM 7.7<\/strong> est un <a href=\"https:\/\/e-veloboutique.fr\/vtt-electrique-pas-cher-mais-performant-notre-top-10\/\"><strong data-start=\"358\" data-end=\"390\">VTT \u00e9lectrique tout-suspendu<\/strong><\/a> (e-MTB Full Suspension) con\u00e7u pour les pratiquants exigeants, adeptes de l\u2019All-Mountain et de l\u2019enduro. Avec son excellente autonomie et son \u00e9quipement haut de gamme, il s\u2019impose comme une r\u00e9f\u00e9rence dans la cat\u00e9gorie \u00ab vtt lapierre \u00e9lectrique grande autonomie \u00bb.<\/p>\n<p data-start=\"657\" data-end=\"1150\">Gr\u00e2ce \u00e0 son puissant moteur central et \u00e0 sa batterie int\u00e9gr\u00e9e de grande capacit\u00e9, ce VTT \u00e9lectrique offre une autonomie remarquable, permettant d\u2019encha\u00eener de longues sorties sans inqui\u00e9tude. Le cadre en aluminium Supreme 5, les d\u00e9battements g\u00e9n\u00e9reux (170 mm \u00e0 l\u2019avant et \u00e0 l\u2019arri\u00e8re) et la g\u00e9om\u00e9trie \u00ab mullet \u00bb (roue 29\u2033 \u00e0 l\u2019avant \/ 27,5\u2033 \u00e0 l\u2019arri\u00e8re) assurent une excellente ma\u00eetrise sur terrain technique, tout en conservant du dynamisme et du confort.<\/p>\n<p data-start=\"1152\" data-end=\"1464\">Les composants ont \u00e9t\u00e9 soigneusement choisis : transmission 12 vitesses, freins hydrauliques haut de gamme, pneus larges con\u00e7us pour l\u2019adh\u00e9rence et la durabilit\u00e9. Cette combinaison donne un v\u00e9lo capable de vous emmener tr\u00e8s loin \u2014 ce qui renforce le positionnement \u00ab vtt lapierre \u00e9lectrique grande autonomie \u00bb.<\/p>\n<div class=\"no-scrollbar flex min-h-36 flex-nowrap gap-0.5 overflow-auto sm:gap-1 sm:overflow-hidden xl:min-h-44 mt-1 mb-5 [&amp;:not(:first-child)]:mt-4\">\n<div class=\"border-token-border-default relative w-32 shrink-0 overflow-hidden rounded-xl border-[0.5px] md:shrink max-h-64 sm:w-[calc((100%-0.5rem)\/3)] rounded-s-xl\">\n<div><img fetchpriority=\"high\" decoding=\"async\" class=\"bg-token-main-surface-tertiary absolute inset-0 m-0 h-full w-full object-cover alignnone\" src=\"https:\/\/www.ebikeworldsrl.it\/cdn\/shop\/files\/Overvolt-AM-7.7-Lapierre-MY24-Cover_87b54f74-2e53-4971-a845-550c1b6ea9bd.webp?v=1729001417\" alt=\"VTT Lapierre \u00c9lectrique Grande Autonomie : Overvolt AM 7.7\" width=\"1200\" height=\"800\" \/><\/div>\n<\/div>\n<div class=\"border-token-border-default relative w-32 shrink-0 overflow-hidden rounded-xl border-[0.5px] md:shrink max-h-64 sm:w-[calc((100%-0.5rem)\/3)]\"><\/div>\n<div class=\"border-token-border-default relative w-32 shrink-0 overflow-hidden rounded-xl border-[0.5px] md:shrink max-h-64 sm:w-[calc((100%-0.5rem)\/3)] rounded-e-xl\"><\/div>\n<\/div>\n<h2 data-start=\"1835\" data-end=\"1857\">Tableau technique<\/h2>\n<div class=\"TyagGW_tableContainer\">\n<div class=\"group TyagGW_tableWrapper flex w-fit flex-col-reverse\" tabindex=\"-1\">\n<table class=\"w-fit min-w-(--thread-content-width)\" data-start=\"1858\" data-end=\"4437\">\n<thead data-start=\"1858\" data-end=\"1960\">\n<tr data-start=\"1858\" data-end=\"1960\">\n<th data-start=\"1858\" data-end=\"1879\" data-col-size=\"sm\">\u00c9l\u00e9ment<\/th>\n<th data-start=\"1879\" data-end=\"1960\" data-col-size=\"md\">Sp\u00e9cification<\/th>\n<\/tr>\n<\/thead>\n<tbody data-start=\"2064\" data-end=\"4437\">\n<tr data-start=\"2064\" data-end=\"2166\">\n<td data-start=\"2064\" data-end=\"2086\" data-col-size=\"sm\">Type de produit<\/td>\n<td data-start=\"2086\" data-end=\"2166\" data-col-size=\"md\"><a href=\"https:\/\/e-veloboutique.fr\/vtt-electrique-tout-suspendu-notre-selection-des-10-modeles-phares\/\"><strong>VTT \u00e9lectrique tout suspendu<\/strong><\/a> (e-MTB \/ Fully)<\/td>\n<\/tr>\n<tr data-start=\"2167\" data-end=\"2270\">\n<td data-start=\"2167\" data-end=\"2189\" data-col-size=\"sm\">Tailles<\/td>\n<td data-start=\"2189\" data-end=\"2270\" data-col-size=\"md\">S, M, L, XL<\/td>\n<\/tr>\n<tr data-start=\"2271\" data-end=\"2399\">\n<td data-start=\"2271\" data-end=\"2293\" data-col-size=\"sm\">Moteur<\/td>\n<td data-start=\"2293\" data-end=\"2399\" data-col-size=\"md\">Moteur central Bosch Performance Line CX (\u2248 250 W \/ 85 Nm)<\/td>\n<\/tr>\n<tr data-start=\"2400\" data-end=\"2505\">\n<td data-start=\"2400\" data-end=\"2422\" data-col-size=\"sm\">Cadre<\/td>\n<td data-col-size=\"md\" data-start=\"2422\" data-end=\"2505\">Aluminium Supreme 5 (int\u00e9gration batterie)<\/td>\n<\/tr>\n<tr data-start=\"2506\" data-end=\"2618\">\n<td data-start=\"2506\" data-end=\"2528\" data-col-size=\"sm\">Fourche<\/td>\n<td data-col-size=\"md\" data-start=\"2528\" data-end=\"2618\">RockShox ZEB Charger R 170 mm<\/td>\n<\/tr>\n<tr data-start=\"2619\" data-end=\"2729\">\n<td data-start=\"2619\" data-end=\"2641\" data-col-size=\"sm\">Roues<\/td>\n<td data-start=\"2641\" data-end=\"2729\" data-col-size=\"md\">29\u2033 \u00e0 l\u2019avant \/ 27,5\u2033 \u00e0 l\u2019arri\u00e8re (mullet eAM+)<\/td>\n<\/tr>\n<tr data-start=\"2730\" data-end=\"2888\">\n<td data-start=\"2730\" data-end=\"2752\" data-col-size=\"sm\">Pneus<\/td>\n<td data-start=\"2752\" data-end=\"2888\" data-col-size=\"md\">Ex : Schwalbe Magic Mary Evo 29\u00d72.5 (avant) \/ Big Betty 27.5\u00d72.8 (arri\u00e8re)<\/td>\n<\/tr>\n<tr data-start=\"2889\" data-end=\"3004\">\n<td data-start=\"2889\" data-end=\"2911\" data-col-size=\"sm\">Cassette<\/td>\n<td data-col-size=\"md\" data-start=\"2911\" data-end=\"3004\">SRAM PG1230 Eagle 11-50T 12 vitesses<\/td>\n<\/tr>\n<tr data-start=\"3005\" data-end=\"3132\">\n<td data-start=\"3005\" data-end=\"3027\" data-col-size=\"sm\">P\u00e9dalier<\/td>\n<td data-col-size=\"md\" data-start=\"3027\" data-end=\"3132\">E13 E-spec+ + SRAM X-SYNC 2 34T<\/td>\n<\/tr>\n<tr data-start=\"3133\" data-end=\"3248\">\n<td data-start=\"3133\" data-end=\"3155\" data-col-size=\"sm\">D\u00e9railleur arri\u00e8re<\/td>\n<td data-col-size=\"md\" data-start=\"3155\" data-end=\"3248\">SRAM GX Lunar Eagle 12 vitesses<\/td>\n<\/tr>\n<tr data-start=\"3249\" data-end=\"3373\">\n<td data-start=\"3249\" data-end=\"3271\" data-col-size=\"sm\">Manettes<\/td>\n<td data-col-size=\"md\" data-start=\"3271\" data-end=\"3373\">SRAM Eagle 12 vitesses<\/td>\n<\/tr>\n<tr data-start=\"3374\" data-end=\"3521\">\n<td data-start=\"3374\" data-end=\"3396\" data-col-size=\"sm\">Freins<\/td>\n<td data-start=\"3396\" data-end=\"3521\" data-col-size=\"md\">Freins \u00e0 disque hydrauliques, par exemple SRAM G2 RE 4-pistons, disques 220\/200 mm<\/td>\n<\/tr>\n<tr data-start=\"3522\" data-end=\"3648\">\n<td data-start=\"3522\" data-end=\"3544\" data-col-size=\"sm\">Selle<\/td>\n<td data-start=\"3544\" data-end=\"3648\" data-col-size=\"md\">Fizik Terra Aidon X5 145 mm<\/td>\n<\/tr>\n<tr data-start=\"3649\" data-end=\"3805\">\n<td data-start=\"3649\" data-end=\"3671\" data-col-size=\"sm\">Tige de selle<\/td>\n<td data-start=\"3671\" data-end=\"3805\" data-col-size=\"md\">Tige de selle t\u00e9lescopique (dropper) Lapierre \u00d8 31,6mm + commande<\/td>\n<\/tr>\n<tr data-start=\"3806\" data-end=\"3934\">\n<td data-start=\"3806\" data-end=\"3828\" data-col-size=\"sm\">Potence<\/td>\n<td data-start=\"3828\" data-end=\"3934\" data-col-size=\"md\">Lapierre CNC \u00d8 31,8mm, longueur selon taille<\/td>\n<\/tr>\n<tr data-start=\"3935\" data-end=\"4069\">\n<td data-start=\"3935\" data-end=\"3957\" data-col-size=\"sm\">Cintre<\/td>\n<td data-col-size=\"md\" data-start=\"3957\" data-end=\"4069\">Lapierre alloy 6061-DB, largeur ~780-800 mm selon taille<\/td>\n<\/tr>\n<tr data-start=\"4070\" data-end=\"4191\">\n<td data-start=\"4070\" data-end=\"4092\" data-col-size=\"sm\">Batterie<\/td>\n<td data-start=\"4092\" data-end=\"4191\" data-col-size=\"md\">Int\u00e9gr\u00e9e Bosch Powertube 750 Wh<\/td>\n<\/tr>\n<tr data-start=\"4192\" data-end=\"4320\">\n<td data-start=\"4192\" data-end=\"4214\" data-col-size=\"sm\">Affichage<\/td>\n<td data-start=\"4214\" data-end=\"4320\" data-col-size=\"md\">Bosch Purion 200 ou LED Remote selon version<\/td>\n<\/tr>\n<tr data-start=\"4321\" data-end=\"4437\">\n<td data-start=\"4321\" data-end=\"4343\" data-col-size=\"sm\">Gamme \/ Ann\u00e9e<\/td>\n<td data-start=\"4343\" data-end=\"4437\" data-col-size=\"md\">Gamme 2024 (\u00e9galement version 2023)<\/td>\n<\/tr>\n<\/tbody>\n<\/table>\n<\/div>\n<\/div>\n<div class=\"no-scrollbar flex min-h-36 flex-nowrap gap-0.5 overflow-auto sm:gap-1 sm:overflow-hidden xl:min-h-44 mt-1 mb-5 [&amp;:not(:first-child)]:mt-4\">\n<div class=\"border-token-border-default relative w-32 shrink-0 overflow-hidden rounded-xl border-[0.5px] md:shrink max-h-64 sm:w-[calc((100%-0.5rem)\/3)] rounded-s-xl\"><\/div>\n<div class=\"border-token-border-default relative w-32 shrink-0 overflow-hidden rounded-xl border-[0.5px] md:shrink max-h-64 sm:w-[calc((100%-0.5rem)\/3)]\"><\/div>\n<div class=\"border-token-border-default relative w-32 shrink-0 overflow-hidden rounded-xl border-[0.5px] md:shrink max-h-64 sm:w-[calc((100%-0.5rem)\/3)] rounded-e-xl\"><\/div>\n<\/div>\n<h2 data-start=\"4488\" data-end=\"4511\">Tableau comparatif<\/h2>\n<table class=\"w-fit min-w-(--thread-content-width)\" data-start=\"263\" data-end=\"2040\">\n<thead data-start=\"263\" data-end=\"403\">\n<tr data-start=\"263\" data-end=\"403\">\n<th data-start=\"263\" data-end=\"272\" data-col-size=\"sm\">Mod\u00e8le<\/th>\n<th data-start=\"272\" data-end=\"290\" data-col-size=\"md\">Moteur \/ Couple<\/th>\n<th data-start=\"290\" data-end=\"301\" data-col-size=\"md\">Batterie<\/th>\n<th data-start=\"301\" data-end=\"316\" data-col-size=\"md\">Transmission<\/th>\n<th data-start=\"316\" data-end=\"339\" data-col-size=\"md\">Suspension (AV \/ AR)<\/th>\n<th data-start=\"339\" data-end=\"366\" data-col-size=\"md\">Poids \/ Mati\u00e8re du cadre<\/th>\n<th data-start=\"366\" data-end=\"403\" data-col-size=\"md\">Prix constructeur conseill\u00e9 (TTC)<\/th>\n<\/tr>\n<\/thead>\n<tbody data-start=\"434\" data-end=\"2040\">\n<tr data-start=\"434\" data-end=\"895\">\n<td data-start=\"434\" data-end=\"465\" data-col-size=\"sm\"><strong data-start=\"436\" data-end=\"464\">Lapierre Overvolt AM 7.7<\/strong><\/td>\n<td data-col-size=\"md\" data-start=\"465\" data-end=\"554\">Bosch Performance Line CX, 250\u202fW nominal \/ 85\u202fNm<\/td>\n<td data-col-size=\"md\" data-start=\"554\" data-end=\"601\">750\u202fWh<\/td>\n<td data-col-size=\"md\" data-start=\"601\" data-end=\"666\">SRAM 1\u00d712 (X01\/GX Eagle)<\/td>\n<td data-col-size=\"md\" data-start=\"666\" data-end=\"753\">170\u202fmm (fourche RockShox ZEB) \/ 160\u202fmm arri\u00e8re<\/td>\n<td data-col-size=\"md\" data-start=\"753\" data-end=\"831\">~\u202f26,9\u202fkg \u2014 cadre aluminium Supreme\u202f5<\/td>\n<td data-col-size=\"md\" data-start=\"831\" data-end=\"895\">6\u202f199\u202f\u20ac (version 2024)<\/td>\n<\/tr>\n<tr data-start=\"896\" data-end=\"1451\">\n<td data-start=\"896\" data-end=\"936\" data-col-size=\"sm\"><strong data-start=\"898\" data-end=\"935\">Specialized Turbo Levo Comp Alloy<\/strong><\/td>\n<td data-col-size=\"md\" data-start=\"936\" data-end=\"1040\">Specialized 2.2\u202fCustom Rx Trail\u2011Tuned Motor, 90\u202fNm, pic \u00b1\u202f565\u202fW<\/td>\n<td data-col-size=\"md\" data-start=\"1040\" data-end=\"1116\">700\u202fWh int\u00e9gr\u00e9e (batterie M3\u2011700)<\/td>\n<td data-col-size=\"md\" data-start=\"1116\" data-end=\"1179\">SRAM 1\u00d712 (GX Eagle)<\/td>\n<td data-col-size=\"md\" data-start=\"1179\" data-end=\"1282\">160\u202fmm (fourche Fox 36) \/ 150\u202fmm arri\u00e8re (Fox Float X \/ DPS)<\/td>\n<td data-col-size=\"md\" data-start=\"1282\" data-end=\"1366\">~\u202f23,8\u201123,9\u202fkg \u2014 cadre aluminium M5 alloy<\/td>\n<td data-col-size=\"md\" data-start=\"1366\" data-end=\"1451\">\u2248\u202f6\u202f499\u202f\u20ac (2024) selon tarif constructeur<\/td>\n<\/tr>\n<tr data-start=\"1452\" data-end=\"2040\">\n<td data-start=\"1452\" data-end=\"1493\" data-col-size=\"sm\"><a href=\"https:\/\/e-veloboutique.fr\/home\/velos\/vtt-electrique-tout-terrain-a-moteur-puissant\/vtt-electrique-tout-suspendu\/vtt-electrique-cube-stereo-hybrid-140-hpc-slx-750-13\/\"><strong data-start=\"1454\" data-end=\"1492\">CUBE Stereo Hybrid 140 HPC SLX 750<\/strong><\/a><\/td>\n<td data-start=\"1493\" data-end=\"1582\" data-col-size=\"md\">Bosch Performance Line CX Gen\u202f4, 250\u202fW \/ 85\u202fNm<\/td>\n<td data-col-size=\"md\" data-start=\"1582\" data-end=\"1647\">750\u202fWh Bosch PowerTube<\/td>\n<td data-col-size=\"md\" data-start=\"1647\" data-end=\"1737\">Shimano 1\u00d712 (Shimano XT \/ Deore selon version)<\/td>\n<td data-col-size=\"md\" data-start=\"1737\" data-end=\"1843\">150\u202fmm (fourche Fox 34 Rhythm) \/ 140\u202fmm arri\u00e8re (Fox Float DPS)<\/td>\n<td data-col-size=\"md\" data-start=\"1843\" data-end=\"1936\">24,1\u202fkg \u2014 cadre carbone C:62 + arri\u00e8re alu 6061\u2011T6<\/td>\n<td data-col-size=\"md\" data-start=\"1936\" data-end=\"2040\">\u2248\u202f4\u202f199,99\u202f\u20ac (prix public indicatif sur certains revendeurs)<\/td>\n<\/tr>\n<\/tbody>\n<\/table>\n<div class=\"TyagGW_tableContainer\">\n<div class=\"group TyagGW_tableWrapper flex w-fit flex-col-reverse\" tabindex=\"-1\"><\/div>\n<\/div>\n<div class=\"no-scrollbar flex min-h-36 flex-nowrap gap-0.5 overflow-auto sm:gap-1 sm:overflow-hidden xl:min-h-44 mt-1 mb-5 [&amp;:not(:first-child)]:mt-4\">\n<div class=\"border-token-border-default relative w-32 shrink-0 overflow-hidden rounded-xl border-[0.5px] md:shrink max-h-64 sm:w-[calc((100%-0.5rem)\/3)] rounded-s-xl\"><\/div>\n<div class=\"border-token-border-default relative w-32 shrink-0 overflow-hidden rounded-xl border-[0.5px] md:shrink max-h-64 sm:w-[calc((100%-0.5rem)\/3)] rounded-e-xl\"><\/div>\n<\/div>\n<h2 data-start=\"5893\" data-end=\"5927\">Conclusion &amp; appel \u00e0 l\u2019action<\/h2>\n<p data-start=\"5928\" data-end=\"6538\">En r\u00e9sum\u00e9, si vous \u00eates \u00e0 la recherche d\u2019un <strong data-start=\"5972\" data-end=\"6016\">vtt lapierre \u00e9lectrique grande autonomie<\/strong> polyvalent et performant, capable de vous accompagner sur les sorties longues, techniques et engag\u00e9es \u2014 alors l\u2019Overvolt AM 7.7 est un choix particuli\u00e8rement judicieux. Son moteur puissant, sa batterie 750 Wh int\u00e9gr\u00e9e, ses suspensions g\u00e9n\u00e9reuses et sa conception tout suspendu lui conf\u00e8rent des qualit\u00e9s exceptionnelles.<\/p>\n<h2 data-start=\"6545\" data-end=\"6553\">FAQ<\/h2>\n<p data-start=\"6554\" data-end=\"6814\"><strong data-start=\"6554\" data-end=\"6611\">Q : Quelle autonomie puis-je esp\u00e9rer avec ce mod\u00e8le ?<\/strong><br data-start=\"6611\" data-end=\"6614\" \/>R : Gr\u00e2ce \u00e0 la batterie de 750 Wh et le moteur Bosch Performance Line CX, les utilisateurs rapportent des autonomies tr\u00e8s confortables pour des sorties longues.<\/p>\n<p data-start=\"6816\" data-end=\"7054\"><strong data-start=\"6816\" data-end=\"6859\">Q : Ce v\u00e9lo convient-il aux d\u00e9butants ?<\/strong><br data-start=\"6859\" data-end=\"6862\" \/>R : Bien que hautement performant, il reste accessible \u2014 mais ses d\u00e9battements importants (170 mm) et son \u00e9quipement trail\/enduro sont plut\u00f4t con\u00e7us pour des utilisateurs d\u00e9j\u00e0 \u00e0 l\u2019aise en VTT.<\/p>\n<p data-start=\"7056\" data-end=\"7241\"><strong data-start=\"7056\" data-end=\"7101\">Q : Peut-on l\u2019utiliser sur route ou VTC ?<\/strong><br data-start=\"7101\" data-end=\"7104\" \/>R : Il s\u2019agit d\u2019un VTT \u00e9lectrique tout suspendu orient\u00e9 trail\/enduro. Pour un usage route ou VTC, d\u2019autres mod\u00e8les seraient plus adapt\u00e9s.<\/p>\n<p data-start=\"7243\" data-end=\"7519\"><strong data-start=\"7243\" data-end=\"7308\">Q : Quelles sont les tailles disponibles et comment choisir ?<\/strong><br data-start=\"7308\" data-end=\"7311\" \/>R : Les tailles S, M, L, XL sont disponibles. R\u00e9f\u00e9rez-vous au tableau constructeur et aux recommandations de hauteur pour choisir la taille adapt\u00e9e \u00e0 votre morphologie.<\/p>\n<p data-start=\"7521\" data-end=\"7736\"><strong data-start=\"7521\" data-end=\"7573\">Q : Le v\u00e9lo est-il pr\u00eat \u00e0 l\u2019emploi \u00e0 r\u00e9ception ?<\/strong><br data-start=\"7573\" data-end=\"7576\" \/>R : Oui, il est livr\u00e9 quasi mont\u00e9 (roue avant, p\u00e9dales \u00e0 fixer) et un r\u00e9glage l\u00e9ger peut \u00eatre n\u00e9cessaire. V\u00e9rifiez toujours le montage avant la premi\u00e8re sortie.<\/p>\n<p>Views: 0<\/p>","protected":false},"excerpt":{"rendered":"<ul data-start=\"7778\" data-end=\"8268\">\n<li data-start=\"7778\" data-end=\"7900\">\n<p data-start=\"7780\" data-end=\"7900\"><span style=\"color: #808000;\">VTT \u00e9lectrique tout suspendu haut de gamme \u00ab vtt lapierre \u00e9lectrique grande autonomie \u00bb avec batterie 750 Wh int\u00e9gr\u00e9e.<\/span><\/p>\n<\/li>\n<li data-start=\"7901\" data-end=\"8029\">\n<p data-start=\"7903\" data-end=\"8029\"><span style=\"color: #808000;\">Moteur Bosch Performance Line CX + d\u00e9battement 170 mm avant\/arri\u00e8re pour des sorties all-mountain et enduro de longue dur\u00e9e.<\/span><\/p>\n<\/li>\n<li data-start=\"8030\" data-end=\"8156\">\n<p data-start=\"8032\" data-end=\"8156\"><span style=\"color: #808000;\">Transmission SRAM 12 vitesses + freins hydrauliques haut de gamme + roues 29\u2033\/27,5\u2033 (mullet) pour performance et contr\u00f4le.<\/span><\/p>\n<\/li>\n<li data-start=\"8157\" data-end=\"8268\">\n<p data-start=\"8159\" data-end=\"8268\"><span style=\"color: #808000;\">Cadre en aluminium Supreme 5, montage premium, pr\u00eat \u00e0 affronter tous les terrains \u2014 commandez d\u00e8s maintenant.<\/span><\/p>\n<\/li>\n<li data-start=\"8157\" data-end=\"8268\"><span style=\"color: #000000;\"><strong>Ne laissez pas passer l\u2019opportunit\u00e9 de commander ce VTT haut de gamme d\u00e8s maintenant et d\u2019emmener vos aventures \u00e0 un autre niveau. Cliquez sur \u00ab Commander \u00bb pour r\u00e9server votre mod\u00e8le d\u00e8s aujourd\u2019hui.<\/strong><\/span><\/li>\n<\/ul>\n","protected":false},"featured_media":26061,"comment_status":"open","ping_status":"closed","template":"","meta":[],"product_brand":[],"product_cat":[17,249,25],"product_tag":[641,948],"class_list":{"0":"post-26137","1":"product","2":"type-product","3":"status-publish","4":"has-post-thumbnail","6":"product_cat-velos","7":"product_cat-vtt-electrique-tout-suspendu","8":"product_cat-vtt-electrique-tout-terrain-a-moteur-puissant","9":"product_tag-vtt-electrique","10":"product_tag-vtt-electrique-tout-suspendu","12":"first","13":"instock","14":"sale","15":"taxable","16":"shipping-taxable","17":"purchasable","18":"product-type-variable"},"yoast_head":"<!-- This site is optimized with the Yoast SEO plugin v27.5 - https:\/\/yoast.com\/product\/yoast-seo-wordpress\/ -->\n<title>VTT Lapierre \u00c9lectrique Grande Autonomie : Overvolt AM 7.7 - e-veloboutique.fr<\/title>\n<meta name=\"description\" content=\"D\u00e9couvrez le VTT Lapierre \u00e9lectrique grande autonomie Overvolt AM 7.7 \u00e0 4550 \u20ac \u2013 long-range, performant et pr\u00eat pour l\u2019aventure.\" \/>\n<meta name=\"robots\" content=\"index, follow, max-snippet:-1, max-image-preview:large, max-video-preview:-1\" \/>\n<link rel=\"canonical\" href=\"https:\/\/e-veloboutique.fr\/?product=vtt-lapierre-electrique-grande-autonomie-overvolt-am-7-7\" \/>\n<meta property=\"og:locale\" content=\"fr_FR\" \/>\n<meta property=\"og:type\" content=\"article\" \/>\n<meta property=\"og:title\" content=\"VTT Lapierre \u00c9lectrique Grande Autonomie : Overvolt AM 7.7 - e-veloboutique.fr\" \/>\n<meta property=\"og:description\" content=\"D\u00e9couvrez le VTT Lapierre \u00e9lectrique grande autonomie Overvolt AM 7.7 \u00e0 4550 \u20ac \u2013 long-range, performant et pr\u00eat pour l\u2019aventure.\" \/>\n<meta property=\"og:url\" content=\"https:\/\/e-veloboutique.fr\/?product=vtt-lapierre-electrique-grande-autonomie-overvolt-am-7-7\" \/>\n<meta property=\"og:site_name\" content=\"e-veloboutique.fr\" \/>\n<meta property=\"article:modified_time\" content=\"2025-12-06T12:02:50+00:00\" \/>\n<meta property=\"og:image\" content=\"https:\/\/e-veloboutique.fr\/wp-content\/uploads\/2025\/06\/Vtt-electrique-Lapierre-overvolt-am-7.7-elegant-galerievelo.fr_.jpg\" \/>\n\t<meta property=\"og:image:width\" content=\"800\" \/>\n\t<meta property=\"og:image:height\" content=\"534\" \/>\n\t<meta property=\"og:image:type\" content=\"image\/jpeg\" \/>\n<meta name=\"twitter:card\" content=\"summary_large_image\" \/>\n<meta name=\"twitter:label1\" content=\"Dur\u00e9e de lecture estim\u00e9e\" \/>\n\t<meta name=\"twitter:data1\" content=\"5 minutes\" \/>\n<script type=\"application\/ld+json\" class=\"yoast-schema-graph\">{\"@context\":\"https:\\\/\\\/schema.org\",\"@graph\":[{\"@type\":\"WebPage\",\"@id\":\"https:\\\/\\\/e-veloboutique.fr\\\/?product=vtt-lapierre-electrique-grande-autonomie-overvolt-am-7-7\",\"url\":\"https:\\\/\\\/e-veloboutique.fr\\\/?product=vtt-lapierre-electrique-grande-autonomie-overvolt-am-7-7\",\"name\":\"VTT Lapierre \u00c9lectrique Grande Autonomie : Overvolt AM 7.7 - e-veloboutique.fr\",\"isPartOf\":{\"@id\":\"https:\\\/\\\/e-veloboutique.fr\\\/#website\"},\"primaryImageOfPage\":{\"@id\":\"https:\\\/\\\/e-veloboutique.fr\\\/?product=vtt-lapierre-electrique-grande-autonomie-overvolt-am-7-7#primaryimage\"},\"image\":{\"@id\":\"https:\\\/\\\/e-veloboutique.fr\\\/?product=vtt-lapierre-electrique-grande-autonomie-overvolt-am-7-7#primaryimage\"},\"thumbnailUrl\":\"https:\\\/\\\/e-veloboutique.fr\\\/wp-content\\\/uploads\\\/2025\\\/06\\\/Vtt-electrique-Lapierre-overvolt-am-7.7-elegant-galerievelo.fr_.jpg\",\"datePublished\":\"2025-06-12T15:21:54+00:00\",\"dateModified\":\"2025-12-06T12:02:50+00:00\",\"description\":\"D\u00e9couvrez le VTT Lapierre \u00e9lectrique grande autonomie Overvolt AM 7.7 \u00e0 4550 \u20ac \u2013 long-range, performant et pr\u00eat pour l\u2019aventure.\",\"breadcrumb\":{\"@id\":\"https:\\\/\\\/e-veloboutique.fr\\\/?product=vtt-lapierre-electrique-grande-autonomie-overvolt-am-7-7#breadcrumb\"},\"inLanguage\":\"fr-FR\",\"potentialAction\":[{\"@type\":\"ReadAction\",\"target\":[\"https:\\\/\\\/e-veloboutique.fr\\\/?product=vtt-lapierre-electrique-grande-autonomie-overvolt-am-7-7\"]}]},{\"@type\":\"ImageObject\",\"inLanguage\":\"fr-FR\",\"@id\":\"https:\\\/\\\/e-veloboutique.fr\\\/?product=vtt-lapierre-electrique-grande-autonomie-overvolt-am-7-7#primaryimage\",\"url\":\"https:\\\/\\\/e-veloboutique.fr\\\/wp-content\\\/uploads\\\/2025\\\/06\\\/Vtt-electrique-Lapierre-overvolt-am-7.7-elegant-galerievelo.fr_.jpg\",\"contentUrl\":\"https:\\\/\\\/e-veloboutique.fr\\\/wp-content\\\/uploads\\\/2025\\\/06\\\/Vtt-electrique-Lapierre-overvolt-am-7.7-elegant-galerievelo.fr_.jpg\",\"width\":800,\"height\":534,\"caption\":\"VTT Lapierre \u00c9lectrique Grande Autonomie : Overvolt AM 7.7\"},{\"@type\":\"BreadcrumbList\",\"@id\":\"https:\\\/\\\/e-veloboutique.fr\\\/?product=vtt-lapierre-electrique-grande-autonomie-overvolt-am-7-7#breadcrumb\",\"itemListElement\":[{\"@type\":\"ListItem\",\"position\":1,\"name\":\"Accueil\",\"item\":\"https:\\\/\\\/e-veloboutique.fr\\\/\"},{\"@type\":\"ListItem\",\"position\":2,\"name\":\"Produits\",\"item\":\"https:\\\/\\\/e-veloboutique.fr\\\/shop\\\/\"},{\"@type\":\"ListItem\",\"position\":3,\"name\":\"V\u00e9los \u00e9lectriques\",\"item\":\"https:\\\/\\\/e-veloboutique.fr\\\/?product_cat=velos\"},{\"@type\":\"ListItem\",\"position\":4,\"name\":\"VTT \u00e9lectrique tout-suspendu Lapierre Overvolt AM 7.7\"}]},{\"@type\":\"WebSite\",\"@id\":\"https:\\\/\\\/e-veloboutique.fr\\\/#website\",\"url\":\"https:\\\/\\\/e-veloboutique.fr\\\/\",\"name\":\"E-velos\",\"description\":\"\",\"publisher\":{\"@id\":\"https:\\\/\\\/e-veloboutique.fr\\\/#organization\"},\"potentialAction\":[{\"@type\":\"SearchAction\",\"target\":{\"@type\":\"EntryPoint\",\"urlTemplate\":\"https:\\\/\\\/e-veloboutique.fr\\\/?s={search_term_string}\"},\"query-input\":{\"@type\":\"PropertyValueSpecification\",\"valueRequired\":true,\"valueName\":\"search_term_string\"}}],\"inLanguage\":\"fr-FR\"},{\"@type\":\"Organization\",\"@id\":\"https:\\\/\\\/e-veloboutique.fr\\\/#organization\",\"name\":\"e-veloboutique.fr\",\"url\":\"https:\\\/\\\/e-veloboutique.fr\\\/\",\"logo\":{\"@type\":\"ImageObject\",\"inLanguage\":\"fr-FR\",\"@id\":\"https:\\\/\\\/e-veloboutique.fr\\\/#\\\/schema\\\/logo\\\/image\\\/\",\"url\":\"https:\\\/\\\/e-veloboutique.fr\\\/wp-content\\\/uploads\\\/2024\\\/12\\\/evelos-boutique.jpg\",\"contentUrl\":\"https:\\\/\\\/e-veloboutique.fr\\\/wp-content\\\/uploads\\\/2024\\\/12\\\/evelos-boutique.jpg\",\"width\":75,\"height\":75,\"caption\":\"e-veloboutique.fr\"},\"image\":{\"@id\":\"https:\\\/\\\/e-veloboutique.fr\\\/#\\\/schema\\\/logo\\\/image\\\/\"}}]}<\/script>\n<!-- \/ Yoast SEO plugin. -->","yoast_head_json":{"title":"VTT Lapierre \u00c9lectrique Grande Autonomie : Overvolt AM 7.7 - e-veloboutique.fr","description":"D\u00e9couvrez le VTT Lapierre \u00e9lectrique grande autonomie Overvolt AM 7.7 \u00e0 4550 \u20ac \u2013 long-range, performant et pr\u00eat pour l\u2019aventure.","robots":{"index":"index","follow":"follow","max-snippet":"max-snippet:-1","max-image-preview":"max-image-preview:large","max-video-preview":"max-video-preview:-1"},"canonical":"https:\/\/e-veloboutique.fr\/?product=vtt-lapierre-electrique-grande-autonomie-overvolt-am-7-7","og_locale":"fr_FR","og_type":"article","og_title":"VTT Lapierre \u00c9lectrique Grande Autonomie : Overvolt AM 7.7 - e-veloboutique.fr","og_description":"D\u00e9couvrez le VTT Lapierre \u00e9lectrique grande autonomie Overvolt AM 7.7 \u00e0 4550 \u20ac \u2013 long-range, performant et pr\u00eat pour l\u2019aventure.","og_url":"https:\/\/e-veloboutique.fr\/?product=vtt-lapierre-electrique-grande-autonomie-overvolt-am-7-7","og_site_name":"e-veloboutique.fr","article_modified_time":"2025-12-06T12:02:50+00:00","og_image":[{"width":800,"height":534,"url":"https:\/\/e-veloboutique.fr\/wp-content\/uploads\/2025\/06\/Vtt-electrique-Lapierre-overvolt-am-7.7-elegant-galerievelo.fr_.jpg","type":"image\/jpeg"}],"twitter_card":"summary_large_image","twitter_misc":{"Dur\u00e9e de lecture estim\u00e9e":"5 minutes"},"schema":{"@context":"https:\/\/schema.org","@graph":[{"@type":"WebPage","@id":"https:\/\/e-veloboutique.fr\/?product=vtt-lapierre-electrique-grande-autonomie-overvolt-am-7-7","url":"https:\/\/e-veloboutique.fr\/?product=vtt-lapierre-electrique-grande-autonomie-overvolt-am-7-7","name":"VTT Lapierre \u00c9lectrique Grande Autonomie : Overvolt AM 7.7 - e-veloboutique.fr","isPartOf":{"@id":"https:\/\/e-veloboutique.fr\/#website"},"primaryImageOfPage":{"@id":"https:\/\/e-veloboutique.fr\/?product=vtt-lapierre-electrique-grande-autonomie-overvolt-am-7-7#primaryimage"},"image":{"@id":"https:\/\/e-veloboutique.fr\/?product=vtt-lapierre-electrique-grande-autonomie-overvolt-am-7-7#primaryimage"},"thumbnailUrl":"https:\/\/e-veloboutique.fr\/wp-content\/uploads\/2025\/06\/Vtt-electrique-Lapierre-overvolt-am-7.7-elegant-galerievelo.fr_.jpg","datePublished":"2025-06-12T15:21:54+00:00","dateModified":"2025-12-06T12:02:50+00:00","description":"D\u00e9couvrez le VTT Lapierre \u00e9lectrique grande autonomie Overvolt AM 7.7 \u00e0 4550 \u20ac \u2013 long-range, performant et pr\u00eat pour l\u2019aventure.","breadcrumb":{"@id":"https:\/\/e-veloboutique.fr\/?product=vtt-lapierre-electrique-grande-autonomie-overvolt-am-7-7#breadcrumb"},"inLanguage":"fr-FR","potentialAction":[{"@type":"ReadAction","target":["https:\/\/e-veloboutique.fr\/?product=vtt-lapierre-electrique-grande-autonomie-overvolt-am-7-7"]}]},{"@type":"ImageObject","inLanguage":"fr-FR","@id":"https:\/\/e-veloboutique.fr\/?product=vtt-lapierre-electrique-grande-autonomie-overvolt-am-7-7#primaryimage","url":"https:\/\/e-veloboutique.fr\/wp-content\/uploads\/2025\/06\/Vtt-electrique-Lapierre-overvolt-am-7.7-elegant-galerievelo.fr_.jpg","contentUrl":"https:\/\/e-veloboutique.fr\/wp-content\/uploads\/2025\/06\/Vtt-electrique-Lapierre-overvolt-am-7.7-elegant-galerievelo.fr_.jpg","width":800,"height":534,"caption":"VTT Lapierre \u00c9lectrique Grande Autonomie : Overvolt AM 7.7"},{"@type":"BreadcrumbList","@id":"https:\/\/e-veloboutique.fr\/?product=vtt-lapierre-electrique-grande-autonomie-overvolt-am-7-7#breadcrumb","itemListElement":[{"@type":"ListItem","position":1,"name":"Accueil","item":"https:\/\/e-veloboutique.fr\/"},{"@type":"ListItem","position":2,"name":"Produits","item":"https:\/\/e-veloboutique.fr\/shop\/"},{"@type":"ListItem","position":3,"name":"V\u00e9los \u00e9lectriques","item":"https:\/\/e-veloboutique.fr\/?product_cat=velos"},{"@type":"ListItem","position":4,"name":"VTT \u00e9lectrique tout-suspendu Lapierre Overvolt AM 7.7"}]},{"@type":"WebSite","@id":"https:\/\/e-veloboutique.fr\/#website","url":"https:\/\/e-veloboutique.fr\/","name":"E-velos","description":"","publisher":{"@id":"https:\/\/e-veloboutique.fr\/#organization"},"potentialAction":[{"@type":"SearchAction","target":{"@type":"EntryPoint","urlTemplate":"https:\/\/e-veloboutique.fr\/?s={search_term_string}"},"query-input":{"@type":"PropertyValueSpecification","valueRequired":true,"valueName":"search_term_string"}}],"inLanguage":"fr-FR"},{"@type":"Organization","@id":"https:\/\/e-veloboutique.fr\/#organization","name":"e-veloboutique.fr","url":"https:\/\/e-veloboutique.fr\/","logo":{"@type":"ImageObject","inLanguage":"fr-FR","@id":"https:\/\/e-veloboutique.fr\/#\/schema\/logo\/image\/","url":"https:\/\/e-veloboutique.fr\/wp-content\/uploads\/2024\/12\/evelos-boutique.jpg","contentUrl":"https:\/\/e-veloboutique.fr\/wp-content\/uploads\/2024\/12\/evelos-boutique.jpg","width":75,"height":75,"caption":"e-veloboutique.fr"},"image":{"@id":"https:\/\/e-veloboutique.fr\/#\/schema\/logo\/image\/"}}]}},"_links":{"self":[{"href":"https:\/\/e-veloboutique.fr\/index.php?rest_route=\/wp\/v2\/product\/26137","targetHints":{"allow":["GET"]}}],"collection":[{"href":"https:\/\/e-veloboutique.fr\/index.php?rest_route=\/wp\/v2\/product"}],"about":[{"href":"https:\/\/e-veloboutique.fr\/index.php?rest_route=\/wp\/v2\/types\/product"}],"replies":[{"embeddable":true,"href":"https:\/\/e-veloboutique.fr\/index.php?rest_route=%2Fwp%2Fv2%2Fcomments&post=26137"}],"version-history":[{"count":4,"href":"https:\/\/e-veloboutique.fr\/index.php?rest_route=\/wp\/v2\/product\/26137\/revisions"}],"predecessor-version":[{"id":36151,"href":"https:\/\/e-veloboutique.fr\/index.php?rest_route=\/wp\/v2\/product\/26137\/revisions\/36151"}],"wp:featuredmedia":[{"embeddable":true,"href":"https:\/\/e-veloboutique.fr\/index.php?rest_route=\/wp\/v2\/media\/26061"}],"wp:attachment":[{"href":"https:\/\/e-veloboutique.fr\/index.php?rest_route=%2Fwp%2Fv2%2Fmedia&parent=26137"}],"wp:term":[{"taxonomy":"product_brand","embeddable":true,"href":"https:\/\/e-veloboutique.fr\/index.php?rest_route=%2Fwp%2Fv2%2Fproduct_brand&post=26137"},{"taxonomy":"product_cat","embeddable":true,"href":"https:\/\/e-veloboutique.fr\/index.php?rest_route=%2Fwp%2Fv2%2Fproduct_cat&post=26137"},{"taxonomy":"product_tag","embeddable":true,"href":"https:\/\/e-veloboutique.fr\/index.php?rest_route=%2Fwp%2Fv2%2Fproduct_tag&post=26137"}],"curies":[{"name":"wp","href":"https:\/\/api.w.org\/{rel}","templated":true}]}}