{"id":26260,"date":"2025-06-12T15:22:27","date_gmt":"2025-06-12T15:22:27","guid":{"rendered":"https:\/\/e-veloboutique.fr\/home\/non%20class\u00e9\/vtt-electrique-tout-suspendu-bh-atomx-lynx-carbon-pro-8-7-shimano-deore-xt-12v-720-wh-29-bleu-orange-2\/"},"modified":"2025-12-05T09:42:39","modified_gmt":"2025-12-05T09:42:39","slug":"vtt-electrique-puissance-moteur-eleve-bh-atomx-lynx-8-7","status":"publish","type":"product","link":"https:\/\/e-veloboutique.fr\/?product=vtt-electrique-puissance-moteur-eleve-bh-atomx-lynx-8-7","title":{"rendered":"VTT Electrique Tout-Suspendu BH Atomx Lynx Carbon Pro 8.7 Shimano Deore\/XT 12V 720 Wh 29\u00a0\u00bb Bleu\/Orange"},"content":{"rendered":"<p data-start=\"335\" data-end=\"715\">Le <strong data-start=\"338\" data-end=\"370\">BH Atomx Lynx Carbon Pro 8.7<\/strong> est un <a href=\"https:\/\/e-veloboutique.fr\/meilleurs-vtt-electriques-husqvarna-2024-2025-guide-complet-dachat\/\"><strong data-start=\"378\" data-end=\"410\">VTT \u00e9lectrique tout\u2011suspendu<\/strong><\/a> con\u00e7u pour les amateurs de trail, d\u2019enduro et de randonn\u00e9es engag\u00e9es. Ce mod\u00e8le s\u2019adresse \u00e0 ceux qui recherchent un <strong data-start=\"527\" data-end=\"568\">VTT \u00e9lectrique puissance moteur \u00e9lev\u00e9<\/strong>, capable d\u2019affronter des terrains techniques, des mont\u00e9es abruptes et des descentes exigeantes, tout en offrant confort, stabilit\u00e9 et autonomie.<\/p>\n<p data-start=\"717\" data-end=\"1131\">Le cadre en carbone 29\u2033 et la suspension totale de 140\u202fmm assurent confort et contr\u00f4le sur chemins vari\u00e9s. Le moteur central performant et la batterie de forte capacit\u00e9 permettent de parcourir de longues distances sans craindre la panne d\u2019\u00e9nergie. La transmission 1&#215;12 vitesses, solide et fiable (composants Shimano Deore\/XT), garantit des changements de rapports fluides pour s\u2019adapter aux variations de relief.<\/p>\n<p data-start=\"1133\" data-end=\"1430\">Que vous visiez des sorties montagne, des trails sinueux ou des longues randonn\u00e9es, ce <strong><a href=\"https:\/\/e-veloboutique.fr\/top-10-des-meilleurs-vtt-electriques-cube-pour-la-montagne\/\">VTT<\/a><\/strong> offre une combinaison gagnante de puissance, confort, autonomie et maniabilit\u00e9. Il s\u2019adresse autant aux v\u00e9t\u00e9tistes exp\u00e9riment\u00e9s qu\u2019aux passionn\u00e9s d\u00e9sirant faire leurs premiers pas dans l\u2019e\u2011MTB performant.<\/p>\n<div class=\"no-scrollbar flex min-h-36 flex-nowrap gap-0.5 overflow-auto sm:gap-1 sm:overflow-hidden xl:min-h-44 mt-1 mb-5 [&amp;:not(:first-child)]:mt-4\">\n<div class=\"border-token-border-default relative w-32 shrink-0 overflow-hidden rounded-xl border-[0.5px] md:shrink max-h-64 sm:w-[calc((100%-0.5rem)\/3)] rounded-s-xl\">\n<div><img fetchpriority=\"high\" decoding=\"async\" class=\"bg-token-main-surface-tertiary absolute inset-0 m-0 h-full w-full object-cover alignnone\" src=\"https:\/\/cdn.deporvillage.com\/cdn-cgi\/image\/h%3D960%2Cw%3D768%2Cdpr%3D1%2Cf%3Dauto%2Cq%3D75%2Cfit%3Dcontain%2Cbackground%3Dwhite\/product-vertical\/bh-er902-bsn_001.jpg\" alt=\"VTT \u00e9lectrique puissance moteur \u00e9lev\u00e9 : BH Atomx Lynx Carbon Pro\u202f8.7, tout\u2011suspendu, batterie 720\u202fWh. \u00c0 partir de 6\u202f799\u202f\u20ac. Un e\u2011MTB hautes performances.\" width=\"768\" height=\"960\" \/><\/div>\n<\/div>\n<div class=\"border-token-border-default relative w-32 shrink-0 overflow-hidden rounded-xl border-[0.5px] md:shrink max-h-64 sm:w-[calc((100%-0.5rem)\/3)]\"><\/div>\n<div class=\"border-token-border-default relative w-32 shrink-0 overflow-hidden rounded-xl border-[0.5px] md:shrink max-h-64 sm:w-[calc((100%-0.5rem)\/3)] rounded-e-xl\">\n<div><\/div>\n<div class=\"pointer-events-none absolute end-2 bottom-2\">\n<div class=\"flex items-center gap-1 rounded-full px-2 py-1.5 text-white backdrop-blur-md backdrop-brightness-75\"><\/div>\n<\/div>\n<\/div>\n<\/div>\n<h2 data-start=\"1481\" data-end=\"1512\">2. Sp\u00e9cifications techniques<\/h2>\n<div class=\"TyagGW_tableContainer\">\n<div class=\"group TyagGW_tableWrapper flex w-fit flex-col-reverse\" tabindex=\"-1\">\n<table class=\"w-fit min-w-(--thread-content-width)\" data-start=\"1514\" data-end=\"3538\">\n<thead data-start=\"1514\" data-end=\"1549\">\n<tr data-start=\"1514\" data-end=\"1549\">\n<th data-start=\"1514\" data-end=\"1534\" data-col-size=\"sm\">Composant<\/th>\n<th data-start=\"1534\" data-end=\"1549\" data-col-size=\"lg\">Description<\/th>\n<\/tr>\n<\/thead>\n<tbody data-start=\"1585\" data-end=\"3538\">\n<tr data-start=\"1585\" data-end=\"1663\">\n<td data-start=\"1585\" data-end=\"1607\" data-col-size=\"sm\"><strong data-start=\"1587\" data-end=\"1606\">Type de produit<\/strong><\/td>\n<td data-start=\"1607\" data-end=\"1663\" data-col-size=\"lg\"><a href=\"https:\/\/e-veloboutique.fr\/top-10-des-meilleurs-vtt-electriques-cube-pour-la-montagne\/\">VTT \u00e9lectrique tout\u2011suspendu<\/a> (full suspension e\u2011MTB)<\/td>\n<\/tr>\n<tr data-start=\"1664\" data-end=\"1738\">\n<td data-start=\"1664\" data-end=\"1685\" data-col-size=\"sm\"><strong data-start=\"1666\" data-end=\"1677\">Tailles<\/strong><\/td>\n<td data-start=\"1685\" data-end=\"1738\" data-col-size=\"lg\">S, M, L, XL<\/td>\n<\/tr>\n<tr data-start=\"1739\" data-end=\"1876\">\n<td data-start=\"1739\" data-end=\"1759\" data-col-size=\"sm\"><strong data-start=\"1741\" data-end=\"1750\">Cadre<\/strong><\/td>\n<td data-start=\"1759\" data-end=\"1876\" data-col-size=\"lg\">Carbone 29&Prime;, 140 mm Full Suspension, routage interne des c\u00e2bles (Acros ICR)<\/td>\n<\/tr>\n<tr data-start=\"1877\" data-end=\"1984\">\n<td data-start=\"1877\" data-end=\"1897\" data-col-size=\"sm\"><strong data-start=\"1879\" data-end=\"1896\">Fourche avant<\/strong><\/td>\n<td data-start=\"1897\" data-end=\"1984\" data-col-size=\"lg\">FOX 34 FLOAT Rhythm, d\u00e9battement 140 mm, 15QR<\/td>\n<\/tr>\n<tr data-start=\"1985\" data-end=\"2078\">\n<td data-start=\"1985\" data-end=\"2011\" data-col-size=\"sm\"><strong data-start=\"1987\" data-end=\"2010\">Amortisseur arri\u00e8re<\/strong><\/td>\n<td data-start=\"2011\" data-end=\"2078\" data-col-size=\"lg\">FOX FLOAT DPS Performance<\/td>\n<\/tr>\n<tr data-start=\"2079\" data-end=\"2181\">\n<td data-start=\"2079\" data-end=\"2100\" data-col-size=\"sm\"><strong data-start=\"2081\" data-end=\"2099\">Roues \/ Jantes<\/strong><\/td>\n<td data-start=\"2100\" data-end=\"2181\" data-col-size=\"lg\">Jantes Race Face Ar 30 TR, diam\u00e8tre 29\u2033<\/td>\n<\/tr>\n<tr data-start=\"2182\" data-end=\"2293\">\n<td data-start=\"2182\" data-end=\"2202\" data-col-size=\"sm\"><strong data-start=\"2184\" data-end=\"2193\">Pneus<\/strong><\/td>\n<td data-start=\"2202\" data-end=\"2293\" data-col-size=\"lg\">Maxxis Minion TPI120 Terra EXO TR 29\u2033 \u00d7 2,5 \/ 2,4<\/td>\n<\/tr>\n<tr data-start=\"2294\" data-end=\"2501\">\n<td data-start=\"2294\" data-end=\"2314\" data-col-size=\"sm\"><strong data-start=\"2296\" data-end=\"2312\">Transmission<\/strong><\/td>\n<td data-col-size=\"lg\" data-start=\"2314\" data-end=\"2501\">Mono\u2011plateau 1&#215;12 vitesses : manettes Shimano Deore, d\u00e9railleur arri\u00e8re Shimano XT, cassette 10\u201151T (Shimano CSM6100), p\u00e9dalier Praxis 32T\u2011165 mm<\/td>\n<\/tr>\n<tr data-start=\"2502\" data-end=\"2649\">\n<td data-start=\"2502\" data-end=\"2522\" data-col-size=\"sm\"><strong data-start=\"2504\" data-end=\"2514\">Freins<\/strong><\/td>\n<td data-col-size=\"lg\" data-start=\"2522\" data-end=\"2649\">Freins \u00e0 disque hydrauliques Shimano MT520, 4 pistons, disques 203 mm avant &amp; arri\u00e8re<\/td>\n<\/tr>\n<tr data-start=\"2650\" data-end=\"2830\">\n<td data-start=\"2650\" data-end=\"2670\" data-col-size=\"sm\"><strong data-start=\"2652\" data-end=\"2663\">Cockpit<\/strong><\/td>\n<td data-start=\"2670\" data-end=\"2830\" data-col-size=\"lg\">Guidon Race Face Aeffect Riser 35, largeur 780\u202fmm; potence BH Evo 35 Fit; tige de selle Race Face DP Aeffect 31,6 mm<\/td>\n<\/tr>\n<tr data-start=\"2831\" data-end=\"2938\">\n<td data-start=\"2831\" data-end=\"2851\" data-col-size=\"sm\"><strong data-start=\"2833\" data-end=\"2842\">Selle<\/strong><\/td>\n<td data-start=\"2851\" data-end=\"2938\" data-col-size=\"lg\">Prologo Proxim W350 (ou W450 selon version)<\/td>\n<\/tr>\n<tr data-start=\"2939\" data-end=\"3060\">\n<td data-start=\"2939\" data-end=\"2959\" data-col-size=\"sm\"><strong data-start=\"2941\" data-end=\"2951\">Moteur<\/strong><\/td>\n<td data-start=\"2959\" data-end=\"3060\" data-col-size=\"lg\">BROSE SMag, syst\u00e8me central, 250\u202fW \u2013 aide jusqu\u2019\u00e0 25 km\/h<\/td>\n<\/tr>\n<tr data-start=\"3061\" data-end=\"3216\">\n<td data-start=\"3061\" data-end=\"3081\" data-col-size=\"sm\"><strong data-start=\"3063\" data-end=\"3075\">Batterie<\/strong><\/td>\n<td data-start=\"3081\" data-end=\"3216\" data-col-size=\"lg\">720\u202fWh, int\u00e9gr\u00e9e dans le cadre, autonomie jusqu\u2019\u00e0 155\u202fkm (selon usage et mode d\u2019assistance)<\/td>\n<\/tr>\n<tr data-start=\"3217\" data-end=\"3298\">\n<td data-start=\"3217\" data-end=\"3243\" data-col-size=\"sm\"><strong data-start=\"3219\" data-end=\"3242\">Affichage \/ Console<\/strong><\/td>\n<td data-start=\"3243\" data-end=\"3298\" data-col-size=\"lg\">BH i\u2011Remote<\/td>\n<\/tr>\n<tr data-start=\"3299\" data-end=\"3415\">\n<td data-start=\"3299\" data-end=\"3324\" data-col-size=\"sm\"><strong data-start=\"3301\" data-end=\"3323\">Couleur \/ Finition<\/strong><\/td>\n<td data-start=\"3324\" data-end=\"3415\" data-col-size=\"lg\">Bleu\/Orange (et autres finitions selon version)<\/td>\n<\/tr>\n<tr data-start=\"3416\" data-end=\"3538\">\n<td data-start=\"3416\" data-end=\"3436\" data-col-size=\"sm\"><strong data-start=\"3418\" data-end=\"3435\">Ann\u00e9e \/ Gamme<\/strong><\/td>\n<td data-col-size=\"lg\" data-start=\"3436\" data-end=\"3538\">Mod\u00e8le r\u00e9cent Full Suspension e\u2011MTB (g\u00e9n\u00e9ration 2022\/2023)<\/td>\n<\/tr>\n<\/tbody>\n<\/table>\n<\/div>\n<\/div>\n<div class=\"no-scrollbar flex min-h-36 flex-nowrap gap-0.5 overflow-auto sm:gap-1 sm:overflow-hidden xl:min-h-44 mt-1 mb-5 [&amp;:not(:first-child)]:mt-4\">\n<div class=\"border-token-border-default relative w-32 shrink-0 overflow-hidden rounded-xl border-[0.5px] md:shrink max-h-64 sm:w-[calc((100%-0.5rem)\/3)] rounded-s-xl\"><\/div>\n<div class=\"border-token-border-default relative w-32 shrink-0 overflow-hidden rounded-xl border-[0.5px] md:shrink max-h-64 sm:w-[calc((100%-0.5rem)\/3)]\">\n<div><\/div>\n<\/div>\n<div class=\"border-token-border-default relative w-32 shrink-0 overflow-hidden rounded-xl border-[0.5px] md:shrink max-h-64 sm:w-[calc((100%-0.5rem)\/3)] rounded-e-xl\">\n<div><img decoding=\"async\" class=\"bg-token-main-surface-tertiary absolute inset-0 m-0 h-full w-full object-cover alignnone\" src=\"https:\/\/www.monvelo.com\/wp-content\/uploads\/2022\/08\/CARBON-scaled.jpg\" alt=\"VTT \u00e9lectrique puissance moteur \u00e9lev\u00e9 : BH Atomx Lynx Carbon Pro\u202f8.7, tout\u2011suspendu, batterie 720\u202fWh. \u00c0 partir de 6\u202f799\u202f\u20ac. Un e\u2011MTB hautes performances.\" width=\"2560\" height=\"1638\" \/><\/div>\n<div class=\"pointer-events-none absolute end-2 bottom-2\">\n<div class=\"flex items-center gap-1 rounded-full px-2 py-1.5 text-white backdrop-blur-md backdrop-brightness-75\"><\/div>\n<\/div>\n<\/div>\n<\/div>\n<h2 data-start=\"3591\" data-end=\"3637\">3. Comparatif avec deux mod\u00e8les concurrents<\/h2>\n<div class=\"TyagGW_tableContainer\">\n<div class=\"group TyagGW_tableWrapper flex w-fit flex-col-reverse\" tabindex=\"-1\">\n<table class=\"w-fit min-w-(--thread-content-width)\" data-start=\"297\" data-end=\"1188\">\n<thead data-start=\"297\" data-end=\"406\">\n<tr data-start=\"297\" data-end=\"406\">\n<th data-start=\"297\" data-end=\"306\" data-col-size=\"sm\">Mod\u00e8le<\/th>\n<th data-start=\"306\" data-end=\"326\" data-col-size=\"sm\">Moteur &amp; batterie<\/th>\n<th data-start=\"326\" data-end=\"341\" data-col-size=\"sm\">Transmission<\/th>\n<th data-start=\"341\" data-end=\"354\" data-col-size=\"md\">Suspension<\/th>\n<th data-start=\"354\" data-end=\"369\" data-col-size=\"sm\">Poids estim\u00e9<\/th>\n<th data-start=\"369\" data-end=\"406\" data-col-size=\"sm\">Prix constructeur conseill\u00e9 (PCC)<\/th>\n<\/tr>\n<\/thead>\n<tbody data-start=\"512\" data-end=\"1188\">\n<tr data-start=\"512\" data-end=\"775\">\n<td data-start=\"512\" data-end=\"547\" data-col-size=\"sm\"><strong data-start=\"514\" data-end=\"546\">BH Atomx Lynx Carbon Pro 8.7<\/strong><\/td>\n<td data-col-size=\"sm\" data-start=\"547\" data-end=\"575\">BROSE SMag, 250\u202fW, 720\u202fWh<\/td>\n<td data-col-size=\"sm\" data-start=\"575\" data-end=\"599\">Shimano Deore\/XT 1\u00d712<\/td>\n<td data-col-size=\"md\" data-start=\"599\" data-end=\"639\">Full Suspension 140\u202fmm (FOX 34 + DPS)<\/td>\n<td data-col-size=\"sm\" data-start=\"639\" data-end=\"650\">~23,1\u202fkg<\/td>\n<td data-col-size=\"sm\" data-start=\"650\" data-end=\"775\">6\u202f799\u202f\u20ac<\/td>\n<\/tr>\n<tr data-start=\"776\" data-end=\"983\">\n<td data-start=\"776\" data-end=\"818\" data-col-size=\"sm\"><strong data-start=\"778\" data-end=\"817\">Specialized Turbo Levo Comp 29 2023<\/strong><\/td>\n<td data-col-size=\"sm\" data-start=\"818\" data-end=\"851\">Specialized 2.2, 250\u202fW, 710\u202fWh<\/td>\n<td data-col-size=\"sm\" data-start=\"851\" data-end=\"872\">SRAM NX Eagle 1\u00d712<\/td>\n<td data-col-size=\"md\" data-start=\"872\" data-end=\"912\">Full Suspension 150\u202fmm (Fox 36 + DPS)<\/td>\n<td data-col-size=\"sm\" data-start=\"912\" data-end=\"923\">~23,8\u202fkg<\/td>\n<td data-col-size=\"sm\" data-start=\"923\" data-end=\"983\">6\u202f499\u202f\u20ac<\/td>\n<\/tr>\n<tr data-start=\"984\" data-end=\"1188\">\n<td data-start=\"984\" data-end=\"1007\" data-col-size=\"sm\"><a href=\"https:\/\/e-veloboutique.fr\/home\/velos\/velo-electrique-de-ville-pas-cher-et-fiable\/velo-de-ville-electrique-velo-electrique-tout-terrain-autonomie-gazelle-paris-c7\/\"><strong data-start=\"986\" data-end=\"1006\">Trek Rail 7 2023<\/strong><\/a><\/td>\n<td data-start=\"1007\" data-end=\"1045\" data-col-size=\"sm\">Bosch Performance CX, 250\u202fW, 625\u202fWh<\/td>\n<td data-start=\"1045\" data-end=\"1066\" data-col-size=\"sm\">SRAM SX Eagle 1\u00d712<\/td>\n<td data-start=\"1066\" data-end=\"1121\" data-col-size=\"md\">Full Suspension 150\u202fmm (RockShox 35 + Deluxe Select)<\/td>\n<td data-col-size=\"sm\" data-start=\"1121\" data-end=\"1132\">~22,8\u202fkg<\/td>\n<td data-col-size=\"sm\" data-start=\"1132\" data-end=\"1188\">6\u202f499\u202f\u20ac<\/td>\n<\/tr>\n<\/tbody>\n<\/table>\n<\/div>\n<\/div>\n<p data-start=\"4404\" data-end=\"4601\">* Le poids r\u00e9el peut varier selon la taille du cadre et les accessoires.<br data-start=\"4477\" data-end=\"4480\" \/>** Ces comparatifs sont indicatifs \u2014 il convient de v\u00e9rifier les caract\u00e9ristiques exactes selon les marques et mod\u00e8les.<\/p>\n<h2 data-start=\"4608\" data-end=\"4655\">4. Pourquoi choisir le BH Atomx Lynx 8.7 ?<\/h2>\n<ul data-start=\"4657\" data-end=\"5221\">\n<li data-start=\"4657\" data-end=\"4814\">\n<p data-start=\"4659\" data-end=\"4814\"><strong data-start=\"4659\" data-end=\"4685\">Puissance et autonomie<\/strong> : avec le moteur BROSE SMag et la batterie 720\u202fWh, ce VTT assure une assistance efficace et de longues sorties sans recharger.<\/p>\n<\/li>\n<li data-start=\"4815\" data-end=\"4962\">\n<p data-start=\"4817\" data-end=\"4962\"><strong data-start=\"4817\" data-end=\"4843\">Polyvalence et confort<\/strong> : suspension totale 140 mm, pneus 29&Prime; et cadre carbone garantissent confort et contr\u00f4le, m\u00eame sur terrain accident\u00e9.<\/p>\n<\/li>\n<li data-start=\"4963\" data-end=\"5098\">\n<p data-start=\"4965\" data-end=\"5098\"><strong data-start=\"4965\" data-end=\"4993\">Composants haut de gamme<\/strong> : transmission Shimano Deore\/XT, freins puissants, composants robustes pour performance et durabilit\u00e9.<\/p>\n<\/li>\n<li data-start=\"5099\" data-end=\"5221\">\n<p data-start=\"5101\" data-end=\"5221\"><strong data-start=\"5101\" data-end=\"5124\">Confort et contr\u00f4le<\/strong> : g\u00e9om\u00e9trie pens\u00e9e pour un positionnement stable, contr\u00f4le pr\u00e9cis en mont\u00e9e comme en descente.<\/p>\n<\/li>\n<\/ul>\n<p data-start=\"5223\" data-end=\"5367\">Ce VTT s\u2019adresse autant aux v\u00e9t\u00e9tistes exp\u00e9riment\u00e9s qu\u2019aux amateurs d\u00e9sirant une machine polyvalente et performante pour tout type de terrain.<\/p>\n<h2 data-start=\"5374\" data-end=\"5411\"><\/h2>\n<h2 data-start=\"5374\" data-end=\"5411\">5. Conclusion &amp; appel \u00e0 l\u2019action<\/h2>\n<p data-start=\"5413\" data-end=\"5947\">Le <strong data-start=\"5416\" data-end=\"5448\">BH Atomx Lynx Carbon Pro 8.7<\/strong> est un <a href=\"https:\/\/e-veloboutique.fr\/vtt-electrique-cube-stereo-hybrid-vs-cube-reaction-hybrid-lequel-choisir-en-2025\/\"><strong data-start=\"5456\" data-end=\"5488\">VTT \u00e9lectrique tout\u2011suspendu<\/strong><\/a> haut de gamme, combinant un <strong data-start=\"5517\" data-end=\"5536\">moteur puissant<\/strong>, une <strong data-start=\"5542\" data-end=\"5562\">autonomie \u00e9lev\u00e9e<\/strong>, une <strong data-start=\"5568\" data-end=\"5591\">suspension compl\u00e8te<\/strong> et des <strong data-start=\"5599\" data-end=\"5624\">composants de qualit\u00e9<\/strong>. Si vous recherchez un <strong data-start=\"5648\" data-end=\"5689\">VTT \u00e9lectrique puissance moteur \u00e9lev\u00e9<\/strong> capable de vous accompagner sur les sentiers techniques, les mont\u00e9es ardues ou les longues randonn\u00e9es, ce mod\u00e8le est un choix d\u2019excellence..<\/p>\n<h2 data-start=\"5954\" data-end=\"5965\"><\/h2>\n<h2 data-start=\"5954\" data-end=\"5965\">6. FAQ<\/h2>\n<p data-start=\"5967\" data-end=\"6173\"><strong data-start=\"5967\" data-end=\"6008\">Q : \u00c0 quel usage est destin\u00e9 ce VTT\u202f?<\/strong><br data-start=\"6008\" data-end=\"6011\" \/>R : Il s\u2019agit d\u2019un VTT \u00e9lectrique tout\u2011suspendu, id\u00e9al pour le trail, l\u2019enduro, la randonn\u00e9e avec assistance, l\u2019exploration de terrains techniques ou vallonn\u00e9s.<\/p>\n<p data-start=\"6175\" data-end=\"6394\"><strong data-start=\"6175\" data-end=\"6219\">Q : Quelle autonomie offre la batterie\u202f?<\/strong><br data-start=\"6219\" data-end=\"6222\" \/>R : La batterie int\u00e9gr\u00e9e de 720\u202fWh permet, selon le mode d\u2019assistance et le type de parcours, une autonomie allant jusqu\u2019\u00e0 155\u202fkm.<\/p>\n<p data-start=\"6396\" data-end=\"6587\"><strong data-start=\"6396\" data-end=\"6445\">Q : Le cadre est\u2011il en carbone ou aluminium\u202f?<\/strong><br data-start=\"6445\" data-end=\"6448\" \/>R : Le cadre est en carbone, 29\u201d, avec routage interne des c\u00e2bles pour un fini sobre et efficace.<\/p>\n<p data-start=\"6589\" data-end=\"6755\"><strong data-start=\"6589\" data-end=\"6620\">Q : Quelle taille de roue\u202f?<\/strong><br data-start=\"6620\" data-end=\"6623\" \/>R : 29 pouces, pour un bon compromis entre roulage sur plat et franchissement d\u2019obstacles.<\/p>\n<p data-start=\"6757\" data-end=\"7036\"><strong data-start=\"6757\" data-end=\"6836\">Q : Est\u2011il adapt\u00e9 aux d\u00e9butants ou faut\u2011il d\u00e9j\u00e0 avoir de l\u2019exp\u00e9rience VTT\u202f?<\/strong><br data-start=\"6836\" data-end=\"6839\" \/>R : M\u00eame si ce VTT est plus orient\u00e9 vers des pratiquants exigeants, un d\u00e9butant d\u00e9termin\u00e9 peut l\u2019utiliser \u2014 l\u2019assistance \u00e9lectrique aide beaucoup, mais il faut savoir manier un VTT tout\u2011suspendu.<\/p>\n<h2 data-start=\"7043\" data-end=\"7094\"><\/h2>\n<p>Views: 1<\/p>","protected":false},"excerpt":{"rendered":"<ul data-start=\"7096\" data-end=\"7532\">\n<li data-start=\"7096\" data-end=\"7194\">\n<p data-start=\"7098\" data-end=\"7194\"><span style=\"color: #808000;\">VTT \u00e9lectrique tout\u2011suspendu hautes performances, puissance moteur \u00e9lev\u00e9e et autonomie 720\u202fWh.<\/span><\/p>\n<\/li>\n<li data-start=\"7195\" data-end=\"7297\">\n<p data-start=\"7197\" data-end=\"7297\"><span style=\"color: #808000;\">Suspension compl\u00e8te (fourche + amortisseur), cadre carbone 29\u2033 tr\u00e8s confortable sur terrain vari\u00e9.<\/span><\/p>\n<\/li>\n<li data-start=\"7298\" data-end=\"7410\">\n<p data-start=\"7300\" data-end=\"7410\"><span style=\"color: #808000;\">Transmission 1\u00d712 vitesses Shimano Deore\/XT fiable et freins \u00e0 disque hydrauliques pour un contr\u00f4le optimal.<\/span><\/p>\n<\/li>\n<li data-start=\"7411\" data-end=\"7532\">\n<p data-start=\"7413\" data-end=\"7532\"><span style=\"color: #808000;\">Batterie int\u00e9gr\u00e9e longue port\u00e9e (jusqu\u2019\u00e0 155\u202fkm), id\u00e9al pour longues randonn\u00e9es, trails techniques ou sorties enduro.<\/span><\/p>\n<\/li>\n<li data-start=\"7411\" data-end=\"7532\"><span style=\"color: #000000;\"><strong> N\u2019attendez plus \u2014 commandez votre BH Atomx Lynx 8.7 d\u00e8s aujourd\u2019hui et repoussez les limites de votre pratique VTT<\/strong><\/span><\/li>\n<\/ul>\n","protected":false},"featured_media":26212,"comment_status":"open","ping_status":"closed","template":"","meta":[],"product_brand":[],"product_cat":[17,249,25],"product_tag":[641,963,951],"class_list":{"0":"post-26260","1":"product","2":"type-product","3":"status-publish","4":"has-post-thumbnail","6":"product_cat-velos","7":"product_cat-vtt-electrique-tout-suspendu","8":"product_cat-vtt-electrique-tout-terrain-a-moteur-puissant","9":"product_tag-vtt-electrique","10":"product_tag-vtt-electrique-grande-autonomie","11":"product_tag-vtt-electrique-toutsuspendu","13":"first","14":"instock","15":"sale","16":"taxable","17":"shipping-taxable","18":"purchasable","19":"product-type-variable"},"yoast_head":"<!-- This site is optimized with the Yoast SEO plugin v27.5 - https:\/\/yoast.com\/product\/yoast-seo-wordpress\/ -->\n<title>VTT \u00e9lectrique puissance moteur \u00e9lev\u00e9 \u2013 BH Atomx Lynx 8.7 - e-veloboutique.fr<\/title>\n<meta name=\"description\" content=\"VTT \u00e9lectrique puissance moteur \u00e9lev\u00e9 : BH Atomx Lynx Carbon Pro\u202f8.7, tout\u2011suspendu, batterie 720\u202fWh. \u00e0 4759\u20ac. Un e\u2011MTB hautes performances.\" \/>\n<meta name=\"robots\" content=\"index, follow, max-snippet:-1, max-image-preview:large, max-video-preview:-1\" \/>\n<link rel=\"canonical\" href=\"https:\/\/e-veloboutique.fr\/?product=vtt-electrique-puissance-moteur-eleve-bh-atomx-lynx-8-7\" \/>\n<meta property=\"og:locale\" content=\"fr_FR\" \/>\n<meta property=\"og:type\" content=\"article\" \/>\n<meta property=\"og:title\" content=\"VTT \u00e9lectrique puissance moteur \u00e9lev\u00e9 \u2013 BH Atomx Lynx 8.7 - e-veloboutique.fr\" \/>\n<meta property=\"og:description\" content=\"VTT \u00e9lectrique puissance moteur \u00e9lev\u00e9 : BH Atomx Lynx Carbon Pro\u202f8.7, tout\u2011suspendu, batterie 720\u202fWh. \u00e0 4759\u20ac. Un e\u2011MTB hautes performances.\" \/>\n<meta property=\"og:url\" content=\"https:\/\/e-veloboutique.fr\/?product=vtt-electrique-puissance-moteur-eleve-bh-atomx-lynx-8-7\" \/>\n<meta property=\"og:site_name\" content=\"e-veloboutique.fr\" \/>\n<meta property=\"article:modified_time\" content=\"2025-12-05T09:42:39+00:00\" \/>\n<meta property=\"og:image\" content=\"https:\/\/e-veloboutique.fr\/wp-content\/uploads\/2025\/06\/VTT-Electrique-Tout-Suspendu-BH-Atomx-Lynx-BleuOrange-de-montagne-galerievelo.fr_.jpg\" \/>\n\t<meta property=\"og:image:width\" content=\"750\" \/>\n\t<meta property=\"og:image:height\" content=\"429\" \/>\n\t<meta property=\"og:image:type\" content=\"image\/jpeg\" \/>\n<meta name=\"twitter:card\" content=\"summary_large_image\" \/>\n<meta name=\"twitter:label1\" content=\"Dur\u00e9e de lecture estim\u00e9e\" \/>\n\t<meta name=\"twitter:data1\" content=\"5 minutes\" \/>\n<script type=\"application\/ld+json\" class=\"yoast-schema-graph\">{\"@context\":\"https:\\\/\\\/schema.org\",\"@graph\":[{\"@type\":\"WebPage\",\"@id\":\"https:\\\/\\\/e-veloboutique.fr\\\/?product=vtt-electrique-puissance-moteur-eleve-bh-atomx-lynx-8-7\",\"url\":\"https:\\\/\\\/e-veloboutique.fr\\\/?product=vtt-electrique-puissance-moteur-eleve-bh-atomx-lynx-8-7\",\"name\":\"VTT \u00e9lectrique puissance moteur \u00e9lev\u00e9 \u2013 BH Atomx Lynx 8.7 - e-veloboutique.fr\",\"isPartOf\":{\"@id\":\"https:\\\/\\\/e-veloboutique.fr\\\/#website\"},\"primaryImageOfPage\":{\"@id\":\"https:\\\/\\\/e-veloboutique.fr\\\/?product=vtt-electrique-puissance-moteur-eleve-bh-atomx-lynx-8-7#primaryimage\"},\"image\":{\"@id\":\"https:\\\/\\\/e-veloboutique.fr\\\/?product=vtt-electrique-puissance-moteur-eleve-bh-atomx-lynx-8-7#primaryimage\"},\"thumbnailUrl\":\"https:\\\/\\\/e-veloboutique.fr\\\/wp-content\\\/uploads\\\/2025\\\/06\\\/VTT-Electrique-Tout-Suspendu-BH-Atomx-Lynx-BleuOrange-de-montagne-galerievelo.fr_.jpg\",\"datePublished\":\"2025-06-12T15:22:27+00:00\",\"dateModified\":\"2025-12-05T09:42:39+00:00\",\"description\":\"VTT \u00e9lectrique puissance moteur \u00e9lev\u00e9 : BH Atomx Lynx Carbon Pro\u202f8.7, tout\u2011suspendu, batterie 720\u202fWh. \u00e0 4759\u20ac. Un e\u2011MTB hautes performances.\",\"breadcrumb\":{\"@id\":\"https:\\\/\\\/e-veloboutique.fr\\\/?product=vtt-electrique-puissance-moteur-eleve-bh-atomx-lynx-8-7#breadcrumb\"},\"inLanguage\":\"fr-FR\",\"potentialAction\":[{\"@type\":\"ReadAction\",\"target\":[\"https:\\\/\\\/e-veloboutique.fr\\\/?product=vtt-electrique-puissance-moteur-eleve-bh-atomx-lynx-8-7\"]}]},{\"@type\":\"ImageObject\",\"inLanguage\":\"fr-FR\",\"@id\":\"https:\\\/\\\/e-veloboutique.fr\\\/?product=vtt-electrique-puissance-moteur-eleve-bh-atomx-lynx-8-7#primaryimage\",\"url\":\"https:\\\/\\\/e-veloboutique.fr\\\/wp-content\\\/uploads\\\/2025\\\/06\\\/VTT-Electrique-Tout-Suspendu-BH-Atomx-Lynx-BleuOrange-de-montagne-galerievelo.fr_.jpg\",\"contentUrl\":\"https:\\\/\\\/e-veloboutique.fr\\\/wp-content\\\/uploads\\\/2025\\\/06\\\/VTT-Electrique-Tout-Suspendu-BH-Atomx-Lynx-BleuOrange-de-montagne-galerievelo.fr_.jpg\",\"width\":750,\"height\":429,\"caption\":\"Meilleur VTT \u00e9lectrique autonomie 80 km Meilleur v\u00e9lo \u00e0 autonomie robuste : BH AtomX Lynx Carbon Pro 8.7 VTT \u00e9lectrique puissance moteur \u00e9lev\u00e9 \u2013 BH Atomx Lynx 8.7\"},{\"@type\":\"BreadcrumbList\",\"@id\":\"https:\\\/\\\/e-veloboutique.fr\\\/?product=vtt-electrique-puissance-moteur-eleve-bh-atomx-lynx-8-7#breadcrumb\",\"itemListElement\":[{\"@type\":\"ListItem\",\"position\":1,\"name\":\"Accueil\",\"item\":\"https:\\\/\\\/e-veloboutique.fr\\\/\"},{\"@type\":\"ListItem\",\"position\":2,\"name\":\"Produits\",\"item\":\"https:\\\/\\\/e-veloboutique.fr\\\/shop\\\/\"},{\"@type\":\"ListItem\",\"position\":3,\"name\":\"V\u00e9los \u00e9lectriques\",\"item\":\"https:\\\/\\\/e-veloboutique.fr\\\/?product_cat=velos\"},{\"@type\":\"ListItem\",\"position\":4,\"name\":\"VTT Electrique Tout-Suspendu BH Atomx Lynx Carbon Pro 8.7 Shimano Deore\\\/XT 12V 720 Wh 29\u00a0\u00bb Bleu\\\/Orange\"}]},{\"@type\":\"WebSite\",\"@id\":\"https:\\\/\\\/e-veloboutique.fr\\\/#website\",\"url\":\"https:\\\/\\\/e-veloboutique.fr\\\/\",\"name\":\"E-velos\",\"description\":\"\",\"publisher\":{\"@id\":\"https:\\\/\\\/e-veloboutique.fr\\\/#organization\"},\"potentialAction\":[{\"@type\":\"SearchAction\",\"target\":{\"@type\":\"EntryPoint\",\"urlTemplate\":\"https:\\\/\\\/e-veloboutique.fr\\\/?s={search_term_string}\"},\"query-input\":{\"@type\":\"PropertyValueSpecification\",\"valueRequired\":true,\"valueName\":\"search_term_string\"}}],\"inLanguage\":\"fr-FR\"},{\"@type\":\"Organization\",\"@id\":\"https:\\\/\\\/e-veloboutique.fr\\\/#organization\",\"name\":\"e-veloboutique.fr\",\"url\":\"https:\\\/\\\/e-veloboutique.fr\\\/\",\"logo\":{\"@type\":\"ImageObject\",\"inLanguage\":\"fr-FR\",\"@id\":\"https:\\\/\\\/e-veloboutique.fr\\\/#\\\/schema\\\/logo\\\/image\\\/\",\"url\":\"https:\\\/\\\/e-veloboutique.fr\\\/wp-content\\\/uploads\\\/2024\\\/12\\\/evelos-boutique.jpg\",\"contentUrl\":\"https:\\\/\\\/e-veloboutique.fr\\\/wp-content\\\/uploads\\\/2024\\\/12\\\/evelos-boutique.jpg\",\"width\":75,\"height\":75,\"caption\":\"e-veloboutique.fr\"},\"image\":{\"@id\":\"https:\\\/\\\/e-veloboutique.fr\\\/#\\\/schema\\\/logo\\\/image\\\/\"}}]}<\/script>\n<!-- \/ Yoast SEO plugin. -->","yoast_head_json":{"title":"VTT \u00e9lectrique puissance moteur \u00e9lev\u00e9 \u2013 BH Atomx Lynx 8.7 - e-veloboutique.fr","description":"VTT \u00e9lectrique puissance moteur \u00e9lev\u00e9 : BH Atomx Lynx Carbon Pro\u202f8.7, tout\u2011suspendu, batterie 720\u202fWh. \u00e0 4759\u20ac. Un e\u2011MTB hautes performances.","robots":{"index":"index","follow":"follow","max-snippet":"max-snippet:-1","max-image-preview":"max-image-preview:large","max-video-preview":"max-video-preview:-1"},"canonical":"https:\/\/e-veloboutique.fr\/?product=vtt-electrique-puissance-moteur-eleve-bh-atomx-lynx-8-7","og_locale":"fr_FR","og_type":"article","og_title":"VTT \u00e9lectrique puissance moteur \u00e9lev\u00e9 \u2013 BH Atomx Lynx 8.7 - e-veloboutique.fr","og_description":"VTT \u00e9lectrique puissance moteur \u00e9lev\u00e9 : BH Atomx Lynx Carbon Pro\u202f8.7, tout\u2011suspendu, batterie 720\u202fWh. \u00e0 4759\u20ac. Un e\u2011MTB hautes performances.","og_url":"https:\/\/e-veloboutique.fr\/?product=vtt-electrique-puissance-moteur-eleve-bh-atomx-lynx-8-7","og_site_name":"e-veloboutique.fr","article_modified_time":"2025-12-05T09:42:39+00:00","og_image":[{"width":750,"height":429,"url":"https:\/\/e-veloboutique.fr\/wp-content\/uploads\/2025\/06\/VTT-Electrique-Tout-Suspendu-BH-Atomx-Lynx-BleuOrange-de-montagne-galerievelo.fr_.jpg","type":"image\/jpeg"}],"twitter_card":"summary_large_image","twitter_misc":{"Dur\u00e9e de lecture estim\u00e9e":"5 minutes"},"schema":{"@context":"https:\/\/schema.org","@graph":[{"@type":"WebPage","@id":"https:\/\/e-veloboutique.fr\/?product=vtt-electrique-puissance-moteur-eleve-bh-atomx-lynx-8-7","url":"https:\/\/e-veloboutique.fr\/?product=vtt-electrique-puissance-moteur-eleve-bh-atomx-lynx-8-7","name":"VTT \u00e9lectrique puissance moteur \u00e9lev\u00e9 \u2013 BH Atomx Lynx 8.7 - e-veloboutique.fr","isPartOf":{"@id":"https:\/\/e-veloboutique.fr\/#website"},"primaryImageOfPage":{"@id":"https:\/\/e-veloboutique.fr\/?product=vtt-electrique-puissance-moteur-eleve-bh-atomx-lynx-8-7#primaryimage"},"image":{"@id":"https:\/\/e-veloboutique.fr\/?product=vtt-electrique-puissance-moteur-eleve-bh-atomx-lynx-8-7#primaryimage"},"thumbnailUrl":"https:\/\/e-veloboutique.fr\/wp-content\/uploads\/2025\/06\/VTT-Electrique-Tout-Suspendu-BH-Atomx-Lynx-BleuOrange-de-montagne-galerievelo.fr_.jpg","datePublished":"2025-06-12T15:22:27+00:00","dateModified":"2025-12-05T09:42:39+00:00","description":"VTT \u00e9lectrique puissance moteur \u00e9lev\u00e9 : BH Atomx Lynx Carbon Pro\u202f8.7, tout\u2011suspendu, batterie 720\u202fWh. \u00e0 4759\u20ac. Un e\u2011MTB hautes performances.","breadcrumb":{"@id":"https:\/\/e-veloboutique.fr\/?product=vtt-electrique-puissance-moteur-eleve-bh-atomx-lynx-8-7#breadcrumb"},"inLanguage":"fr-FR","potentialAction":[{"@type":"ReadAction","target":["https:\/\/e-veloboutique.fr\/?product=vtt-electrique-puissance-moteur-eleve-bh-atomx-lynx-8-7"]}]},{"@type":"ImageObject","inLanguage":"fr-FR","@id":"https:\/\/e-veloboutique.fr\/?product=vtt-electrique-puissance-moteur-eleve-bh-atomx-lynx-8-7#primaryimage","url":"https:\/\/e-veloboutique.fr\/wp-content\/uploads\/2025\/06\/VTT-Electrique-Tout-Suspendu-BH-Atomx-Lynx-BleuOrange-de-montagne-galerievelo.fr_.jpg","contentUrl":"https:\/\/e-veloboutique.fr\/wp-content\/uploads\/2025\/06\/VTT-Electrique-Tout-Suspendu-BH-Atomx-Lynx-BleuOrange-de-montagne-galerievelo.fr_.jpg","width":750,"height":429,"caption":"Meilleur VTT \u00e9lectrique autonomie 80 km Meilleur v\u00e9lo \u00e0 autonomie robuste : BH AtomX Lynx Carbon Pro 8.7 VTT \u00e9lectrique puissance moteur \u00e9lev\u00e9 \u2013 BH Atomx Lynx 8.7"},{"@type":"BreadcrumbList","@id":"https:\/\/e-veloboutique.fr\/?product=vtt-electrique-puissance-moteur-eleve-bh-atomx-lynx-8-7#breadcrumb","itemListElement":[{"@type":"ListItem","position":1,"name":"Accueil","item":"https:\/\/e-veloboutique.fr\/"},{"@type":"ListItem","position":2,"name":"Produits","item":"https:\/\/e-veloboutique.fr\/shop\/"},{"@type":"ListItem","position":3,"name":"V\u00e9los \u00e9lectriques","item":"https:\/\/e-veloboutique.fr\/?product_cat=velos"},{"@type":"ListItem","position":4,"name":"VTT Electrique Tout-Suspendu BH Atomx Lynx Carbon Pro 8.7 Shimano Deore\/XT 12V 720 Wh 29\u00a0\u00bb Bleu\/Orange"}]},{"@type":"WebSite","@id":"https:\/\/e-veloboutique.fr\/#website","url":"https:\/\/e-veloboutique.fr\/","name":"E-velos","description":"","publisher":{"@id":"https:\/\/e-veloboutique.fr\/#organization"},"potentialAction":[{"@type":"SearchAction","target":{"@type":"EntryPoint","urlTemplate":"https:\/\/e-veloboutique.fr\/?s={search_term_string}"},"query-input":{"@type":"PropertyValueSpecification","valueRequired":true,"valueName":"search_term_string"}}],"inLanguage":"fr-FR"},{"@type":"Organization","@id":"https:\/\/e-veloboutique.fr\/#organization","name":"e-veloboutique.fr","url":"https:\/\/e-veloboutique.fr\/","logo":{"@type":"ImageObject","inLanguage":"fr-FR","@id":"https:\/\/e-veloboutique.fr\/#\/schema\/logo\/image\/","url":"https:\/\/e-veloboutique.fr\/wp-content\/uploads\/2024\/12\/evelos-boutique.jpg","contentUrl":"https:\/\/e-veloboutique.fr\/wp-content\/uploads\/2024\/12\/evelos-boutique.jpg","width":75,"height":75,"caption":"e-veloboutique.fr"},"image":{"@id":"https:\/\/e-veloboutique.fr\/#\/schema\/logo\/image\/"}}]}},"_links":{"self":[{"href":"https:\/\/e-veloboutique.fr\/index.php?rest_route=\/wp\/v2\/product\/26260","targetHints":{"allow":["GET"]}}],"collection":[{"href":"https:\/\/e-veloboutique.fr\/index.php?rest_route=\/wp\/v2\/product"}],"about":[{"href":"https:\/\/e-veloboutique.fr\/index.php?rest_route=\/wp\/v2\/types\/product"}],"replies":[{"embeddable":true,"href":"https:\/\/e-veloboutique.fr\/index.php?rest_route=%2Fwp%2Fv2%2Fcomments&post=26260"}],"version-history":[{"count":2,"href":"https:\/\/e-veloboutique.fr\/index.php?rest_route=\/wp\/v2\/product\/26260\/revisions"}],"predecessor-version":[{"id":36024,"href":"https:\/\/e-veloboutique.fr\/index.php?rest_route=\/wp\/v2\/product\/26260\/revisions\/36024"}],"wp:featuredmedia":[{"embeddable":true,"href":"https:\/\/e-veloboutique.fr\/index.php?rest_route=\/wp\/v2\/media\/26212"}],"wp:attachment":[{"href":"https:\/\/e-veloboutique.fr\/index.php?rest_route=%2Fwp%2Fv2%2Fmedia&parent=26260"}],"wp:term":[{"taxonomy":"product_brand","embeddable":true,"href":"https:\/\/e-veloboutique.fr\/index.php?rest_route=%2Fwp%2Fv2%2Fproduct_brand&post=26260"},{"taxonomy":"product_cat","embeddable":true,"href":"https:\/\/e-veloboutique.fr\/index.php?rest_route=%2Fwp%2Fv2%2Fproduct_cat&post=26260"},{"taxonomy":"product_tag","embeddable":true,"href":"https:\/\/e-veloboutique.fr\/index.php?rest_route=%2Fwp%2Fv2%2Fproduct_tag&post=26260"}],"curies":[{"name":"wp","href":"https:\/\/api.w.org\/{rel}","templated":true}]}}