{"id":28014,"date":"2025-06-12T15:48:56","date_gmt":"2025-06-12T15:48:56","guid":{"rendered":"https:\/\/e-veloboutique.fr\/home\/non%20class\u00e9\/vtt-electrique-cube-reaction-hybrid-performance-625-swampgreynblack-4\/"},"modified":"2025-10-17T04:16:58","modified_gmt":"2025-10-17T04:16:58","slug":"vtt-electrique-vtt-electrique-meilleure-autonomie-100km","status":"publish","type":"product","link":"https:\/\/e-veloboutique.fr\/?product=vtt-electrique-vtt-electrique-meilleure-autonomie-100km","title":{"rendered":"VTT \u00e9lectrique semi-rigide Cube reaction hybrid performance 625 swampgrey\u00b4n\u00b4black"},"content":{"rendered":"<h2 data-start=\"500\" data-end=\"537\">\ud83d\udee0\ufe0f Description Technique et Usage<\/h2>\n<p data-start=\"539\" data-end=\"1118\">Le Cube Reaction Hybrid Performance 625 Swampgrey&rsquo;n&rsquo;Black est un <strong><a href=\"https:\/\/e-veloboutique.fr\/vtt-electriques-pliants-en-2025-les-meilleurs-pour-les-trajets-urbains\/\">VTT \u00e9lectrique<\/a> semi-rigide<\/strong> con\u00e7u pour les cyclistes recherchant performance et autonomie. \u00c9quip\u00e9 d&rsquo;un moteur Bosch Performance Line Gen3 de 75 Nm et d&rsquo;une batterie Bosch PowerTube 625 Wh, Vtt \u00e9lectrique meilleure autonomie 100km offre une assistance fluide et puissante, id\u00e9ale pour des trajets allant jusqu&rsquo;\u00e0 100 km selon le mode d&rsquo;assistance et le terrain. Sa fourche SR Suntour NVX30 Coil de 100 mm assure un confort optimal sur terrains vari\u00e9s. Avec son cadre en aluminium Superlite et sa g\u00e9om\u00e9trie Agile Ride, il garantit stabilit\u00e9 et maniabilit\u00e9.<\/p>\n<h2 data-start=\"1125\" data-end=\"1148\"><\/h2>\n<h2 data-start=\"1125\" data-end=\"1148\">\ud83d\udcca Tableau Technique<\/h2>\n<div class=\"_tableContainer_1rjym_1\">\n<div class=\"group _tableWrapper_1rjym_13 flex w-fit flex-col-reverse\" tabindex=\"-1\">\n<table class=\"w-fit min-w-(--thread-content-width)\" data-start=\"1150\" data-end=\"3488\">\n<thead data-start=\"1150\" data-end=\"1251\">\n<tr data-start=\"1150\" data-end=\"1251\">\n<th data-start=\"1150\" data-end=\"1172\" data-col-size=\"sm\">\u00c9l\u00e9ment<\/th>\n<th data-start=\"1172\" data-end=\"1251\" data-col-size=\"md\">Description<\/th>\n<\/tr>\n<\/thead>\n<tbody data-start=\"1354\" data-end=\"3488\">\n<tr data-start=\"1354\" data-end=\"1455\">\n<td data-start=\"1354\" data-end=\"1376\" data-col-size=\"sm\"><strong data-start=\"1356\" data-end=\"1375\">Type de produit<\/strong><\/td>\n<td data-start=\"1376\" data-end=\"1455\" data-col-size=\"md\"><a href=\"https:\/\/e-veloboutique.fr\/vtt-electriques-pliants-en-2025-les-meilleurs-pour-les-trajets-urbains\/\">VTT \u00c9lectrique<\/a> Semi-Rigide<\/td>\n<\/tr>\n<tr data-start=\"1456\" data-end=\"1557\">\n<td data-start=\"1456\" data-end=\"1478\" data-col-size=\"sm\"><strong data-start=\"1458\" data-end=\"1469\">Tailles<\/strong><\/td>\n<td data-start=\"1478\" data-end=\"1557\" data-col-size=\"md\">XS, S, M, L, XL<\/td>\n<\/tr>\n<tr data-start=\"1558\" data-end=\"1659\">\n<td data-start=\"1558\" data-end=\"1580\" data-col-size=\"sm\"><strong data-start=\"1560\" data-end=\"1570\">Moteur<\/strong><\/td>\n<td data-start=\"1580\" data-end=\"1659\" data-col-size=\"md\"><a href=\"https:\/\/e-veloboutique.fr\/home\/pieces-detachees\/moteur-de-velo-electrique-puissant\/le-moteur-velos-haute-performance-bosch-performance-line-cx-smart-system\/\">Bosch Performance Line Gen3<\/a> (75 Nm) \u2013 Moteur central, assistance fluide<\/td>\n<\/tr>\n<tr data-start=\"1660\" data-end=\"1761\">\n<td data-start=\"1660\" data-end=\"1682\" data-col-size=\"sm\"><strong data-start=\"1662\" data-end=\"1673\">Fourche<\/strong><\/td>\n<td data-start=\"1682\" data-end=\"1761\" data-col-size=\"md\">SR Suntour NVX30 Coil, 100 mm de d\u00e9battement<\/td>\n<\/tr>\n<tr data-start=\"1762\" data-end=\"1863\">\n<td data-start=\"1762\" data-end=\"1784\" data-col-size=\"sm\"><strong data-start=\"1764\" data-end=\"1773\">Roues<\/strong><\/td>\n<td data-start=\"1784\" data-end=\"1863\" data-col-size=\"md\">Jantes CUBE EX25, 32 rayons, Tubeless Ready<\/td>\n<\/tr>\n<tr data-start=\"1864\" data-end=\"1965\">\n<td data-start=\"1864\" data-end=\"1886\" data-col-size=\"sm\"><strong data-start=\"1866\" data-end=\"1875\">Pneus<\/strong><\/td>\n<td data-start=\"1886\" data-end=\"1965\" data-col-size=\"md\">Schwalbe Smart Sam, 2.35&Prime;<\/td>\n<\/tr>\n<tr data-start=\"1966\" data-end=\"2066\">\n<td data-start=\"1966\" data-end=\"1988\" data-col-size=\"sm\"><strong data-start=\"1968\" data-end=\"1980\">Cassette<\/strong><\/td>\n<td data-start=\"1988\" data-end=\"2066\" data-col-size=\"md\">Shimano Cues CS-LG300, 11-46T<\/td>\n<\/tr>\n<tr data-start=\"2067\" data-end=\"2167\">\n<td data-start=\"2067\" data-end=\"2089\" data-col-size=\"sm\"><strong data-start=\"2069\" data-end=\"2081\">P\u00e9dalier<\/strong><\/td>\n<td data-start=\"2089\" data-end=\"2167\" data-col-size=\"md\">ACID MTB Hybrid, 38T<\/td>\n<\/tr>\n<tr data-start=\"2168\" data-end=\"2268\">\n<td data-start=\"2168\" data-end=\"2190\" data-col-size=\"sm\"><strong data-start=\"2170\" data-end=\"2184\">D\u00e9railleur<\/strong><\/td>\n<td data-start=\"2190\" data-end=\"2268\" data-col-size=\"md\">Shimano Cues RD-U4000-GS, 9 vitesses<\/td>\n<\/tr>\n<tr data-start=\"2269\" data-end=\"2370\">\n<td data-start=\"2269\" data-end=\"2291\" data-col-size=\"sm\"><strong data-start=\"2271\" data-end=\"2283\">Manettes<\/strong><\/td>\n<td data-start=\"2291\" data-end=\"2370\" data-col-size=\"md\">Shimano Cues SL-U4010, Rapidfire-Plus<\/td>\n<\/tr>\n<tr data-start=\"2371\" data-end=\"2472\">\n<td data-start=\"2371\" data-end=\"2393\" data-col-size=\"sm\"><strong data-start=\"2373\" data-end=\"2383\">Freins<\/strong><\/td>\n<td data-start=\"2393\" data-end=\"2472\" data-col-size=\"md\">Shimano BR-MT200\/UR300, Hydr. Disc Brake, PM\/FM (180\/180)<\/td>\n<\/tr>\n<tr data-start=\"2473\" data-end=\"2573\">\n<td data-start=\"2473\" data-end=\"2495\" data-col-size=\"sm\"><strong data-start=\"2475\" data-end=\"2484\">Selle<\/strong><\/td>\n<td data-start=\"2495\" data-end=\"2573\" data-col-size=\"md\">ACID Sequence Pro 160<\/td>\n<\/tr>\n<tr data-start=\"2574\" data-end=\"2675\">\n<td data-start=\"2574\" data-end=\"2596\" data-col-size=\"sm\"><strong data-start=\"2576\" data-end=\"2593\">Tige de selle<\/strong><\/td>\n<td data-start=\"2596\" data-end=\"2675\" data-col-size=\"md\">CUBE Performance, rigide<\/td>\n<\/tr>\n<tr data-start=\"2676\" data-end=\"2776\">\n<td data-start=\"2676\" data-end=\"2698\" data-col-size=\"sm\"><strong data-start=\"2678\" data-end=\"2689\">Potence<\/strong><\/td>\n<td data-start=\"2698\" data-end=\"2776\" data-col-size=\"md\">CUBE Performance E-MTB, 31.8 mm<\/td>\n<\/tr>\n<tr data-start=\"2777\" data-end=\"2877\">\n<td data-start=\"2777\" data-end=\"2799\" data-col-size=\"sm\"><strong data-start=\"2779\" data-end=\"2789\">Cintre<\/strong><\/td>\n<td data-start=\"2799\" data-end=\"2877\" data-col-size=\"md\">CUBE Rise Trail Bar Pro, 740 mm<\/td>\n<\/tr>\n<tr data-start=\"2878\" data-end=\"2979\">\n<td data-start=\"2878\" data-end=\"2900\" data-col-size=\"sm\"><strong data-start=\"2880\" data-end=\"2892\">Batterie<\/strong><\/td>\n<td data-start=\"2900\" data-end=\"2979\" data-col-size=\"md\"><a href=\"https:\/\/e-veloboutique.fr\/capacite-batterie-velo-electrique\/\">Bosch PowerTube 625 Wh<\/a>, int\u00e9gr\u00e9e, 36 V<\/td>\n<\/tr>\n<tr data-start=\"2980\" data-end=\"3081\">\n<td data-start=\"2980\" data-end=\"3002\" data-col-size=\"sm\"><strong data-start=\"2982\" data-end=\"2995\">Affichage<\/strong><\/td>\n<td data-start=\"3002\" data-end=\"3081\" data-col-size=\"md\">Bosch Purion 200, int\u00e9gr\u00e9 au guidon<\/td>\n<\/tr>\n<tr data-start=\"3082\" data-end=\"3183\">\n<td data-start=\"3082\" data-end=\"3104\" data-col-size=\"sm\"><strong data-start=\"3084\" data-end=\"3093\">Cadre<\/strong><\/td>\n<td data-start=\"3104\" data-end=\"3183\" data-col-size=\"md\">Aluminium Superlite, Gravity Casting, Agile Ride Geometry<\/td>\n<\/tr>\n<tr data-start=\"3184\" data-end=\"3285\">\n<td data-start=\"3184\" data-end=\"3206\" data-col-size=\"sm\"><strong data-start=\"3186\" data-end=\"3195\">Poids<\/strong><\/td>\n<td data-start=\"3206\" data-end=\"3285\" data-col-size=\"md\">24,7 kg<\/td>\n<\/tr>\n<tr data-start=\"3286\" data-end=\"3385\">\n<td data-start=\"3286\" data-end=\"3312\" data-col-size=\"sm\"><strong data-start=\"3288\" data-end=\"3311\">Poids max. autoris\u00e9<\/strong><\/td>\n<td data-start=\"3312\" data-end=\"3385\" data-col-size=\"md\">140 kg<\/td>\n<\/tr>\n<tr data-start=\"3386\" data-end=\"3488\">\n<td data-start=\"3386\" data-end=\"3408\" data-col-size=\"sm\"><strong data-start=\"3388\" data-end=\"3405\">Gamme \/ Ann\u00e9e<\/strong><\/td>\n<td data-start=\"3408\" data-end=\"3488\" data-col-size=\"md\">2025<\/td>\n<\/tr>\n<\/tbody>\n<\/table>\n<\/div>\n<\/div>\n<h2 data-start=\"3661\" data-end=\"3710\"><\/h2>\n<h2 data-start=\"3661\" data-end=\"3710\">\u2699\ufe0f Tableau Comparatif avec Mod\u00e8les Concurrents<\/h2>\n<div class=\"_tableContainer_1rjym_1\">\n<div class=\"group _tableWrapper_1rjym_13 flex w-fit flex-col-reverse\" tabindex=\"-1\">\n<table class=\"w-fit min-w-(--thread-content-width)\" data-start=\"3712\" data-end=\"4419\">\n<thead data-start=\"3712\" data-end=\"3847\">\n<tr data-start=\"3712\" data-end=\"3847\">\n<th data-start=\"3712\" data-end=\"3751\" data-col-size=\"sm\">Mod\u00e8le<\/th>\n<th data-start=\"3751\" data-end=\"3778\" data-col-size=\"sm\">Moteur<\/th>\n<th data-start=\"3778\" data-end=\"3793\" data-col-size=\"sm\">Batterie<\/th>\n<th data-start=\"3793\" data-end=\"3812\" data-col-size=\"sm\">Transmission<\/th>\n<th data-start=\"3812\" data-end=\"3825\" data-col-size=\"sm\">Suspension<\/th>\n<th data-start=\"3825\" data-end=\"3835\" data-col-size=\"sm\">Poids<\/th>\n<th data-start=\"3835\" data-end=\"3847\" data-col-size=\"sm\">Prix TTC<\/th>\n<\/tr>\n<\/thead>\n<tbody data-start=\"3984\" data-end=\"4419\">\n<tr data-start=\"3984\" data-end=\"4124\">\n<td data-start=\"3984\" data-end=\"4024\" data-col-size=\"sm\">Cube Reaction Hybrid Performance 625<\/td>\n<td data-start=\"4024\" data-end=\"4051\" data-col-size=\"sm\">Bosch Performance Line<\/td>\n<td data-start=\"4051\" data-end=\"4066\" data-col-size=\"sm\">625 Wh<\/td>\n<td data-start=\"4066\" data-end=\"4087\" data-col-size=\"sm\">Shimano 9 vitesses<\/td>\n<td data-start=\"4087\" data-end=\"4102\" data-col-size=\"sm\">Avant 100 mm<\/td>\n<td data-start=\"4102\" data-end=\"4112\" data-col-size=\"sm\">24,7 kg<\/td>\n<td data-start=\"4112\" data-end=\"4124\" data-col-size=\"sm\">3 299 \u20ac<\/td>\n<\/tr>\n<tr data-start=\"4125\" data-end=\"4272\">\n<td data-start=\"4125\" data-end=\"4165\" data-col-size=\"sm\">Trek Powerfly 4<\/td>\n<td data-start=\"4165\" data-end=\"4192\" data-col-size=\"sm\">Bosch Performance CX<\/td>\n<td data-start=\"4192\" data-end=\"4207\" data-col-size=\"sm\">625 Wh<\/td>\n<td data-start=\"4207\" data-end=\"4235\" data-col-size=\"sm\">Shimano Deore 10 vitesses<\/td>\n<td data-start=\"4235\" data-end=\"4250\" data-col-size=\"sm\">Avant 100 mm<\/td>\n<td data-start=\"4250\" data-end=\"4260\" data-col-size=\"sm\">23,5 kg<\/td>\n<td data-start=\"4260\" data-end=\"4272\" data-col-size=\"sm\">3 399 \u20ac<\/td>\n<\/tr>\n<tr data-start=\"4273\" data-end=\"4419\">\n<td data-start=\"4273\" data-end=\"4312\" data-col-size=\"sm\"><a href=\"https:\/\/e-veloboutique.fr\/home\/velos\/vtt-electrique-tout-terrain-a-moteur-puissant\/vtt-electrique-tout-suspendu\/vtt-electrique-cube-vtt-performante-autonomie-stereo-hybrid-120-pro-625\/\">Bulls Copperhead EVO 3 625<\/a><\/td>\n<td data-start=\"4312\" data-end=\"4339\" data-col-size=\"sm\">Brose Drive S Mag<\/td>\n<td data-start=\"4339\" data-end=\"4354\" data-col-size=\"sm\">625 Wh<\/td>\n<td data-start=\"4354\" data-end=\"4382\" data-col-size=\"sm\">Shimano Deore 10 vitesses<\/td>\n<td data-start=\"4382\" data-end=\"4397\" data-col-size=\"sm\">Avant 100 mm<\/td>\n<td data-start=\"4397\" data-end=\"4407\" data-col-size=\"sm\">24,0 kg<\/td>\n<td data-start=\"4407\" data-end=\"4419\" data-col-size=\"sm\">3 499 \u20ac<\/td>\n<\/tr>\n<\/tbody>\n<\/table>\n<\/div>\n<\/div>\n<h2 data-start=\"4426\" data-end=\"4441\"><\/h2>\n<h2 data-start=\"4426\" data-end=\"4441\">\u2705 Conclusion<\/h2>\n<p data-start=\"4443\" data-end=\"4900\">Le Cube Reaction Hybrid Performance 625 Swampgrey&rsquo;n&rsquo;Black est un<a href=\"https:\/\/e-veloboutique.fr\/vtt-electriques-pliants-en-2025-les-meilleurs-pour-les-trajets-urbains\/\"> VTT \u00e9lectrique<\/a> semi-rigide offrant une autonomie jusqu&rsquo;\u00e0 100 km, id\u00e9al pour les cyclistes recherchant performance, confort et fiabilit\u00e9. Avec son moteur Bosch puissant, sa batterie de grande capacit\u00e9 et ses \u00e9quipements de qualit\u00e9, vtt \u00e9lectrique meilleure autonomie 100km est con\u00e7u pour affronter divers terrains avec aisance. Son design moderne et sa g\u00e9om\u00e9trie optimis\u00e9e assurent une exp\u00e9rience de conduite agr\u00e9able et s\u00e9curis\u00e9e.<\/p>\n<h2 data-start=\"4907\" data-end=\"4915\"><\/h2>\n<h2 data-start=\"4907\" data-end=\"4915\">\u2753 FAQ<\/h2>\n<p data-start=\"4917\" data-end=\"5104\"><strong data-start=\"4917\" data-end=\"4996\">Q : Quelle est l&rsquo;autonomie r\u00e9elle du Cube Reaction Hybrid Performance 625 ?<\/strong><br data-start=\"4996\" data-end=\"4999\" \/>R : L&rsquo;autonomie varie entre 80 et 100 km, selon le mode d&rsquo;assistance, le terrain et le poids du cycliste.<\/p>\n<p data-start=\"5106\" data-end=\"5293\"><strong data-start=\"5106\" data-end=\"5160\">Q : Ce VTT est-il adapt\u00e9 aux sentiers techniques ?<\/strong><br data-start=\"5160\" data-end=\"5163\" \/>R : Oui, gr\u00e2ce \u00e0 sa fourche de 100 mm et son moteur puissant, il offre une bonne stabilit\u00e9 et maniabilit\u00e9 sur terrains techniques.<\/p>\n<p data-start=\"5295\" data-end=\"5446\"><strong data-start=\"5295\" data-end=\"5358\">Q : Puis-je installer un porte-bagages ou des garde-boues ?<\/strong><br data-start=\"5358\" data-end=\"5361\" \/>R : Oui, le cadre est \u00e9quip\u00e9 de supports pour porte-bagages, garde-boues et b\u00e9quille.<\/p>\n<p>Views: 2<\/p>","protected":false},"excerpt":{"rendered":"<ul data-start=\"5491\" data-end=\"5875\">\n<li data-start=\"5491\" data-end=\"5582\">\n<p data-start=\"5493\" data-end=\"5582\"><span style=\"color: #808000;\"><strong data-start=\"5493\" data-end=\"5521\">Autonomie exceptionnelle<\/strong> : jusqu&rsquo;\u00e0 100 km gr\u00e2ce \u00e0 la batterie Bosch PowerTube 625 Wh.<\/span><\/p>\n<\/li>\n<li data-start=\"5583\" data-end=\"5683\">\n<p data-start=\"5585\" data-end=\"5683\"><span style=\"color: #808000;\"><strong data-start=\"5585\" data-end=\"5609\">Performance optimale<\/strong> : moteur Bosch Performance Line Gen3 de 75 Nm pour une assistance fluide.<\/span><\/p>\n<\/li>\n<li data-start=\"5684\" data-end=\"5771\">\n<p data-start=\"5686\" data-end=\"5771\"><span style=\"color: #808000;\"><strong data-start=\"5686\" data-end=\"5704\">Confort assur\u00e9<\/strong> : fourche SR Suntour NVX30 Coil de 100 mm pour absorber les chocs.<\/span><\/p>\n<\/li>\n<li data-start=\"5772\" data-end=\"5875\">\n<p data-start=\"5774\" data-end=\"5875\"><span style=\"color: #808000;\"><strong data-start=\"5774\" data-end=\"5792\">Design moderne<\/strong> : cadre en aluminium Superlite avec g\u00e9om\u00e9trie Agile Ride pour une conduite stable.<\/span><\/p>\n<\/li>\n<\/ul>\n","protected":false},"featured_media":27931,"comment_status":"open","ping_status":"closed","template":"","meta":[],"product_brand":[],"product_cat":[17,248,25],"product_tag":[],"class_list":{"0":"post-28014","1":"product","2":"type-product","3":"status-publish","4":"has-post-thumbnail","6":"product_cat-velos","7":"product_cat-vtt-motorise-semi-rigide","8":"product_cat-vtt-electrique-tout-terrain-a-moteur-puissant","10":"first","11":"instock","12":"taxable","13":"shipping-taxable","14":"purchasable","15":"product-type-variable"},"yoast_head":"<!-- This site is optimized with the Yoast SEO plugin v27.5 - https:\/\/yoast.com\/product\/yoast-seo-wordpress\/ -->\n<title>VTT \u00e9lectrique semi-rigide Cube reaction hybrid performance 625 swampgrey\u00b4n\u00b4black - e-veloboutique.fr<\/title>\n<meta name=\"description\" content=\"D\u00e9couvrez le Cube Reaction Hybrid Performance 625 Swampgrey&#039;n&#039;Black, un VTT offrant jusqu&#039;\u00e0 100 km d&#039;autonomie. Performances, confort \u00e0 3 299 euros.\" \/>\n<meta name=\"robots\" content=\"index, follow, max-snippet:-1, max-image-preview:large, max-video-preview:-1\" \/>\n<link rel=\"canonical\" href=\"https:\/\/e-veloboutique.fr\/?product=vtt-electrique-vtt-electrique-meilleure-autonomie-100km\" \/>\n<meta property=\"og:locale\" content=\"fr_FR\" \/>\n<meta property=\"og:type\" content=\"article\" \/>\n<meta property=\"og:title\" content=\"VTT \u00e9lectrique semi-rigide Cube reaction hybrid performance 625 swampgrey\u00b4n\u00b4black - e-veloboutique.fr\" \/>\n<meta property=\"og:description\" content=\"D\u00e9couvrez le Cube Reaction Hybrid Performance 625 Swampgrey&#039;n&#039;Black, un VTT offrant jusqu&#039;\u00e0 100 km d&#039;autonomie. Performances, confort \u00e0 3 299 euros.\" \/>\n<meta property=\"og:url\" content=\"https:\/\/e-veloboutique.fr\/?product=vtt-electrique-vtt-electrique-meilleure-autonomie-100km\" \/>\n<meta property=\"og:site_name\" content=\"e-veloboutique.fr\" \/>\n<meta property=\"article:modified_time\" content=\"2025-10-17T04:16:58+00:00\" \/>\n<meta property=\"og:image\" content=\"https:\/\/e-veloboutique.fr\/wp-content\/uploads\/2025\/06\/Vtt-electrique-Cube-reaction-hybrid-performance-625-poids-leger-galerievelo.fr_.jpg\" \/>\n\t<meta property=\"og:image:width\" content=\"650\" \/>\n\t<meta property=\"og:image:height\" content=\"372\" \/>\n\t<meta property=\"og:image:type\" content=\"image\/jpeg\" \/>\n<meta name=\"twitter:card\" content=\"summary_large_image\" \/>\n<meta name=\"twitter:label1\" content=\"Dur\u00e9e de lecture estim\u00e9e\" \/>\n\t<meta name=\"twitter:data1\" content=\"3 minutes\" \/>\n<script type=\"application\/ld+json\" class=\"yoast-schema-graph\">{\"@context\":\"https:\\\/\\\/schema.org\",\"@graph\":[{\"@type\":\"WebPage\",\"@id\":\"https:\\\/\\\/e-veloboutique.fr\\\/?product=vtt-electrique-vtt-electrique-meilleure-autonomie-100km\",\"url\":\"https:\\\/\\\/e-veloboutique.fr\\\/?product=vtt-electrique-vtt-electrique-meilleure-autonomie-100km\",\"name\":\"VTT \u00e9lectrique semi-rigide Cube reaction hybrid performance 625 swampgrey\u00b4n\u00b4black - e-veloboutique.fr\",\"isPartOf\":{\"@id\":\"https:\\\/\\\/e-veloboutique.fr\\\/#website\"},\"primaryImageOfPage\":{\"@id\":\"https:\\\/\\\/e-veloboutique.fr\\\/?product=vtt-electrique-vtt-electrique-meilleure-autonomie-100km#primaryimage\"},\"image\":{\"@id\":\"https:\\\/\\\/e-veloboutique.fr\\\/?product=vtt-electrique-vtt-electrique-meilleure-autonomie-100km#primaryimage\"},\"thumbnailUrl\":\"https:\\\/\\\/e-veloboutique.fr\\\/wp-content\\\/uploads\\\/2025\\\/06\\\/Vtt-electrique-Cube-reaction-hybrid-performance-625-poids-leger-galerievelo.fr_.jpg\",\"datePublished\":\"2025-06-12T15:48:56+00:00\",\"dateModified\":\"2025-10-17T04:16:58+00:00\",\"description\":\"D\u00e9couvrez le Cube Reaction Hybrid Performance 625 Swampgrey'n'Black, un VTT offrant jusqu'\u00e0 100 km d'autonomie. Performances, confort \u00e0 3 299 euros.\",\"breadcrumb\":{\"@id\":\"https:\\\/\\\/e-veloboutique.fr\\\/?product=vtt-electrique-vtt-electrique-meilleure-autonomie-100km#breadcrumb\"},\"inLanguage\":\"fr-FR\",\"potentialAction\":[{\"@type\":\"ReadAction\",\"target\":[\"https:\\\/\\\/e-veloboutique.fr\\\/?product=vtt-electrique-vtt-electrique-meilleure-autonomie-100km\"]}]},{\"@type\":\"ImageObject\",\"inLanguage\":\"fr-FR\",\"@id\":\"https:\\\/\\\/e-veloboutique.fr\\\/?product=vtt-electrique-vtt-electrique-meilleure-autonomie-100km#primaryimage\",\"url\":\"https:\\\/\\\/e-veloboutique.fr\\\/wp-content\\\/uploads\\\/2025\\\/06\\\/Vtt-electrique-Cube-reaction-hybrid-performance-625-poids-leger-galerievelo.fr_.jpg\",\"contentUrl\":\"https:\\\/\\\/e-veloboutique.fr\\\/wp-content\\\/uploads\\\/2025\\\/06\\\/Vtt-electrique-Cube-reaction-hybrid-performance-625-poids-leger-galerievelo.fr_.jpg\",\"width\":650,\"height\":372,\"caption\":\"vtt \u00e9lectrique meilleure autonomie 100km\"},{\"@type\":\"BreadcrumbList\",\"@id\":\"https:\\\/\\\/e-veloboutique.fr\\\/?product=vtt-electrique-vtt-electrique-meilleure-autonomie-100km#breadcrumb\",\"itemListElement\":[{\"@type\":\"ListItem\",\"position\":1,\"name\":\"Accueil\",\"item\":\"https:\\\/\\\/e-veloboutique.fr\\\/\"},{\"@type\":\"ListItem\",\"position\":2,\"name\":\"Produits\",\"item\":\"https:\\\/\\\/e-veloboutique.fr\\\/shop\\\/\"},{\"@type\":\"ListItem\",\"position\":3,\"name\":\"V\u00e9los \u00e9lectriques\",\"item\":\"https:\\\/\\\/e-veloboutique.fr\\\/?product_cat=velos\"},{\"@type\":\"ListItem\",\"position\":4,\"name\":\"VTT \u00e9lectrique semi-rigide Cube reaction hybrid performance 625 swampgrey\u00b4n\u00b4black\"}]},{\"@type\":\"WebSite\",\"@id\":\"https:\\\/\\\/e-veloboutique.fr\\\/#website\",\"url\":\"https:\\\/\\\/e-veloboutique.fr\\\/\",\"name\":\"E-velos\",\"description\":\"\",\"publisher\":{\"@id\":\"https:\\\/\\\/e-veloboutique.fr\\\/#organization\"},\"potentialAction\":[{\"@type\":\"SearchAction\",\"target\":{\"@type\":\"EntryPoint\",\"urlTemplate\":\"https:\\\/\\\/e-veloboutique.fr\\\/?s={search_term_string}\"},\"query-input\":{\"@type\":\"PropertyValueSpecification\",\"valueRequired\":true,\"valueName\":\"search_term_string\"}}],\"inLanguage\":\"fr-FR\"},{\"@type\":\"Organization\",\"@id\":\"https:\\\/\\\/e-veloboutique.fr\\\/#organization\",\"name\":\"e-veloboutique.fr\",\"url\":\"https:\\\/\\\/e-veloboutique.fr\\\/\",\"logo\":{\"@type\":\"ImageObject\",\"inLanguage\":\"fr-FR\",\"@id\":\"https:\\\/\\\/e-veloboutique.fr\\\/#\\\/schema\\\/logo\\\/image\\\/\",\"url\":\"https:\\\/\\\/e-veloboutique.fr\\\/wp-content\\\/uploads\\\/2024\\\/12\\\/evelos-boutique.jpg\",\"contentUrl\":\"https:\\\/\\\/e-veloboutique.fr\\\/wp-content\\\/uploads\\\/2024\\\/12\\\/evelos-boutique.jpg\",\"width\":75,\"height\":75,\"caption\":\"e-veloboutique.fr\"},\"image\":{\"@id\":\"https:\\\/\\\/e-veloboutique.fr\\\/#\\\/schema\\\/logo\\\/image\\\/\"}}]}<\/script>\n<!-- \/ Yoast SEO plugin. -->","yoast_head_json":{"title":"VTT \u00e9lectrique semi-rigide Cube reaction hybrid performance 625 swampgrey\u00b4n\u00b4black - e-veloboutique.fr","description":"D\u00e9couvrez le Cube Reaction Hybrid Performance 625 Swampgrey'n'Black, un VTT offrant jusqu'\u00e0 100 km d'autonomie. Performances, confort \u00e0 3 299 euros.","robots":{"index":"index","follow":"follow","max-snippet":"max-snippet:-1","max-image-preview":"max-image-preview:large","max-video-preview":"max-video-preview:-1"},"canonical":"https:\/\/e-veloboutique.fr\/?product=vtt-electrique-vtt-electrique-meilleure-autonomie-100km","og_locale":"fr_FR","og_type":"article","og_title":"VTT \u00e9lectrique semi-rigide Cube reaction hybrid performance 625 swampgrey\u00b4n\u00b4black - e-veloboutique.fr","og_description":"D\u00e9couvrez le Cube Reaction Hybrid Performance 625 Swampgrey'n'Black, un VTT offrant jusqu'\u00e0 100 km d'autonomie. Performances, confort \u00e0 3 299 euros.","og_url":"https:\/\/e-veloboutique.fr\/?product=vtt-electrique-vtt-electrique-meilleure-autonomie-100km","og_site_name":"e-veloboutique.fr","article_modified_time":"2025-10-17T04:16:58+00:00","og_image":[{"width":650,"height":372,"url":"https:\/\/e-veloboutique.fr\/wp-content\/uploads\/2025\/06\/Vtt-electrique-Cube-reaction-hybrid-performance-625-poids-leger-galerievelo.fr_.jpg","type":"image\/jpeg"}],"twitter_card":"summary_large_image","twitter_misc":{"Dur\u00e9e de lecture estim\u00e9e":"3 minutes"},"schema":{"@context":"https:\/\/schema.org","@graph":[{"@type":"WebPage","@id":"https:\/\/e-veloboutique.fr\/?product=vtt-electrique-vtt-electrique-meilleure-autonomie-100km","url":"https:\/\/e-veloboutique.fr\/?product=vtt-electrique-vtt-electrique-meilleure-autonomie-100km","name":"VTT \u00e9lectrique semi-rigide Cube reaction hybrid performance 625 swampgrey\u00b4n\u00b4black - e-veloboutique.fr","isPartOf":{"@id":"https:\/\/e-veloboutique.fr\/#website"},"primaryImageOfPage":{"@id":"https:\/\/e-veloboutique.fr\/?product=vtt-electrique-vtt-electrique-meilleure-autonomie-100km#primaryimage"},"image":{"@id":"https:\/\/e-veloboutique.fr\/?product=vtt-electrique-vtt-electrique-meilleure-autonomie-100km#primaryimage"},"thumbnailUrl":"https:\/\/e-veloboutique.fr\/wp-content\/uploads\/2025\/06\/Vtt-electrique-Cube-reaction-hybrid-performance-625-poids-leger-galerievelo.fr_.jpg","datePublished":"2025-06-12T15:48:56+00:00","dateModified":"2025-10-17T04:16:58+00:00","description":"D\u00e9couvrez le Cube Reaction Hybrid Performance 625 Swampgrey'n'Black, un VTT offrant jusqu'\u00e0 100 km d'autonomie. Performances, confort \u00e0 3 299 euros.","breadcrumb":{"@id":"https:\/\/e-veloboutique.fr\/?product=vtt-electrique-vtt-electrique-meilleure-autonomie-100km#breadcrumb"},"inLanguage":"fr-FR","potentialAction":[{"@type":"ReadAction","target":["https:\/\/e-veloboutique.fr\/?product=vtt-electrique-vtt-electrique-meilleure-autonomie-100km"]}]},{"@type":"ImageObject","inLanguage":"fr-FR","@id":"https:\/\/e-veloboutique.fr\/?product=vtt-electrique-vtt-electrique-meilleure-autonomie-100km#primaryimage","url":"https:\/\/e-veloboutique.fr\/wp-content\/uploads\/2025\/06\/Vtt-electrique-Cube-reaction-hybrid-performance-625-poids-leger-galerievelo.fr_.jpg","contentUrl":"https:\/\/e-veloboutique.fr\/wp-content\/uploads\/2025\/06\/Vtt-electrique-Cube-reaction-hybrid-performance-625-poids-leger-galerievelo.fr_.jpg","width":650,"height":372,"caption":"vtt \u00e9lectrique meilleure autonomie 100km"},{"@type":"BreadcrumbList","@id":"https:\/\/e-veloboutique.fr\/?product=vtt-electrique-vtt-electrique-meilleure-autonomie-100km#breadcrumb","itemListElement":[{"@type":"ListItem","position":1,"name":"Accueil","item":"https:\/\/e-veloboutique.fr\/"},{"@type":"ListItem","position":2,"name":"Produits","item":"https:\/\/e-veloboutique.fr\/shop\/"},{"@type":"ListItem","position":3,"name":"V\u00e9los \u00e9lectriques","item":"https:\/\/e-veloboutique.fr\/?product_cat=velos"},{"@type":"ListItem","position":4,"name":"VTT \u00e9lectrique semi-rigide Cube reaction hybrid performance 625 swampgrey\u00b4n\u00b4black"}]},{"@type":"WebSite","@id":"https:\/\/e-veloboutique.fr\/#website","url":"https:\/\/e-veloboutique.fr\/","name":"E-velos","description":"","publisher":{"@id":"https:\/\/e-veloboutique.fr\/#organization"},"potentialAction":[{"@type":"SearchAction","target":{"@type":"EntryPoint","urlTemplate":"https:\/\/e-veloboutique.fr\/?s={search_term_string}"},"query-input":{"@type":"PropertyValueSpecification","valueRequired":true,"valueName":"search_term_string"}}],"inLanguage":"fr-FR"},{"@type":"Organization","@id":"https:\/\/e-veloboutique.fr\/#organization","name":"e-veloboutique.fr","url":"https:\/\/e-veloboutique.fr\/","logo":{"@type":"ImageObject","inLanguage":"fr-FR","@id":"https:\/\/e-veloboutique.fr\/#\/schema\/logo\/image\/","url":"https:\/\/e-veloboutique.fr\/wp-content\/uploads\/2024\/12\/evelos-boutique.jpg","contentUrl":"https:\/\/e-veloboutique.fr\/wp-content\/uploads\/2024\/12\/evelos-boutique.jpg","width":75,"height":75,"caption":"e-veloboutique.fr"},"image":{"@id":"https:\/\/e-veloboutique.fr\/#\/schema\/logo\/image\/"}}]}},"_links":{"self":[{"href":"https:\/\/e-veloboutique.fr\/index.php?rest_route=\/wp\/v2\/product\/28014","targetHints":{"allow":["GET"]}}],"collection":[{"href":"https:\/\/e-veloboutique.fr\/index.php?rest_route=\/wp\/v2\/product"}],"about":[{"href":"https:\/\/e-veloboutique.fr\/index.php?rest_route=\/wp\/v2\/types\/product"}],"replies":[{"embeddable":true,"href":"https:\/\/e-veloboutique.fr\/index.php?rest_route=%2Fwp%2Fv2%2Fcomments&post=28014"}],"version-history":[{"count":2,"href":"https:\/\/e-veloboutique.fr\/index.php?rest_route=\/wp\/v2\/product\/28014\/revisions"}],"predecessor-version":[{"id":34821,"href":"https:\/\/e-veloboutique.fr\/index.php?rest_route=\/wp\/v2\/product\/28014\/revisions\/34821"}],"wp:featuredmedia":[{"embeddable":true,"href":"https:\/\/e-veloboutique.fr\/index.php?rest_route=\/wp\/v2\/media\/27931"}],"wp:attachment":[{"href":"https:\/\/e-veloboutique.fr\/index.php?rest_route=%2Fwp%2Fv2%2Fmedia&parent=28014"}],"wp:term":[{"taxonomy":"product_brand","embeddable":true,"href":"https:\/\/e-veloboutique.fr\/index.php?rest_route=%2Fwp%2Fv2%2Fproduct_brand&post=28014"},{"taxonomy":"product_cat","embeddable":true,"href":"https:\/\/e-veloboutique.fr\/index.php?rest_route=%2Fwp%2Fv2%2Fproduct_cat&post=28014"},{"taxonomy":"product_tag","embeddable":true,"href":"https:\/\/e-veloboutique.fr\/index.php?rest_route=%2Fwp%2Fv2%2Fproduct_tag&post=28014"}],"curies":[{"name":"wp","href":"https:\/\/api.w.org\/{rel}","templated":true}]}}