{"id":28015,"date":"2025-06-12T15:48:56","date_gmt":"2025-06-12T15:48:56","guid":{"rendered":"https:\/\/e-veloboutique.fr\/home\/non%20class\u00e9\/vtt-electrique-cube-reaction-hybrid-metallicbrownnorange-5\/"},"modified":"2025-10-17T04:06:07","modified_gmt":"2025-10-17T04:06:07","slug":"vtt-electrique-cube-reaction-hybrid-metallicbrownnorange-5","status":"publish","type":"product","link":"https:\/\/e-veloboutique.fr\/?product=vtt-electrique-cube-reaction-hybrid-metallicbrownnorange-5","title":{"rendered":"VTT \u00e9lectrique semi-rigide Cube reaction hybrid 500 metallicbrown\u00b4n\u00b4orange"},"content":{"rendered":"<article class=\"text-token-text-primary w-full focus:outline-none [--shadow-height:45px] has-data-writing-block:pointer-events-none has-data-writing-block:-mt-(--shadow-height) has-data-writing-block:pt-(--shadow-height) [&amp;:has([data-writing-block])&gt;*]:pointer-events-auto [content-visibility:auto] supports-[content-visibility:auto]:[contain-intrinsic-size:auto_100lvh] scroll-mt-[calc(var(--header-height)+min(200px,max(70px,20svh)))]\" dir=\"auto\" tabindex=\"-1\" data-turn-id=\"aa4b8329-08e6-4e8c-9055-17b21933a264\" data-testid=\"conversation-turn-2\" data-scroll-anchor=\"false\" data-turn=\"assistant\">\n<div class=\"text-base my-auto mx-auto [--thread-content-margin:--spacing(4)] thread-sm:[--thread-content-margin:--spacing(6)] thread-lg:[--thread-content-margin:--spacing(16)] px-(--thread-content-margin)\">\n<div class=\"[--thread-content-max-width:40rem] thread-lg:[--thread-content-max-width:48rem] mx-auto max-w-(--thread-content-max-width) flex-1 group\/turn-messages focus-visible:outline-hidden relative flex w-full min-w-0 flex-col agent-turn\" tabindex=\"-1\">\n<div class=\"flex max-w-full flex-col grow\">\n<div class=\"min-h-8 text-message relative flex w-full flex-col items-end gap-2 text-start break-words whitespace-normal [.text-message+&amp;]:mt-1\" dir=\"auto\" data-message-author-role=\"assistant\" data-message-id=\"bfc8ee91-29ce-4b48-a6c0-692c8f711d33\" data-message-model-slug=\"gpt-5-mini\">\n<div class=\"flex w-full flex-col gap-1 empty:hidden first:pt-[1px]\">\n<div class=\"markdown prose dark:prose-invert w-full break-words light markdown-new-styling\">\n<h2 data-start=\"148\" data-end=\"176\">Description Produit<\/h2>\n<p data-start=\"178\" data-end=\"579\">Le <strong data-start=\"181\" data-end=\"221\">Cube Reaction Hybrid Performance 500<\/strong> en coloris <strong data-start=\"233\" data-end=\"259\">Metallicbrown&rsquo;n&rsquo;Orange<\/strong> est un <a href=\"https:\/\/e-veloboutique.fr\/%f0%9f%8f%86-les-meilleures-marques-de-vtt-electriques-en-2025-comparatif-detaille\/\">VTT \u00e9lectrique semi-rigide<\/a> haut de gamme, id\u00e9al pour les cyclistes recherchant performance, confort et une <strong data-start=\"374\" data-end=\"406\">meilleure autonomie batterie<\/strong>. Con\u00e7u pour affronter divers terrains, il offre une assistance au p\u00e9dalage fluide gr\u00e2ce \u00e0 son moteur Bosch Performance Line et une batterie Bosch PowerTube 500 Wh int\u00e9gr\u00e9e.<\/p>\n<p data-start=\"178\" data-end=\"579\"><img fetchpriority=\"high\" decoding=\"async\" class=\"alignnone\" src=\"https:\/\/static.cyclelab.eu\/velos\/cube\/2007\/highres\/633121_F1_00.jpg\" alt=\"Cube Reaction Hybrid Performance 500 Metallicbrown'n'Orange \u2013 VTT \u00c9lectrique Semi-Rigide Haute Autonomie\" width=\"2880\" height=\"1728\" \/><\/p>\n<div><\/div>\n<h2 data-start=\"721\" data-end=\"755\">\ud83d\udee0\ufe0f Caract\u00e9ristiques Techniques<\/h2>\n<h3 data-start=\"757\" data-end=\"773\">Type de V\u00e9lo<\/h3>\n<ul data-start=\"775\" data-end=\"862\">\n<li data-start=\"775\" data-end=\"814\">\n<p data-start=\"777\" data-end=\"814\"><strong data-start=\"777\" data-end=\"785\">Type<\/strong> : <a href=\"https:\/\/e-veloboutique.fr\/%f0%9f%92%a5-comparatif-des-vtt-electriques-les-plus-puissants-pour-2025\/\">VTT \u00c9lectrique<\/a> Semi-Rigide<\/p>\n<\/li>\n<li data-start=\"815\" data-end=\"862\">\n<p data-start=\"817\" data-end=\"862\"><strong data-start=\"817\" data-end=\"826\">Usage<\/strong> : Tout-terrain, randonn\u00e9es, loisirs<\/p>\n<\/li>\n<\/ul>\n<h3 data-start=\"864\" data-end=\"887\">Tailles Disponibles<\/h3>\n<ul data-start=\"889\" data-end=\"915\">\n<li data-start=\"889\" data-end=\"915\">\n<p data-start=\"891\" data-end=\"915\"><strong data-start=\"891\" data-end=\"915\">XS, S, M, L, XL, XXL<\/strong><\/p>\n<\/li>\n<\/ul>\n<h3 data-start=\"917\" data-end=\"927\">Moteur<\/h3>\n<ul data-start=\"929\" data-end=\"1162\">\n<li data-start=\"929\" data-end=\"949\">\n<p data-start=\"931\" data-end=\"949\"><strong data-start=\"931\" data-end=\"941\">Marque<\/strong> : Bosch<\/p>\n<\/li>\n<li data-start=\"950\" data-end=\"996\">\n<p data-start=\"952\" data-end=\"996\"><strong data-start=\"952\" data-end=\"962\">Mod\u00e8le<\/strong> : Performance Line (G\u00e9n\u00e9ration 3)<\/p>\n<\/li>\n<li data-start=\"997\" data-end=\"1019\">\n<p data-start=\"999\" data-end=\"1019\"><strong data-start=\"999\" data-end=\"1012\">Puissance<\/strong> : 250W<\/p>\n<\/li>\n<li data-start=\"1020\" data-end=\"1040\">\n<p data-start=\"1022\" data-end=\"1040\"><strong data-start=\"1022\" data-end=\"1032\">Couple<\/strong> : 75 Nm<\/p>\n<\/li>\n<li data-start=\"1041\" data-end=\"1162\">\n<p data-start=\"1043\" data-end=\"1162\"><strong data-start=\"1043\" data-end=\"1058\">Description<\/strong> : Moteur central offrant une assistance fluide et puissante, id\u00e9al pour les mont\u00e9es et terrains vari\u00e9s.<\/p>\n<\/li>\n<\/ul>\n<div><\/div>\n<h3 data-start=\"1297\" data-end=\"1309\">Batterie<\/h3>\n<ul data-start=\"1311\" data-end=\"1520\">\n<li data-start=\"1311\" data-end=\"1331\">\n<p data-start=\"1313\" data-end=\"1331\"><strong data-start=\"1313\" data-end=\"1323\">Marque<\/strong> : <a href=\"https:\/\/e-veloboutique.fr\/velos-electrique-notre-collection-batterie-bosch-velo-electrique-fiable\/\">Bosch<\/a><\/p>\n<\/li>\n<li data-start=\"1332\" data-end=\"1360\">\n<p data-start=\"1334\" data-end=\"1360\"><strong data-start=\"1334\" data-end=\"1344\">Mod\u00e8le<\/strong> : PowerTube 500<\/p>\n<\/li>\n<li data-start=\"1361\" data-end=\"1384\">\n<p data-start=\"1363\" data-end=\"1384\"><strong data-start=\"1363\" data-end=\"1375\">Capacit\u00e9<\/strong> : 500 Wh<\/p>\n<\/li>\n<li data-start=\"1385\" data-end=\"1404\">\n<p data-start=\"1387\" data-end=\"1404\"><strong data-start=\"1387\" data-end=\"1398\">Voltage<\/strong> : 36V<\/p>\n<\/li>\n<li data-start=\"1405\" data-end=\"1520\">\n<p data-start=\"1407\" data-end=\"1520\"><strong data-start=\"1407\" data-end=\"1422\">Description<\/strong> : Batterie lithium-ion int\u00e9gr\u00e9e au cadre, offrant une autonomie optimale pour de longues sorties.<\/p>\n<\/li>\n<\/ul>\n<div><\/div>\n<h3 data-start=\"1654\" data-end=\"1663\">Cadre<\/h3>\n<ul data-start=\"1665\" data-end=\"1816\">\n<li data-start=\"1665\" data-end=\"1701\">\n<p data-start=\"1667\" data-end=\"1701\"><strong data-start=\"1667\" data-end=\"1679\">Mat\u00e9riau<\/strong> : Aluminium Superlite<\/p>\n<\/li>\n<li data-start=\"1702\" data-end=\"1816\">\n<p data-start=\"1704\" data-end=\"1816\"><strong data-start=\"1704\" data-end=\"1714\">Design<\/strong> : G\u00e9om\u00e9trie Agile Ride, tube de direction 1.5&Prime;, c\u00e2blage interne, fixation pour b\u00e9quille et garde-boue<\/p>\n<\/li>\n<\/ul>\n<h3 data-start=\"1818\" data-end=\"1829\">Fourche<\/h3>\n<ul data-start=\"1831\" data-end=\"1977\">\n<li data-start=\"1831\" data-end=\"1856\">\n<p data-start=\"1833\" data-end=\"1856\"><strong data-start=\"1833\" data-end=\"1843\">Marque<\/strong> : SR Suntour<\/p>\n<\/li>\n<li data-start=\"1857\" data-end=\"1882\">\n<p data-start=\"1859\" data-end=\"1882\"><strong data-start=\"1859\" data-end=\"1869\">Mod\u00e8le<\/strong> : NVX30 Coil<\/p>\n<\/li>\n<li data-start=\"1883\" data-end=\"1909\">\n<p data-start=\"1885\" data-end=\"1909\"><strong data-start=\"1885\" data-end=\"1900\">D\u00e9battement<\/strong> : 100 mm<\/p>\n<\/li>\n<li data-start=\"1910\" data-end=\"1977\">\n<p data-start=\"1912\" data-end=\"1977\"><strong data-start=\"1912\" data-end=\"1920\">Type<\/strong> : Suspension \u00e0 ressort, id\u00e9ale pour les terrains mod\u00e9r\u00e9s<\/p>\n<\/li>\n<\/ul>\n<h3 data-start=\"1979\" data-end=\"1995\">Transmission<\/h3>\n<ul data-start=\"1997\" data-end=\"2187\">\n<li data-start=\"1997\" data-end=\"2056\">\n<p data-start=\"1999\" data-end=\"2056\"><strong data-start=\"1999\" data-end=\"2021\">D\u00e9railleur Arri\u00e8re<\/strong> : Shimano RD-M3100-SGS, 9 vitesses<\/p>\n<\/li>\n<li data-start=\"2057\" data-end=\"2092\">\n<p data-start=\"2059\" data-end=\"2092\"><strong data-start=\"2059\" data-end=\"2071\">Manettes<\/strong> : Shimano SL-M3100-R<\/p>\n<\/li>\n<li data-start=\"2093\" data-end=\"2140\">\n<p data-start=\"2095\" data-end=\"2140\"><strong data-start=\"2095\" data-end=\"2107\">P\u00e9dalier<\/strong> : ACID E-Crank, 38 dents, 175 mm<\/p>\n<\/li>\n<li data-start=\"2141\" data-end=\"2187\">\n<p data-start=\"2143\" data-end=\"2187\"><strong data-start=\"2143\" data-end=\"2155\">Cassette<\/strong> : Shimano CS-HG201, 11-36 dents<\/p>\n<\/li>\n<\/ul>\n<h3 data-start=\"2189\" data-end=\"2199\">Freins<\/h3>\n<ul data-start=\"2201\" data-end=\"2403\">\n<li data-start=\"2201\" data-end=\"2223\">\n<p data-start=\"2203\" data-end=\"2223\"><strong data-start=\"2203\" data-end=\"2213\">Marque<\/strong> : Shimano<\/p>\n<\/li>\n<li data-start=\"2224\" data-end=\"2253\">\n<p data-start=\"2226\" data-end=\"2253\"><strong data-start=\"2226\" data-end=\"2236\">Mod\u00e8le<\/strong> : BR-MT200\/UR300<\/p>\n<\/li>\n<li data-start=\"2254\" data-end=\"2312\">\n<p data-start=\"2256\" data-end=\"2312\"><strong data-start=\"2256\" data-end=\"2264\">Type<\/strong> : Disques hydrauliques, 180 mm avant et arri\u00e8re<\/p>\n<\/li>\n<li data-start=\"2313\" data-end=\"2403\">\n<p data-start=\"2315\" data-end=\"2403\"><strong data-start=\"2315\" data-end=\"2330\">Description<\/strong> : Freinage puissant et progressif, adapt\u00e9 \u00e0 tous les types de conditions<\/p>\n<\/li>\n<\/ul>\n<h3 data-start=\"2405\" data-end=\"2423\">Roues et Pneus<\/h3>\n<ul data-start=\"2425\" data-end=\"2541\">\n<li data-start=\"2425\" data-end=\"2452\">\n<p data-start=\"2427\" data-end=\"2452\"><strong data-start=\"2427\" data-end=\"2436\">Roues<\/strong> : Jantes de 29&Prime;<\/p>\n<\/li>\n<li data-start=\"2453\" data-end=\"2541\">\n<p data-start=\"2455\" data-end=\"2541\"><strong data-start=\"2455\" data-end=\"2464\">Pneus<\/strong> : Schwalbe Smart Sam, 2.35&Prime;, offrant une bonne adh\u00e9rence sur terrains mixtes<\/p>\n<\/li>\n<\/ul>\n<h3 data-start=\"2543\" data-end=\"2564\">Autres Composants<\/h3>\n<ul data-start=\"2566\" data-end=\"2712\">\n<li data-start=\"2566\" data-end=\"2600\">\n<p data-start=\"2568\" data-end=\"2600\"><strong data-start=\"2568\" data-end=\"2577\">Selle<\/strong> : Natural Fit Sequence<\/p>\n<\/li>\n<li data-start=\"2601\" data-end=\"2632\">\n<p data-start=\"2603\" data-end=\"2632\"><strong data-start=\"2603\" data-end=\"2620\">Tige de Selle<\/strong> : Aluminium<\/p>\n<\/li>\n<li data-start=\"2633\" data-end=\"2665\">\n<p data-start=\"2635\" data-end=\"2665\"><strong data-start=\"2635\" data-end=\"2646\">Potence<\/strong> : CUBE Performance<\/p>\n<\/li>\n<li data-start=\"2666\" data-end=\"2712\">\n<p data-start=\"2668\" data-end=\"2712\"><strong data-start=\"2668\" data-end=\"2678\">Cintre<\/strong> : CUBE Rise Trail Bar Pro, 740 mm<\/p>\n<\/li>\n<\/ul>\n<h3 data-start=\"2714\" data-end=\"2727\">Affichage<\/h3>\n<ul data-start=\"2729\" data-end=\"2838\">\n<li data-start=\"2729\" data-end=\"2755\">\n<p data-start=\"2731\" data-end=\"2755\"><strong data-start=\"2731\" data-end=\"2740\">\u00c9cran<\/strong> : Bosch Purion<\/p>\n<\/li>\n<li data-start=\"2756\" data-end=\"2838\">\n<p data-start=\"2758\" data-end=\"2838\"><strong data-start=\"2758\" data-end=\"2771\">Fonctions<\/strong> : Affichage de la vitesse, niveau d&rsquo;assistance, autonomie restante<\/p>\n<\/li>\n<\/ul>\n<h3 data-start=\"2840\" data-end=\"2849\">Poids<\/h3>\n<ul data-start=\"2851\" data-end=\"2884\">\n<li data-start=\"2851\" data-end=\"2884\">\n<p data-start=\"2853\" data-end=\"2884\"><strong data-start=\"2853\" data-end=\"2868\">Poids Total<\/strong> : Environ 22 kg<\/p>\n<\/li>\n<\/ul>\n<p><img decoding=\"async\" class=\"alignnone\" src=\"https:\/\/product-cdn-frz.alltricks.com\/large\/52\/766052\/2766052\/5761049\" alt=\"Cube Reaction Hybrid Performance 500 Metallicbrown'n'Orange \u2013 VTT \u00c9lectrique Semi-Rigide Haute Autonomie\" width=\"433\" height=\"408\" \/><\/p>\n<h2 data-start=\"2891\" data-end=\"2915\"><\/h2>\n<h2 data-start=\"2891\" data-end=\"2915\">\ud83d\udcca Tableau Comparatif<\/h2>\n<div class=\"_tableContainer_1rjym_1\">\n<div class=\"group _tableWrapper_1rjym_13 flex w-fit flex-col-reverse\" tabindex=\"-1\">\n<table class=\"w-fit min-w-(--thread-content-width)\" data-start=\"2917\" data-end=\"3536\">\n<thead data-start=\"2917\" data-end=\"3040\">\n<tr data-start=\"2917\" data-end=\"3040\">\n<th data-start=\"2917\" data-end=\"2956\" data-col-size=\"sm\">Mod\u00e8le<\/th>\n<th data-start=\"2956\" data-end=\"2976\" data-col-size=\"sm\">Moteur<\/th>\n<th data-start=\"2976\" data-end=\"2991\" data-col-size=\"sm\">Batterie<\/th>\n<th data-start=\"2991\" data-end=\"3006\" data-col-size=\"sm\">Transmission<\/th>\n<th data-start=\"3006\" data-end=\"3019\" data-col-size=\"sm\">Suspension<\/th>\n<th data-start=\"3019\" data-end=\"3028\" data-col-size=\"sm\">Poids<\/th>\n<th data-start=\"3028\" data-end=\"3040\" data-col-size=\"sm\">Prix TTC<\/th>\n<\/tr>\n<\/thead>\n<tbody data-start=\"3165\" data-end=\"3536\">\n<tr data-start=\"3165\" data-end=\"3288\">\n<td data-start=\"3165\" data-end=\"3204\" data-col-size=\"sm\">Cube Reaction Hybrid Performance 500<\/td>\n<td data-start=\"3204\" data-end=\"3224\" data-col-size=\"sm\">Bosch Performance<\/td>\n<td data-start=\"3224\" data-end=\"3239\" data-col-size=\"sm\">500 Wh<\/td>\n<td data-start=\"3239\" data-end=\"3254\" data-col-size=\"sm\">Shimano 9V<\/td>\n<td data-start=\"3254\" data-end=\"3267\" data-col-size=\"sm\">Semi-rigide<\/td>\n<td data-start=\"3267\" data-end=\"3276\" data-col-size=\"sm\">~22 kg<\/td>\n<td data-start=\"3276\" data-end=\"3288\" data-col-size=\"sm\">2 549 \u20ac<\/td>\n<\/tr>\n<tr data-start=\"3289\" data-end=\"3412\">\n<td data-start=\"3289\" data-end=\"3328\" data-col-size=\"sm\">Trek Powerfly 5<\/td>\n<td data-start=\"3328\" data-end=\"3348\" data-col-size=\"sm\">Bosch Performance<\/td>\n<td data-start=\"3348\" data-end=\"3363\" data-col-size=\"sm\">500 Wh<\/td>\n<td data-start=\"3363\" data-end=\"3378\" data-col-size=\"sm\">Shimano 9V<\/td>\n<td data-start=\"3378\" data-end=\"3391\" data-col-size=\"sm\">Semi-rigide<\/td>\n<td data-start=\"3391\" data-end=\"3400\" data-col-size=\"sm\">~23 kg<\/td>\n<td data-start=\"3400\" data-end=\"3412\" data-col-size=\"sm\">2 599 \u20ac<\/td>\n<\/tr>\n<tr data-start=\"3413\" data-end=\"3536\">\n<td data-start=\"3413\" data-end=\"3452\" data-col-size=\"sm\">Haibike HardSeven 5.0<\/td>\n<td data-start=\"3452\" data-end=\"3472\" data-col-size=\"sm\">Yamaha PW-ST<\/td>\n<td data-start=\"3472\" data-end=\"3487\" data-col-size=\"sm\">500 Wh<\/td>\n<td data-start=\"3487\" data-end=\"3502\" data-col-size=\"sm\">Shimano 9V<\/td>\n<td data-start=\"3502\" data-end=\"3515\" data-col-size=\"sm\">Semi-rigide<\/td>\n<td data-start=\"3515\" data-end=\"3524\" data-col-size=\"sm\">~24 kg<\/td>\n<td data-start=\"3524\" data-end=\"3536\" data-col-size=\"sm\">2 499 \u20ac<\/td>\n<\/tr>\n<\/tbody>\n<\/table>\n<\/div>\n<\/div>\n<h2 data-start=\"3543\" data-end=\"3558\"><\/h2>\n<h2 data-start=\"3543\" data-end=\"3558\">\u2705 Conclusion<\/h2>\n<p data-start=\"3560\" data-end=\"3896\">Le <strong data-start=\"3563\" data-end=\"3626\">Cube Reaction Hybrid Performance 500 Metallicbrown&rsquo;n&rsquo;Orange<\/strong> est un <a href=\"https:\/\/e-veloboutique.fr\/vtt-electriques-tout-suspendus-vs-semi-rigides-quel-choix-en-2025\/\">VTT \u00e9lectrique<\/a> semi-rigide offrant une <strong data-start=\"3673\" data-end=\"3705\">meilleure autonomie batterie<\/strong>, une conduite agr\u00e9able et une conception robuste. Son moteur Bosch Performance Line et sa batterie Bosch PowerTube 500 Wh assurent des performances optimales pour vos aventures tout-terrain.<\/p>\n<h2 data-start=\"3903\" data-end=\"3911\"><\/h2>\n<h2 data-start=\"3903\" data-end=\"3911\">\u2753 FAQ<\/h2>\n<p data-start=\"3913\" data-end=\"4101\"><strong data-start=\"3913\" data-end=\"3961\">Q1 : Quelle est l&rsquo;autonomie de la batterie ?<\/strong><br data-start=\"3961\" data-end=\"3964\" \/>R : L&rsquo;autonomie varie en fonction du terrain, du niveau d&rsquo;assistance et du poids du cycliste. En moyenne, elle est d&rsquo;environ 80 \u00e0 100 km.<\/p>\n<p data-start=\"4103\" data-end=\"4324\"><strong data-start=\"4103\" data-end=\"4202\">Q2 : Le v\u00e9lo est-il compatible avec des accessoires comme des garde-boues ou un porte-bagages ?<\/strong><br data-start=\"4202\" data-end=\"4205\" \/>R : Oui, le cadre est con\u00e7u pour accueillir des accessoires tels que des garde-boues, un porte-bagages et une b\u00e9quille.<\/p>\n<p data-start=\"4326\" data-end=\"4482\"><strong data-start=\"4326\" data-end=\"4374\">Q3 : Ce mod\u00e8le est-il adapt\u00e9 aux d\u00e9butants ?<\/strong><br data-start=\"4374\" data-end=\"4377\" \/>R : Oui, gr\u00e2ce \u00e0 sa g\u00e9om\u00e9trie stable et son moteur puissant, il est adapt\u00e9 aux cyclistes de tous niveaux.<\/p>\n<p data-start=\"4808\" data-end=\"4950\">\n<\/div>\n<\/div>\n<\/div>\n<\/div>\n<\/div>\n<\/div>\n<\/article>\n<p>Views: 0<\/p>","protected":false},"excerpt":{"rendered":"<ul data-start=\"4509\" data-end=\"4801\">\n<li data-start=\"4509\" data-end=\"4565\">\n<p data-start=\"4511\" data-end=\"4565\"><span style=\"color: #808000;\"><strong data-start=\"4511\" data-end=\"4544\">Moteur Bosch Performance Line<\/strong> : Puissant et fiable<\/span><\/p>\n<\/li>\n<li data-start=\"4566\" data-end=\"4625\">\n<p data-start=\"4568\" data-end=\"4625\"><span style=\"color: #808000;\"><strong data-start=\"4568\" data-end=\"4603\">Batterie Bosch PowerTube 500 Wh<\/strong> : Autonomie prolong\u00e9e<\/span><\/p>\n<\/li>\n<li data-start=\"4626\" data-end=\"4681\">\n<p data-start=\"4628\" data-end=\"4681\"><span style=\"color: #808000;\"><strong data-start=\"4628\" data-end=\"4650\">Conception robuste<\/strong> : Cadre en aluminium Superlite<\/span><\/p>\n<\/li>\n<li data-start=\"4682\" data-end=\"4741\">\n<p data-start=\"4684\" data-end=\"4741\"><span style=\"color: #808000;\"><strong data-start=\"4684\" data-end=\"4709\">Composants de qualit\u00e9<\/strong> : Shimano, SR Suntour, Schwalbe<\/span><\/p>\n<\/li>\n<li data-start=\"4742\" data-end=\"4801\">\n<p data-start=\"4744\" data-end=\"4801\"><span style=\"color: #808000;\"><strong data-start=\"4744\" data-end=\"4758\">Polyvalent<\/strong> : Id\u00e9al pour divers terrains et conditions<\/span><\/p>\n<\/li>\n<\/ul>\n","protected":false},"featured_media":27933,"comment_status":"open","ping_status":"closed","template":"","meta":[],"product_brand":[],"product_cat":[17,248,25],"product_tag":[641,950],"class_list":{"0":"post-28015","1":"product","2":"type-product","3":"status-publish","4":"has-post-thumbnail","6":"product_cat-velos","7":"product_cat-vtt-motorise-semi-rigide","8":"product_cat-vtt-electrique-tout-terrain-a-moteur-puissant","9":"product_tag-vtt-electrique","10":"product_tag-vtt-electrique-semi-rigide","12":"first","13":"instock","14":"sale","15":"taxable","16":"shipping-taxable","17":"purchasable","18":"product-type-variable"},"yoast_head":"<!-- This site is optimized with the Yoast SEO plugin v27.5 - https:\/\/yoast.com\/product\/yoast-seo-wordpress\/ -->\n<title>VTT \u00e9lectrique semi-rigide Cube reaction hybrid 500 metallicbrown\u00b4n\u00b4orange - e-veloboutique.fr<\/title>\n<meta name=\"description\" content=\"Cube Reaction Hybrid 500 Metallicbrown&#039;n&#039;Orange : VTT \u00e9lectrique meilleure autonomie batterie, performant et fiable. Prix TTC 1785 \u20ac.\" \/>\n<meta name=\"robots\" content=\"index, follow, max-snippet:-1, max-image-preview:large, max-video-preview:-1\" \/>\n<link rel=\"canonical\" href=\"https:\/\/e-veloboutique.fr\/?product=vtt-electrique-cube-reaction-hybrid-metallicbrownnorange-5\" \/>\n<meta property=\"og:locale\" content=\"fr_FR\" \/>\n<meta property=\"og:type\" content=\"article\" \/>\n<meta property=\"og:title\" content=\"VTT \u00e9lectrique semi-rigide Cube reaction hybrid 500 metallicbrown\u00b4n\u00b4orange - e-veloboutique.fr\" \/>\n<meta property=\"og:description\" content=\"Cube Reaction Hybrid 500 Metallicbrown&#039;n&#039;Orange : VTT \u00e9lectrique meilleure autonomie batterie, performant et fiable. Prix TTC 1785 \u20ac.\" \/>\n<meta property=\"og:url\" content=\"https:\/\/e-veloboutique.fr\/?product=vtt-electrique-cube-reaction-hybrid-metallicbrownnorange-5\" \/>\n<meta property=\"og:site_name\" content=\"e-veloboutique.fr\" \/>\n<meta property=\"article:modified_time\" content=\"2025-10-17T04:06:07+00:00\" \/>\n<meta property=\"og:image\" content=\"https:\/\/e-veloboutique.fr\/wp-content\/uploads\/2025\/06\/Vtt-electrique-Cube-reaction-hybrid-comparatif-prix-galerievelo.fr_.jpg\" \/>\n\t<meta property=\"og:image:width\" content=\"650\" \/>\n\t<meta property=\"og:image:height\" content=\"373\" \/>\n\t<meta property=\"og:image:type\" content=\"image\/jpeg\" \/>\n<meta name=\"twitter:card\" content=\"summary_large_image\" \/>\n<meta name=\"twitter:label1\" content=\"Dur\u00e9e de lecture estim\u00e9e\" \/>\n\t<meta name=\"twitter:data1\" content=\"4 minutes\" \/>\n<script type=\"application\/ld+json\" class=\"yoast-schema-graph\">{\"@context\":\"https:\\\/\\\/schema.org\",\"@graph\":[{\"@type\":\"WebPage\",\"@id\":\"https:\\\/\\\/e-veloboutique.fr\\\/?product=vtt-electrique-cube-reaction-hybrid-metallicbrownnorange-5\",\"url\":\"https:\\\/\\\/e-veloboutique.fr\\\/?product=vtt-electrique-cube-reaction-hybrid-metallicbrownnorange-5\",\"name\":\"VTT \u00e9lectrique semi-rigide Cube reaction hybrid 500 metallicbrown\u00b4n\u00b4orange - e-veloboutique.fr\",\"isPartOf\":{\"@id\":\"https:\\\/\\\/e-veloboutique.fr\\\/#website\"},\"primaryImageOfPage\":{\"@id\":\"https:\\\/\\\/e-veloboutique.fr\\\/?product=vtt-electrique-cube-reaction-hybrid-metallicbrownnorange-5#primaryimage\"},\"image\":{\"@id\":\"https:\\\/\\\/e-veloboutique.fr\\\/?product=vtt-electrique-cube-reaction-hybrid-metallicbrownnorange-5#primaryimage\"},\"thumbnailUrl\":\"https:\\\/\\\/e-veloboutique.fr\\\/wp-content\\\/uploads\\\/2025\\\/06\\\/Vtt-electrique-Cube-reaction-hybrid-comparatif-prix-galerievelo.fr_.jpg\",\"datePublished\":\"2025-06-12T15:48:56+00:00\",\"dateModified\":\"2025-10-17T04:06:07+00:00\",\"description\":\"Cube Reaction Hybrid 500 Metallicbrown'n'Orange : VTT \u00e9lectrique meilleure autonomie batterie, performant et fiable. Prix TTC 1785 \u20ac.\",\"breadcrumb\":{\"@id\":\"https:\\\/\\\/e-veloboutique.fr\\\/?product=vtt-electrique-cube-reaction-hybrid-metallicbrownnorange-5#breadcrumb\"},\"inLanguage\":\"fr-FR\",\"potentialAction\":[{\"@type\":\"ReadAction\",\"target\":[\"https:\\\/\\\/e-veloboutique.fr\\\/?product=vtt-electrique-cube-reaction-hybrid-metallicbrownnorange-5\"]}]},{\"@type\":\"ImageObject\",\"inLanguage\":\"fr-FR\",\"@id\":\"https:\\\/\\\/e-veloboutique.fr\\\/?product=vtt-electrique-cube-reaction-hybrid-metallicbrownnorange-5#primaryimage\",\"url\":\"https:\\\/\\\/e-veloboutique.fr\\\/wp-content\\\/uploads\\\/2025\\\/06\\\/Vtt-electrique-Cube-reaction-hybrid-comparatif-prix-galerievelo.fr_.jpg\",\"contentUrl\":\"https:\\\/\\\/e-veloboutique.fr\\\/wp-content\\\/uploads\\\/2025\\\/06\\\/Vtt-electrique-Cube-reaction-hybrid-comparatif-prix-galerievelo.fr_.jpg\",\"width\":650,\"height\":373,\"caption\":\"VTT \u00e9lectrique meilleure autonomie batterie\"},{\"@type\":\"BreadcrumbList\",\"@id\":\"https:\\\/\\\/e-veloboutique.fr\\\/?product=vtt-electrique-cube-reaction-hybrid-metallicbrownnorange-5#breadcrumb\",\"itemListElement\":[{\"@type\":\"ListItem\",\"position\":1,\"name\":\"Accueil\",\"item\":\"https:\\\/\\\/e-veloboutique.fr\\\/\"},{\"@type\":\"ListItem\",\"position\":2,\"name\":\"Produits\",\"item\":\"https:\\\/\\\/e-veloboutique.fr\\\/shop\\\/\"},{\"@type\":\"ListItem\",\"position\":3,\"name\":\"V\u00e9los \u00e9lectriques\",\"item\":\"https:\\\/\\\/e-veloboutique.fr\\\/?product_cat=velos\"},{\"@type\":\"ListItem\",\"position\":4,\"name\":\"VTT \u00e9lectrique semi-rigide Cube reaction hybrid 500 metallicbrown\u00b4n\u00b4orange\"}]},{\"@type\":\"WebSite\",\"@id\":\"https:\\\/\\\/e-veloboutique.fr\\\/#website\",\"url\":\"https:\\\/\\\/e-veloboutique.fr\\\/\",\"name\":\"E-velos\",\"description\":\"\",\"publisher\":{\"@id\":\"https:\\\/\\\/e-veloboutique.fr\\\/#organization\"},\"potentialAction\":[{\"@type\":\"SearchAction\",\"target\":{\"@type\":\"EntryPoint\",\"urlTemplate\":\"https:\\\/\\\/e-veloboutique.fr\\\/?s={search_term_string}\"},\"query-input\":{\"@type\":\"PropertyValueSpecification\",\"valueRequired\":true,\"valueName\":\"search_term_string\"}}],\"inLanguage\":\"fr-FR\"},{\"@type\":\"Organization\",\"@id\":\"https:\\\/\\\/e-veloboutique.fr\\\/#organization\",\"name\":\"e-veloboutique.fr\",\"url\":\"https:\\\/\\\/e-veloboutique.fr\\\/\",\"logo\":{\"@type\":\"ImageObject\",\"inLanguage\":\"fr-FR\",\"@id\":\"https:\\\/\\\/e-veloboutique.fr\\\/#\\\/schema\\\/logo\\\/image\\\/\",\"url\":\"https:\\\/\\\/e-veloboutique.fr\\\/wp-content\\\/uploads\\\/2024\\\/12\\\/evelos-boutique.jpg\",\"contentUrl\":\"https:\\\/\\\/e-veloboutique.fr\\\/wp-content\\\/uploads\\\/2024\\\/12\\\/evelos-boutique.jpg\",\"width\":75,\"height\":75,\"caption\":\"e-veloboutique.fr\"},\"image\":{\"@id\":\"https:\\\/\\\/e-veloboutique.fr\\\/#\\\/schema\\\/logo\\\/image\\\/\"}}]}<\/script>\n<!-- \/ Yoast SEO plugin. -->","yoast_head_json":{"title":"VTT \u00e9lectrique semi-rigide Cube reaction hybrid 500 metallicbrown\u00b4n\u00b4orange - e-veloboutique.fr","description":"Cube Reaction Hybrid 500 Metallicbrown'n'Orange : VTT \u00e9lectrique meilleure autonomie batterie, performant et fiable. Prix TTC 1785 \u20ac.","robots":{"index":"index","follow":"follow","max-snippet":"max-snippet:-1","max-image-preview":"max-image-preview:large","max-video-preview":"max-video-preview:-1"},"canonical":"https:\/\/e-veloboutique.fr\/?product=vtt-electrique-cube-reaction-hybrid-metallicbrownnorange-5","og_locale":"fr_FR","og_type":"article","og_title":"VTT \u00e9lectrique semi-rigide Cube reaction hybrid 500 metallicbrown\u00b4n\u00b4orange - e-veloboutique.fr","og_description":"Cube Reaction Hybrid 500 Metallicbrown'n'Orange : VTT \u00e9lectrique meilleure autonomie batterie, performant et fiable. Prix TTC 1785 \u20ac.","og_url":"https:\/\/e-veloboutique.fr\/?product=vtt-electrique-cube-reaction-hybrid-metallicbrownnorange-5","og_site_name":"e-veloboutique.fr","article_modified_time":"2025-10-17T04:06:07+00:00","og_image":[{"width":650,"height":373,"url":"https:\/\/e-veloboutique.fr\/wp-content\/uploads\/2025\/06\/Vtt-electrique-Cube-reaction-hybrid-comparatif-prix-galerievelo.fr_.jpg","type":"image\/jpeg"}],"twitter_card":"summary_large_image","twitter_misc":{"Dur\u00e9e de lecture estim\u00e9e":"4 minutes"},"schema":{"@context":"https:\/\/schema.org","@graph":[{"@type":"WebPage","@id":"https:\/\/e-veloboutique.fr\/?product=vtt-electrique-cube-reaction-hybrid-metallicbrownnorange-5","url":"https:\/\/e-veloboutique.fr\/?product=vtt-electrique-cube-reaction-hybrid-metallicbrownnorange-5","name":"VTT \u00e9lectrique semi-rigide Cube reaction hybrid 500 metallicbrown\u00b4n\u00b4orange - e-veloboutique.fr","isPartOf":{"@id":"https:\/\/e-veloboutique.fr\/#website"},"primaryImageOfPage":{"@id":"https:\/\/e-veloboutique.fr\/?product=vtt-electrique-cube-reaction-hybrid-metallicbrownnorange-5#primaryimage"},"image":{"@id":"https:\/\/e-veloboutique.fr\/?product=vtt-electrique-cube-reaction-hybrid-metallicbrownnorange-5#primaryimage"},"thumbnailUrl":"https:\/\/e-veloboutique.fr\/wp-content\/uploads\/2025\/06\/Vtt-electrique-Cube-reaction-hybrid-comparatif-prix-galerievelo.fr_.jpg","datePublished":"2025-06-12T15:48:56+00:00","dateModified":"2025-10-17T04:06:07+00:00","description":"Cube Reaction Hybrid 500 Metallicbrown'n'Orange : VTT \u00e9lectrique meilleure autonomie batterie, performant et fiable. Prix TTC 1785 \u20ac.","breadcrumb":{"@id":"https:\/\/e-veloboutique.fr\/?product=vtt-electrique-cube-reaction-hybrid-metallicbrownnorange-5#breadcrumb"},"inLanguage":"fr-FR","potentialAction":[{"@type":"ReadAction","target":["https:\/\/e-veloboutique.fr\/?product=vtt-electrique-cube-reaction-hybrid-metallicbrownnorange-5"]}]},{"@type":"ImageObject","inLanguage":"fr-FR","@id":"https:\/\/e-veloboutique.fr\/?product=vtt-electrique-cube-reaction-hybrid-metallicbrownnorange-5#primaryimage","url":"https:\/\/e-veloboutique.fr\/wp-content\/uploads\/2025\/06\/Vtt-electrique-Cube-reaction-hybrid-comparatif-prix-galerievelo.fr_.jpg","contentUrl":"https:\/\/e-veloboutique.fr\/wp-content\/uploads\/2025\/06\/Vtt-electrique-Cube-reaction-hybrid-comparatif-prix-galerievelo.fr_.jpg","width":650,"height":373,"caption":"VTT \u00e9lectrique meilleure autonomie batterie"},{"@type":"BreadcrumbList","@id":"https:\/\/e-veloboutique.fr\/?product=vtt-electrique-cube-reaction-hybrid-metallicbrownnorange-5#breadcrumb","itemListElement":[{"@type":"ListItem","position":1,"name":"Accueil","item":"https:\/\/e-veloboutique.fr\/"},{"@type":"ListItem","position":2,"name":"Produits","item":"https:\/\/e-veloboutique.fr\/shop\/"},{"@type":"ListItem","position":3,"name":"V\u00e9los \u00e9lectriques","item":"https:\/\/e-veloboutique.fr\/?product_cat=velos"},{"@type":"ListItem","position":4,"name":"VTT \u00e9lectrique semi-rigide Cube reaction hybrid 500 metallicbrown\u00b4n\u00b4orange"}]},{"@type":"WebSite","@id":"https:\/\/e-veloboutique.fr\/#website","url":"https:\/\/e-veloboutique.fr\/","name":"E-velos","description":"","publisher":{"@id":"https:\/\/e-veloboutique.fr\/#organization"},"potentialAction":[{"@type":"SearchAction","target":{"@type":"EntryPoint","urlTemplate":"https:\/\/e-veloboutique.fr\/?s={search_term_string}"},"query-input":{"@type":"PropertyValueSpecification","valueRequired":true,"valueName":"search_term_string"}}],"inLanguage":"fr-FR"},{"@type":"Organization","@id":"https:\/\/e-veloboutique.fr\/#organization","name":"e-veloboutique.fr","url":"https:\/\/e-veloboutique.fr\/","logo":{"@type":"ImageObject","inLanguage":"fr-FR","@id":"https:\/\/e-veloboutique.fr\/#\/schema\/logo\/image\/","url":"https:\/\/e-veloboutique.fr\/wp-content\/uploads\/2024\/12\/evelos-boutique.jpg","contentUrl":"https:\/\/e-veloboutique.fr\/wp-content\/uploads\/2024\/12\/evelos-boutique.jpg","width":75,"height":75,"caption":"e-veloboutique.fr"},"image":{"@id":"https:\/\/e-veloboutique.fr\/#\/schema\/logo\/image\/"}}]}},"_links":{"self":[{"href":"https:\/\/e-veloboutique.fr\/index.php?rest_route=\/wp\/v2\/product\/28015","targetHints":{"allow":["GET"]}}],"collection":[{"href":"https:\/\/e-veloboutique.fr\/index.php?rest_route=\/wp\/v2\/product"}],"about":[{"href":"https:\/\/e-veloboutique.fr\/index.php?rest_route=\/wp\/v2\/types\/product"}],"replies":[{"embeddable":true,"href":"https:\/\/e-veloboutique.fr\/index.php?rest_route=%2Fwp%2Fv2%2Fcomments&post=28015"}],"version-history":[{"count":2,"href":"https:\/\/e-veloboutique.fr\/index.php?rest_route=\/wp\/v2\/product\/28015\/revisions"}],"predecessor-version":[{"id":34817,"href":"https:\/\/e-veloboutique.fr\/index.php?rest_route=\/wp\/v2\/product\/28015\/revisions\/34817"}],"wp:featuredmedia":[{"embeddable":true,"href":"https:\/\/e-veloboutique.fr\/index.php?rest_route=\/wp\/v2\/media\/27933"}],"wp:attachment":[{"href":"https:\/\/e-veloboutique.fr\/index.php?rest_route=%2Fwp%2Fv2%2Fmedia&parent=28015"}],"wp:term":[{"taxonomy":"product_brand","embeddable":true,"href":"https:\/\/e-veloboutique.fr\/index.php?rest_route=%2Fwp%2Fv2%2Fproduct_brand&post=28015"},{"taxonomy":"product_cat","embeddable":true,"href":"https:\/\/e-veloboutique.fr\/index.php?rest_route=%2Fwp%2Fv2%2Fproduct_cat&post=28015"},{"taxonomy":"product_tag","embeddable":true,"href":"https:\/\/e-veloboutique.fr\/index.php?rest_route=%2Fwp%2Fv2%2Fproduct_tag&post=28015"}],"curies":[{"name":"wp","href":"https:\/\/api.w.org\/{rel}","templated":true}]}}