{"id":28642,"date":"2025-06-12T15:51:32","date_gmt":"2025-06-12T15:51:32","guid":{"rendered":"https:\/\/e-veloboutique.fr\/home\/non%20class\u00e9\/vtt-electrique-cube-stereo-hybrid-120-race-750-sparkorangenblack-2\/"},"modified":"2025-09-08T10:33:26","modified_gmt":"2025-09-08T10:33:26","slug":"cube-vtt-autonomie-endurance-stereo-hybrid-120-race-750","status":"publish","type":"product","link":"https:\/\/e-veloboutique.fr\/?product=cube-vtt-autonomie-endurance-stereo-hybrid-120-race-750","title":{"rendered":"VTT \u00e9lectrique tout-suspendu Cube STEREO HYBRID 120 RACE 750 \/ 2024 \/ sparkorange\u00b4n\u00b4black"},"content":{"rendered":"<h2 data-start=\"553\" data-end=\"599\">3. Description d\u00e9taill\u00e9e technique et usage<\/h2>\n<p data-start=\"601\" data-end=\"1198\">Le <strong data-start=\"604\" data-end=\"646\">Cube Stereo Hybrid 120 Race 750 (2024)<\/strong> est un <strong data-start=\"654\" data-end=\"686\">VTT \u00e9lectrique tout-suspendu<\/strong> haut de gamme, parfaitement adapt\u00e9 aux amateurs d\u2019<strong data-start=\"737\" data-end=\"766\">autonomie longue distance<\/strong>, d\u2019<strong data-start=\"770\" data-end=\"783\">endurance<\/strong> sur sentiers techniques, mais aussi au loisir gravel ou tours forestiers. Con\u00e7u pour les cyclistes recherchant confort, performance et fiabilit\u00e9, ce mod\u00e8le combine un cadre aluminium Superlite avec g\u00e9om\u00e9trie Agile Comfort, une motorisation Bosch Performance CX (250 W \/ 85 Nm), et une <a href=\"https:\/\/e-veloboutique.fr\/home\/velos\/velo-electrique-de-ville-pas-cher-et-fiable\/velo-ville-electrique-velo-electrique-autonomie-batterie-lithium-moustache-j-on-black\/\"><strong data-start=\"1069\" data-end=\"1098\">batterie PowerTube 750 Wh<\/strong><\/a> int\u00e9gr\u00e9e pour des sorties prolong\u00e9es sans recharge fr\u00e9quente .<\/p>\n<p data-start=\"1200\" data-end=\"1726\">Dot\u00e9 d\u2019un d\u00e9battement de 120 mm \u00e0 l\u2019avant (Fox 34 AWL) et \u00e0 l\u2019arri\u00e8re (Fox Float DPS EVOL), il offre un excellent \u00e9quilibre entre maniabilit\u00e9 et absorption des chocs, id\u00e9al pour les parcours trail ou enduro l\u00e9ger . La transmission Shimano Deore\/XT 1\u00d712 assure des changements de vitesses pr\u00e9cis, la batterie 750 Wh offre une autonomie accrue, et les freins hydrauliques Magura MT Thirty procurent une puissance de freinage fiable en toutes conditions .<\/p>\n<p data-start=\"1728\" data-end=\"2160\">Ce VTT est \u00e9galement \u00e9quip\u00e9 de composants autour de la s\u00e9curit\u00e9 et du confort : roues tubeless-ready Cube EX30, pneus Schwalbe Smart Sam 2,6\u2033 adh\u00e9rents, commande Bosch Intuvia 100, et points de fixation pour garde-boue, b\u00e9quille ou porte-bagages. Sa <strong data-start=\"1978\" data-end=\"2000\">polyvalence gravel<\/strong>, son <strong data-start=\"2006\" data-end=\"2025\">endurance trail<\/strong>, et son <strong data-start=\"2034\" data-end=\"2063\">autonomie longue distance<\/strong> en font un compagnon id\u00e9al pour les sorties de plusieurs heures ou les exp\u00e9ditions tout-terrain.<\/p>\n<h2 data-start=\"2414\" data-end=\"2454\"><img fetchpriority=\"high\" decoding=\"async\" class=\"alignnone\" src=\"https:\/\/multicycle.de\/wp-content\/uploads\/2023\/10\/735320_P_00.jpg\" alt=\"cube vtt autonomie endurance\" width=\"1483\" height=\"922\" \/><\/h2>\n<h2 data-start=\"2414\" data-end=\"2454\">4. Tableau technique clair et complet<\/h2>\n<div class=\"_tableContainer_1rjym_1\">\n<div class=\"_tableWrapper_1rjym_13 group flex w-fit flex-col-reverse\" tabindex=\"-1\">\n<table class=\"w-fit min-w-(--thread-content-width)\" data-start=\"2456\" data-end=\"6968\">\n<thead data-start=\"2456\" data-end=\"2646\">\n<tr data-start=\"2456\" data-end=\"2646\">\n<th data-start=\"2456\" data-end=\"2480\" data-col-size=\"sm\">\u00c9l\u00e9ments<\/th>\n<th data-start=\"2480\" data-end=\"2646\" data-col-size=\"lg\">Sp\u00e9cifications &amp; Description<\/th>\n<\/tr>\n<\/thead>\n<tbody data-start=\"2838\" data-end=\"6968\">\n<tr data-start=\"2838\" data-end=\"3027\">\n<td data-start=\"2838\" data-end=\"2862\" data-col-size=\"sm\"><strong data-start=\"2840\" data-end=\"2859\">Type de produit<\/strong><\/td>\n<td data-start=\"2862\" data-end=\"3027\" data-col-size=\"lg\"><a href=\"https:\/\/e-veloboutique.fr\/home\/velos\/vtt-electrique-tout-terrain-a-moteur-puissant\/vtt-electrique-tout-suspendu\/vtt-electrique-autonomie-120-km-cube-stereo-hybrid-one77\/\">VTT \u00e9lectrique tout-suspendu<\/a> (full-suspension e-MTB)<\/td>\n<\/tr>\n<tr data-start=\"3028\" data-end=\"3231\">\n<td data-start=\"3028\" data-end=\"3052\" data-col-size=\"sm\"><strong data-start=\"3030\" data-end=\"3041\">Tailles<\/strong><\/td>\n<td data-start=\"3052\" data-end=\"3231\" data-col-size=\"lg\">Taille Split : roues 27,5\u2033 sur S, roues 29\u2033 sur M\u2013XL<\/td>\n<\/tr>\n<tr data-start=\"3232\" data-end=\"3419\">\n<td data-start=\"3232\" data-end=\"3256\" data-col-size=\"sm\"><strong data-start=\"3234\" data-end=\"3244\">Moteur<\/strong><\/td>\n<td data-start=\"3256\" data-end=\"3419\" data-col-size=\"lg\">Bosch Performance CX 4e gen, 250 W, 85 Nm \u2014 assistance puissante et r\u00e9active adapt\u00e9e \u00e0 l\u2019endurance<\/td>\n<\/tr>\n<tr data-start=\"3420\" data-end=\"3508\">\n<td data-start=\"3420\" data-end=\"3442\" data-col-size=\"sm\"><\/td>\n<td data-start=\"3442\" data-end=\"3508\" data-col-size=\"lg\">\n<div><\/div>\n<p>(image sur autre site)<\/td>\n<\/tr>\n<tr data-start=\"3509\" data-end=\"3710\">\n<td data-start=\"3509\" data-end=\"3533\" data-col-size=\"sm\"><strong data-start=\"3511\" data-end=\"3520\">Cadre<\/strong><\/td>\n<td data-col-size=\"lg\" data-start=\"3533\" data-end=\"3710\">Aluminium Superlite, Gravity Casting, FSP 4-Link, Agile Comfort, batterie int\u00e9gr\u00e9e, routage interne<\/td>\n<\/tr>\n<tr data-start=\"3711\" data-end=\"3912\">\n<td data-start=\"3711\" data-end=\"3735\" data-col-size=\"sm\"><strong data-start=\"3713\" data-end=\"3724\">Fourche<\/strong><\/td>\n<td data-col-size=\"lg\" data-start=\"3735\" data-end=\"3912\">Fox 34 Float AWL, 2-Position Sweep-Adjust, 120 mm, optimis\u00e9e e-Bike<\/td>\n<\/tr>\n<tr data-start=\"3913\" data-end=\"4101\">\n<td data-start=\"3913\" data-end=\"3937\" data-col-size=\"sm\"><strong data-start=\"3915\" data-end=\"3924\">Roues<\/strong><\/td>\n<td data-col-size=\"lg\" data-start=\"3937\" data-end=\"4101\">Jantes Cube EX30 tubeless-ready, moyeux Boost Shimano<\/td>\n<\/tr>\n<tr data-start=\"4102\" data-end=\"4302\">\n<td data-start=\"4102\" data-end=\"4126\" data-col-size=\"sm\"><strong data-start=\"4104\" data-end=\"4113\">Pneus<\/strong><\/td>\n<td data-start=\"4126\" data-end=\"4302\" data-col-size=\"lg\">Schwalbe Smart Sam Active 2,6\u2033 \u2014 tr\u00e8\u0300s adh\u00e9rents sur terrains vari\u00e9s<\/td>\n<\/tr>\n<tr data-start=\"4303\" data-end=\"4505\">\n<td data-start=\"4303\" data-end=\"4327\" data-col-size=\"sm\"><strong data-start=\"4305\" data-end=\"4317\">Cassette<\/strong><\/td>\n<td data-start=\"4327\" data-end=\"4505\" data-col-size=\"lg\">Shimano Deore CS-M6100, 10-51 T \u2014 large plage de d\u00e9veloppement<\/td>\n<\/tr>\n<tr data-start=\"4506\" data-end=\"4707\">\n<td data-start=\"4506\" data-end=\"4530\" data-col-size=\"sm\"><strong data-start=\"4508\" data-end=\"4520\">P\u00e9dalier<\/strong><\/td>\n<td data-start=\"4530\" data-end=\"4707\" data-col-size=\"lg\">Acid E-Crank, 170 mm, 38 T \u2014 p\u00e9dalage fluide en mont\u00e9e et plat<\/td>\n<\/tr>\n<tr data-start=\"4708\" data-end=\"4909\">\n<td data-start=\"4708\" data-end=\"4732\" data-col-size=\"sm\"><strong data-start=\"4710\" data-end=\"4724\">D\u00e9railleur<\/strong><\/td>\n<td data-col-size=\"lg\" data-start=\"4732\" data-end=\"4909\">Shimano Deore XT RD-M8100-SGS, ShadowPlus 12 vitesses \u2014 pr\u00e9cis et fiable<\/td>\n<\/tr>\n<tr data-start=\"4910\" data-end=\"5113\">\n<td data-start=\"4910\" data-end=\"4934\" data-col-size=\"sm\"><strong data-start=\"4912\" data-end=\"4924\">Manettes<\/strong><\/td>\n<td data-start=\"4934\" data-end=\"5113\" data-col-size=\"lg\">Shimano Deore SL-M6100 Rapidfire-Plus \u2014 changement rapide<\/td>\n<\/tr>\n<tr data-start=\"5114\" data-end=\"5319\">\n<td data-start=\"5114\" data-end=\"5138\" data-col-size=\"sm\"><strong data-start=\"5116\" data-end=\"5126\">Freins<\/strong><\/td>\n<td data-start=\"5138\" data-end=\"5319\" data-col-size=\"lg\">Magura MT Thirty, hydraulique 4-pistons (avant &amp; arri\u00e8re), disques 203\/203 mm \u2014 freinage puissant et modulable<\/td>\n<\/tr>\n<tr data-start=\"5320\" data-end=\"5522\">\n<td data-start=\"5320\" data-end=\"5344\" data-col-size=\"sm\"><strong data-start=\"5322\" data-end=\"5331\">Selle<\/strong><\/td>\n<td data-col-size=\"lg\" data-start=\"5344\" data-end=\"5522\">Natural Fit Sequence \u2014 ergonomique<\/td>\n<\/tr>\n<tr data-start=\"5523\" data-end=\"5727\">\n<td data-start=\"5523\" data-end=\"5547\" data-col-size=\"sm\"><strong data-start=\"5525\" data-end=\"5542\">Tige de selle<\/strong><\/td>\n<td data-col-size=\"lg\" data-start=\"5547\" data-end=\"5727\">Cube Performance Post 30,9 mm \u2014 solide et fiable<\/td>\n<\/tr>\n<tr data-start=\"5728\" data-end=\"5930\">\n<td data-start=\"5728\" data-end=\"5752\" data-col-size=\"sm\"><strong data-start=\"5730\" data-end=\"5741\">Potence<\/strong><\/td>\n<td data-col-size=\"lg\" data-start=\"5752\" data-end=\"5930\">Cube Performance Stem E-MTB 31,8 mm \u2014 rigide et stable<\/td>\n<\/tr>\n<tr data-start=\"5931\" data-end=\"6121\">\n<td data-start=\"5931\" data-end=\"5955\" data-col-size=\"sm\"><strong data-start=\"5933\" data-end=\"5943\">Cintre<\/strong><\/td>\n<td data-start=\"5955\" data-end=\"6121\" data-col-size=\"lg\">Newmen Evolution SL 318.25, 760 mm \u2014 contr\u00f4le pr\u00e9cis<\/td>\n<\/tr>\n<tr data-start=\"6122\" data-end=\"6307\">\n<td data-start=\"6122\" data-end=\"6146\" data-col-size=\"sm\"><strong data-start=\"6124\" data-end=\"6136\">Batterie<\/strong><\/td>\n<td data-start=\"6146\" data-end=\"6307\" data-col-size=\"lg\">Bosch PowerTube 750 Wh, int\u00e9gr\u00e9e \u2014 autonomie optimis\u00e9e pour longues sorties endurance<\/td>\n<\/tr>\n<tr data-start=\"6308\" data-end=\"6402\">\n<td data-start=\"6308\" data-end=\"6330\" data-col-size=\"sm\"><\/td>\n<td data-start=\"6330\" data-end=\"6402\" data-col-size=\"lg\">\n<div><\/div>\n<\/td>\n<\/tr>\n<tr data-start=\"6403\" data-end=\"6592\">\n<td data-start=\"6403\" data-end=\"6427\" data-col-size=\"sm\"><strong data-start=\"6405\" data-end=\"6418\">Affichage<\/strong><\/td>\n<td data-start=\"6427\" data-end=\"6592\" data-col-size=\"lg\">Bosch Intuvia 100 avec LED Remote \u2014 informations claires en temps r\u00e9el<\/td>\n<\/tr>\n<tr data-start=\"6593\" data-end=\"6780\">\n<td data-start=\"6593\" data-end=\"6617\" data-col-size=\"sm\"><strong data-start=\"6595\" data-end=\"6615\">Mati\u00e8re du cadre<\/strong><\/td>\n<td data-col-size=\"lg\" data-start=\"6617\" data-end=\"6780\">Aluminium Superlite \u2014 l\u00e9ger et rigide<\/td>\n<\/tr>\n<tr data-start=\"6781\" data-end=\"6968\">\n<td data-start=\"6781\" data-end=\"6805\" data-col-size=\"sm\"><strong data-start=\"6783\" data-end=\"6800\">Gamme \/ ann\u00e9e<\/strong><\/td>\n<td data-col-size=\"lg\" data-start=\"6805\" data-end=\"6968\">Cube Stereo Hybrid 120 Race 750, ann\u00e9e 2024 \u2014 mod\u00e8le haut de gamme pour trail et endurance e-MTB<\/td>\n<\/tr>\n<\/tbody>\n<\/table>\n<\/div>\n<\/div>\n<div><\/div>\n<h2 data-start=\"7024\" data-end=\"7089\">5. Tableau comparatif avec deux mod\u00e8les concurrents similaires<\/h2>\n<div class=\"_tableContainer_1rjym_1\">\n<div class=\"_tableWrapper_1rjym_13 group flex w-fit flex-col-reverse\" tabindex=\"-1\">\n<table class=\"w-fit min-w-(--thread-content-width)\" data-start=\"7091\" data-end=\"8087\">\n<thead data-start=\"7091\" data-end=\"7253\">\n<tr data-start=\"7091\" data-end=\"7253\">\n<th data-start=\"7091\" data-end=\"7127\" data-col-size=\"sm\">Mod\u00e8le<\/th>\n<th data-start=\"7127\" data-end=\"7157\" data-col-size=\"sm\">Moteur<\/th>\n<th data-start=\"7157\" data-end=\"7170\" data-col-size=\"sm\">Batterie<\/th>\n<th data-start=\"7170\" data-end=\"7188\" data-col-size=\"sm\">Transmission<\/th>\n<th data-start=\"7188\" data-end=\"7217\" data-col-size=\"sm\">Suspension (AV\/AR)<\/th>\n<th data-start=\"7217\" data-end=\"7229\" data-col-size=\"sm\">Poids<\/th>\n<th data-start=\"7229\" data-end=\"7253\" data-col-size=\"sm\">Prix TTC (PCC)<\/th>\n<\/tr>\n<\/thead>\n<tbody data-start=\"7418\" data-end=\"8087\">\n<tr data-start=\"7418\" data-end=\"7658\">\n<td data-start=\"7418\" data-end=\"7456\" data-col-size=\"sm\"><strong data-start=\"7420\" data-end=\"7455\">Cube Stereo Hybrid 120 Race 750<\/strong><\/td>\n<td data-col-size=\"sm\" data-start=\"7456\" data-end=\"7487\">Bosch CX 250 W \/ 85 Nm<\/td>\n<td data-col-size=\"sm\" data-start=\"7487\" data-end=\"7502\">Bosch 750 Wh<\/td>\n<td data-col-size=\"sm\" data-start=\"7502\" data-end=\"7526\">Shimano Deore\/XT 1\u00d712<\/td>\n<td data-col-size=\"sm\" data-start=\"7526\" data-end=\"7555\">120 mm \/ 120 mm<\/td>\n<td data-col-size=\"sm\" data-start=\"7555\" data-end=\"7606\">\u224825,5 kg<\/td>\n<td data-col-size=\"sm\" data-start=\"7606\" data-end=\"7658\">\u22484 499 \u20ac<\/td>\n<\/tr>\n<tr data-start=\"7659\" data-end=\"7864\">\n<td data-start=\"7659\" data-end=\"7701\" data-col-size=\"sm\"><strong data-start=\"7661\" data-end=\"7700\">Cube Stereo Hybrid 140 HPC Race 750<\/strong><\/td>\n<td data-start=\"7701\" data-end=\"7732\" data-col-size=\"sm\">Bosch CX<\/td>\n<td data-start=\"7732\" data-end=\"7747\" data-col-size=\"sm\">Bosch 750 Wh<\/td>\n<td data-col-size=\"sm\" data-start=\"7747\" data-end=\"7767\">similaire<\/td>\n<td data-col-size=\"sm\" data-start=\"7767\" data-end=\"7796\">140 mm \/ 140 mm<\/td>\n<td data-col-size=\"sm\" data-start=\"7796\" data-end=\"7812\">(non pr\u00e9cis\u00e9)<\/td>\n<td data-col-size=\"sm\" data-start=\"7812\" data-end=\"7864\">\u22484 499 \u20ac<\/td>\n<\/tr>\n<tr data-start=\"7865\" data-end=\"8087\">\n<td data-start=\"7865\" data-end=\"7908\" data-col-size=\"sm\"><strong data-start=\"7867\" data-end=\"7904\">Specialized Turbo Levo Comp Alloy<\/strong><\/td>\n<td data-start=\"7908\" data-end=\"7940\" data-col-size=\"sm\">Specialized 565 W \/ 90 Nm<\/td>\n<td data-start=\"7940\" data-end=\"7954\" data-col-size=\"sm\">700 Wh<\/td>\n<td data-col-size=\"sm\" data-start=\"7954\" data-end=\"7977\">1\u00d712 (SRAM GX Eagle)<\/td>\n<td data-col-size=\"sm\" data-start=\"7977\" data-end=\"8005\">160 mm \/ 150 mm<\/td>\n<td data-col-size=\"sm\" data-start=\"8005\" data-end=\"8021\">(non pr\u00e9cis\u00e9)<\/td>\n<td data-col-size=\"sm\" data-start=\"8021\" data-end=\"8087\">(non dispo exact prix)<\/td>\n<\/tr>\n<\/tbody>\n<\/table>\n<\/div>\n<\/div>\n<hr data-start=\"8141\" data-end=\"8144\" \/>\n<div class=\"no-scrollbar mt-1 mb-6 flex min-h-36 flex-nowrap gap-0.5 overflow-auto sm:gap-1 sm:overflow-hidden xl:min-h-44\">\n<div class=\"border-token-border-default relative aspect-square w-32 shrink-0 overflow-hidden rounded-xl border-[0.5px] md:shrink max-h-48 sm:w-[calc((100%-0.5rem)\/4)] rounded-s-xl\">\n<div><img decoding=\"async\" class=\"bg-token-main-surface-tertiary m-0 h-full w-full object-cover alignnone\" src=\"https:\/\/fullnorth.com\/wp-content\/uploads\/2024\/04\/Cube-e-bikes67162.jpg\" alt=\"cube vtt autonomie endurance\" width=\"1500\" height=\"844\" \/><\/div>\n<\/div>\n<div class=\"border-token-border-default relative aspect-square w-32 shrink-0 overflow-hidden rounded-xl border-[0.5px] md:shrink max-h-48 sm:w-[calc((100%-0.5rem)\/4)] rounded-e-xl\">\n<div><img decoding=\"async\" class=\"bg-token-main-surface-tertiary m-0 h-full w-full object-cover alignnone\" src=\"https:\/\/i.ytimg.com\/vi\/iRWpsEAJaF8\/maxresdefault.jpg\" alt=\"cube vtt autonomie endurance\" width=\"1280\" height=\"720\" \/><\/div>\n<\/div>\n<\/div>\n<h2 data-start=\"8195\" data-end=\"8230\">6. Conclusion &amp; appel \u00e0 l\u2019action<\/h2>\n<p data-start=\"8232\" data-end=\"8798\">Le <strong data-start=\"8235\" data-end=\"8277\">Cube Stereo Hybrid 120 Race 750 (2024)<\/strong> est un <strong data-start=\"8285\" data-end=\"8317\">VTT \u00e9lectrique tout-suspendu<\/strong> qui excelle dans l\u2019<strong data-start=\"8337\" data-end=\"8350\">autonomie<\/strong>, l\u2019<strong data-start=\"8354\" data-end=\"8367\">endurance<\/strong> et le confort des sorties trail. Avec sa motorisation Bosch CX, sa batterie g\u00e9n\u00e9reuse de 750 Wh, son cadre aluminium Superlite et ses composants haut de gamme, il offre une performance polyvalente, parfaite pour les longues randonn\u00e9es, les terrains accident\u00e9s ou m\u00eame une utilisation gravel. Ne manquez pas cette opportunit\u00e9 : <strong data-start=\"8695\" data-end=\"8761\">commandez d\u00e8s maintenant votre Cube Stereo Hybrid 120 Race 750<\/strong> et franchissez de nouveaux horizons.<\/p>\n<h2 data-start=\"8805\" data-end=\"8814\"><\/h2>\n<h2 data-start=\"8805\" data-end=\"8814\">7. FAQ<\/h2>\n<p data-start=\"8816\" data-end=\"9000\"><strong data-start=\"8816\" data-end=\"8868\">Q1 : Quelle autonomie en fonctionnement normal ?<\/strong><br data-start=\"8868\" data-end=\"8871\" \/>R : Jusqu\u2019\u00e0 100 km selon le mode d\u2019assistance et le terrain, gr\u00e2ce \u00e0 la batterie Bosch 750 Wh et l\u2019efficacit\u00e9 du moteur Bosch CX.<\/p>\n<p data-start=\"9002\" data-end=\"9208\"><strong data-start=\"9002\" data-end=\"9066\">Q2 : Peut-on installer des garde-boues ou un porte-bagages ?<\/strong><br data-start=\"9066\" data-end=\"9069\" \/>R : Oui, des points d\u2019ancrage sont pr\u00e9vus sur le cadre pour garde-boues, b\u00e9quille et porte-bagages .<\/p>\n<p data-start=\"9210\" data-end=\"9402\"><strong data-start=\"9210\" data-end=\"9272\">Q3 : Quelle est la diff\u00e9rence entre tailles 27,5\u2033 et 29\u2033 ?<\/strong><br data-start=\"9272\" data-end=\"9275\" \/>R : Les 27,5\u2033 (sur tailles S) offrent plus d\u2019agilit\u00e9, les 29\u2033 (M\u2013XL) offrent meilleure stabilit\u00e9 et franchissement d\u2019obstacles.<\/p>\n<p data-start=\"9404\" data-end=\"9542\"><strong data-start=\"9404\" data-end=\"9444\">Q4 : Entretien des suspensions Fox ?<\/strong><br data-start=\"9444\" data-end=\"9447\" \/>R : Recommand\u00e9 tous les 50 \u00e0 100 heures ou 1 saison selon usage, selon les recommandations Fox.<\/p>\n<p>&nbsp;<\/p>\n<p>Views: 5<\/p>","protected":false},"excerpt":{"rendered":"<ol data-start=\"9606\" data-end=\"10058\">\n<li data-start=\"9606\" data-end=\"9732\">\n<p data-start=\"9609\" data-end=\"9732\"><span style=\"color: #808000;\"><strong data-start=\"9609\" data-end=\"9632\">Endurance optimis\u00e9e<\/strong> \u2013 V\u00e9los \u00e9lectrique tout-suspendu Cube avec <strong data-start=\"9676\" data-end=\"9695\">batterie 750 Wh<\/strong>, id\u00e9al pour longues sorties trail.<\/span><\/p>\n<\/li>\n<li data-start=\"9733\" data-end=\"9841\">\n<p data-start=\"9736\" data-end=\"9841\"><span style=\"color: #808000;\"><strong data-start=\"9736\" data-end=\"9762\">Motorisation puissante<\/strong> \u2013 Bosch Performance CX 250 W, 85 Nm, pour une assistance fiable en montagne.<\/span><\/p>\n<\/li>\n<li data-start=\"9842\" data-end=\"9942\">\n<p data-start=\"9845\" data-end=\"9942\"><span style=\"color: #808000;\"><strong data-start=\"9845\" data-end=\"9868\">Confort et contr\u00f4le<\/strong> \u2013 Suspensions Fox 120 mm, g\u00e9om\u00e9trie Agile Comfort, pneus 2,6\u2033 tubeless.<\/span><\/p>\n<\/li>\n<li data-start=\"9943\" data-end=\"10058\">\n<p data-start=\"9946\" data-end=\"10058\"><span style=\"color: #808000;\"><strong data-start=\"9946\" data-end=\"9968\">Composants premium<\/strong> \u2013 Transmission Shimano Deore\/XT 1\u00d712, freins Magura MT Thirty, cadre aluminium Superlite.<\/span><\/p>\n<\/li>\n<\/ol>\n","protected":false},"featured_media":28459,"comment_status":"open","ping_status":"closed","template":"","meta":[],"product_brand":[],"product_cat":[17,243,249,25],"product_tag":[44,641,948],"class_list":{"0":"post-28642","1":"product","2":"type-product","3":"status-publish","4":"has-post-thumbnail","6":"product_cat-velos","7":"product_cat-velo-pliant-a-assistance-electrique","8":"product_cat-vtt-electrique-tout-suspendu","9":"product_cat-vtt-electrique-tout-terrain-a-moteur-puissant","10":"product_tag-velos-confortables","11":"product_tag-vtt-electrique","12":"product_tag-vtt-electrique-tout-suspendu","14":"first","15":"instock","16":"sale","17":"taxable","18":"shipping-taxable","19":"purchasable","20":"product-type-variable"},"yoast_head":"<!-- This site is optimized with the Yoast SEO plugin v27.5 - https:\/\/yoast.com\/product\/yoast-seo-wordpress\/ -->\n<title>Cube VTT autonomie endurance : Stereo Hybrid 120 Race 750 - e-veloboutique.fr<\/title>\n<meta name=\"description\" content=\"Cube Stereo Hybrid 120 Race 750 : VTT \u00e9lectrique tout-suspendu avec autonomie endurance gr\u00e2ce \u00e0 sa batterie 750 Wh. Prix promo 3199 \u20ac.\" \/>\n<meta name=\"robots\" content=\"index, follow, max-snippet:-1, max-image-preview:large, max-video-preview:-1\" \/>\n<link rel=\"canonical\" href=\"https:\/\/e-veloboutique.fr\/?product=cube-vtt-autonomie-endurance-stereo-hybrid-120-race-750\" \/>\n<meta property=\"og:locale\" content=\"fr_FR\" \/>\n<meta property=\"og:type\" content=\"article\" \/>\n<meta property=\"og:title\" content=\"Cube VTT autonomie endurance : Stereo Hybrid 120 Race 750 - e-veloboutique.fr\" \/>\n<meta property=\"og:description\" content=\"Cube Stereo Hybrid 120 Race 750 : VTT \u00e9lectrique tout-suspendu avec autonomie endurance gr\u00e2ce \u00e0 sa batterie 750 Wh. Prix promo 3199 \u20ac.\" \/>\n<meta property=\"og:url\" content=\"https:\/\/e-veloboutique.fr\/?product=cube-vtt-autonomie-endurance-stereo-hybrid-120-race-750\" \/>\n<meta property=\"og:site_name\" content=\"e-veloboutique.fr\" \/>\n<meta property=\"article:modified_time\" content=\"2025-09-08T10:33:26+00:00\" \/>\n<meta property=\"og:image\" content=\"https:\/\/e-veloboutique.fr\/wp-content\/uploads\/2025\/06\/Vtt-electrique-Cube-stereo-hybrid-120-race-750-resistant-aux-chocs-galerievelo.fr_.jpg\" \/>\n\t<meta property=\"og:image:width\" content=\"750\" \/>\n\t<meta property=\"og:image:height\" content=\"434\" \/>\n\t<meta property=\"og:image:type\" content=\"image\/jpeg\" \/>\n<meta name=\"twitter:card\" content=\"summary_large_image\" \/>\n<meta name=\"twitter:label1\" content=\"Dur\u00e9e de lecture estim\u00e9e\" \/>\n\t<meta name=\"twitter:data1\" content=\"5 minutes\" \/>\n<script type=\"application\/ld+json\" class=\"yoast-schema-graph\">{\"@context\":\"https:\\\/\\\/schema.org\",\"@graph\":[{\"@type\":\"WebPage\",\"@id\":\"https:\\\/\\\/e-veloboutique.fr\\\/?product=cube-vtt-autonomie-endurance-stereo-hybrid-120-race-750\",\"url\":\"https:\\\/\\\/e-veloboutique.fr\\\/?product=cube-vtt-autonomie-endurance-stereo-hybrid-120-race-750\",\"name\":\"Cube VTT autonomie endurance : Stereo Hybrid 120 Race 750 - e-veloboutique.fr\",\"isPartOf\":{\"@id\":\"https:\\\/\\\/e-veloboutique.fr\\\/#website\"},\"primaryImageOfPage\":{\"@id\":\"https:\\\/\\\/e-veloboutique.fr\\\/?product=cube-vtt-autonomie-endurance-stereo-hybrid-120-race-750#primaryimage\"},\"image\":{\"@id\":\"https:\\\/\\\/e-veloboutique.fr\\\/?product=cube-vtt-autonomie-endurance-stereo-hybrid-120-race-750#primaryimage\"},\"thumbnailUrl\":\"https:\\\/\\\/e-veloboutique.fr\\\/wp-content\\\/uploads\\\/2025\\\/06\\\/Vtt-electrique-Cube-stereo-hybrid-120-race-750-resistant-aux-chocs-galerievelo.fr_.jpg\",\"datePublished\":\"2025-06-12T15:51:32+00:00\",\"dateModified\":\"2025-09-08T10:33:26+00:00\",\"description\":\"Cube Stereo Hybrid 120 Race 750 : VTT \u00e9lectrique tout-suspendu avec autonomie endurance gr\u00e2ce \u00e0 sa batterie 750 Wh. Prix promo 3199 \u20ac.\",\"breadcrumb\":{\"@id\":\"https:\\\/\\\/e-veloboutique.fr\\\/?product=cube-vtt-autonomie-endurance-stereo-hybrid-120-race-750#breadcrumb\"},\"inLanguage\":\"fr-FR\",\"potentialAction\":[{\"@type\":\"ReadAction\",\"target\":[\"https:\\\/\\\/e-veloboutique.fr\\\/?product=cube-vtt-autonomie-endurance-stereo-hybrid-120-race-750\"]}]},{\"@type\":\"ImageObject\",\"inLanguage\":\"fr-FR\",\"@id\":\"https:\\\/\\\/e-veloboutique.fr\\\/?product=cube-vtt-autonomie-endurance-stereo-hybrid-120-race-750#primaryimage\",\"url\":\"https:\\\/\\\/e-veloboutique.fr\\\/wp-content\\\/uploads\\\/2025\\\/06\\\/Vtt-electrique-Cube-stereo-hybrid-120-race-750-resistant-aux-chocs-galerievelo.fr_.jpg\",\"contentUrl\":\"https:\\\/\\\/e-veloboutique.fr\\\/wp-content\\\/uploads\\\/2025\\\/06\\\/Vtt-electrique-Cube-stereo-hybrid-120-race-750-resistant-aux-chocs-galerievelo.fr_.jpg\",\"width\":750,\"height\":434,\"caption\":\"cube vtt autonomie endurance\"},{\"@type\":\"BreadcrumbList\",\"@id\":\"https:\\\/\\\/e-veloboutique.fr\\\/?product=cube-vtt-autonomie-endurance-stereo-hybrid-120-race-750#breadcrumb\",\"itemListElement\":[{\"@type\":\"ListItem\",\"position\":1,\"name\":\"Accueil\",\"item\":\"https:\\\/\\\/e-veloboutique.fr\\\/\"},{\"@type\":\"ListItem\",\"position\":2,\"name\":\"Produits\",\"item\":\"https:\\\/\\\/e-veloboutique.fr\\\/shop\\\/\"},{\"@type\":\"ListItem\",\"position\":3,\"name\":\"V\u00e9los \u00e9lectriques\",\"item\":\"https:\\\/\\\/e-veloboutique.fr\\\/?product_cat=velos\"},{\"@type\":\"ListItem\",\"position\":4,\"name\":\"VTT \u00e9lectrique tout-suspendu Cube STEREO HYBRID 120 RACE 750 \\\/ 2024 \\\/ sparkorange\u00b4n\u00b4black\"}]},{\"@type\":\"WebSite\",\"@id\":\"https:\\\/\\\/e-veloboutique.fr\\\/#website\",\"url\":\"https:\\\/\\\/e-veloboutique.fr\\\/\",\"name\":\"E-velos\",\"description\":\"\",\"publisher\":{\"@id\":\"https:\\\/\\\/e-veloboutique.fr\\\/#organization\"},\"potentialAction\":[{\"@type\":\"SearchAction\",\"target\":{\"@type\":\"EntryPoint\",\"urlTemplate\":\"https:\\\/\\\/e-veloboutique.fr\\\/?s={search_term_string}\"},\"query-input\":{\"@type\":\"PropertyValueSpecification\",\"valueRequired\":true,\"valueName\":\"search_term_string\"}}],\"inLanguage\":\"fr-FR\"},{\"@type\":\"Organization\",\"@id\":\"https:\\\/\\\/e-veloboutique.fr\\\/#organization\",\"name\":\"e-veloboutique.fr\",\"url\":\"https:\\\/\\\/e-veloboutique.fr\\\/\",\"logo\":{\"@type\":\"ImageObject\",\"inLanguage\":\"fr-FR\",\"@id\":\"https:\\\/\\\/e-veloboutique.fr\\\/#\\\/schema\\\/logo\\\/image\\\/\",\"url\":\"https:\\\/\\\/e-veloboutique.fr\\\/wp-content\\\/uploads\\\/2024\\\/12\\\/evelos-boutique.jpg\",\"contentUrl\":\"https:\\\/\\\/e-veloboutique.fr\\\/wp-content\\\/uploads\\\/2024\\\/12\\\/evelos-boutique.jpg\",\"width\":75,\"height\":75,\"caption\":\"e-veloboutique.fr\"},\"image\":{\"@id\":\"https:\\\/\\\/e-veloboutique.fr\\\/#\\\/schema\\\/logo\\\/image\\\/\"}}]}<\/script>\n<!-- \/ Yoast SEO plugin. -->","yoast_head_json":{"title":"Cube VTT autonomie endurance : Stereo Hybrid 120 Race 750 - e-veloboutique.fr","description":"Cube Stereo Hybrid 120 Race 750 : VTT \u00e9lectrique tout-suspendu avec autonomie endurance gr\u00e2ce \u00e0 sa batterie 750 Wh. Prix promo 3199 \u20ac.","robots":{"index":"index","follow":"follow","max-snippet":"max-snippet:-1","max-image-preview":"max-image-preview:large","max-video-preview":"max-video-preview:-1"},"canonical":"https:\/\/e-veloboutique.fr\/?product=cube-vtt-autonomie-endurance-stereo-hybrid-120-race-750","og_locale":"fr_FR","og_type":"article","og_title":"Cube VTT autonomie endurance : Stereo Hybrid 120 Race 750 - e-veloboutique.fr","og_description":"Cube Stereo Hybrid 120 Race 750 : VTT \u00e9lectrique tout-suspendu avec autonomie endurance gr\u00e2ce \u00e0 sa batterie 750 Wh. Prix promo 3199 \u20ac.","og_url":"https:\/\/e-veloboutique.fr\/?product=cube-vtt-autonomie-endurance-stereo-hybrid-120-race-750","og_site_name":"e-veloboutique.fr","article_modified_time":"2025-09-08T10:33:26+00:00","og_image":[{"width":750,"height":434,"url":"https:\/\/e-veloboutique.fr\/wp-content\/uploads\/2025\/06\/Vtt-electrique-Cube-stereo-hybrid-120-race-750-resistant-aux-chocs-galerievelo.fr_.jpg","type":"image\/jpeg"}],"twitter_card":"summary_large_image","twitter_misc":{"Dur\u00e9e de lecture estim\u00e9e":"5 minutes"},"schema":{"@context":"https:\/\/schema.org","@graph":[{"@type":"WebPage","@id":"https:\/\/e-veloboutique.fr\/?product=cube-vtt-autonomie-endurance-stereo-hybrid-120-race-750","url":"https:\/\/e-veloboutique.fr\/?product=cube-vtt-autonomie-endurance-stereo-hybrid-120-race-750","name":"Cube VTT autonomie endurance : Stereo Hybrid 120 Race 750 - e-veloboutique.fr","isPartOf":{"@id":"https:\/\/e-veloboutique.fr\/#website"},"primaryImageOfPage":{"@id":"https:\/\/e-veloboutique.fr\/?product=cube-vtt-autonomie-endurance-stereo-hybrid-120-race-750#primaryimage"},"image":{"@id":"https:\/\/e-veloboutique.fr\/?product=cube-vtt-autonomie-endurance-stereo-hybrid-120-race-750#primaryimage"},"thumbnailUrl":"https:\/\/e-veloboutique.fr\/wp-content\/uploads\/2025\/06\/Vtt-electrique-Cube-stereo-hybrid-120-race-750-resistant-aux-chocs-galerievelo.fr_.jpg","datePublished":"2025-06-12T15:51:32+00:00","dateModified":"2025-09-08T10:33:26+00:00","description":"Cube Stereo Hybrid 120 Race 750 : VTT \u00e9lectrique tout-suspendu avec autonomie endurance gr\u00e2ce \u00e0 sa batterie 750 Wh. Prix promo 3199 \u20ac.","breadcrumb":{"@id":"https:\/\/e-veloboutique.fr\/?product=cube-vtt-autonomie-endurance-stereo-hybrid-120-race-750#breadcrumb"},"inLanguage":"fr-FR","potentialAction":[{"@type":"ReadAction","target":["https:\/\/e-veloboutique.fr\/?product=cube-vtt-autonomie-endurance-stereo-hybrid-120-race-750"]}]},{"@type":"ImageObject","inLanguage":"fr-FR","@id":"https:\/\/e-veloboutique.fr\/?product=cube-vtt-autonomie-endurance-stereo-hybrid-120-race-750#primaryimage","url":"https:\/\/e-veloboutique.fr\/wp-content\/uploads\/2025\/06\/Vtt-electrique-Cube-stereo-hybrid-120-race-750-resistant-aux-chocs-galerievelo.fr_.jpg","contentUrl":"https:\/\/e-veloboutique.fr\/wp-content\/uploads\/2025\/06\/Vtt-electrique-Cube-stereo-hybrid-120-race-750-resistant-aux-chocs-galerievelo.fr_.jpg","width":750,"height":434,"caption":"cube vtt autonomie endurance"},{"@type":"BreadcrumbList","@id":"https:\/\/e-veloboutique.fr\/?product=cube-vtt-autonomie-endurance-stereo-hybrid-120-race-750#breadcrumb","itemListElement":[{"@type":"ListItem","position":1,"name":"Accueil","item":"https:\/\/e-veloboutique.fr\/"},{"@type":"ListItem","position":2,"name":"Produits","item":"https:\/\/e-veloboutique.fr\/shop\/"},{"@type":"ListItem","position":3,"name":"V\u00e9los \u00e9lectriques","item":"https:\/\/e-veloboutique.fr\/?product_cat=velos"},{"@type":"ListItem","position":4,"name":"VTT \u00e9lectrique tout-suspendu Cube STEREO HYBRID 120 RACE 750 \/ 2024 \/ sparkorange\u00b4n\u00b4black"}]},{"@type":"WebSite","@id":"https:\/\/e-veloboutique.fr\/#website","url":"https:\/\/e-veloboutique.fr\/","name":"E-velos","description":"","publisher":{"@id":"https:\/\/e-veloboutique.fr\/#organization"},"potentialAction":[{"@type":"SearchAction","target":{"@type":"EntryPoint","urlTemplate":"https:\/\/e-veloboutique.fr\/?s={search_term_string}"},"query-input":{"@type":"PropertyValueSpecification","valueRequired":true,"valueName":"search_term_string"}}],"inLanguage":"fr-FR"},{"@type":"Organization","@id":"https:\/\/e-veloboutique.fr\/#organization","name":"e-veloboutique.fr","url":"https:\/\/e-veloboutique.fr\/","logo":{"@type":"ImageObject","inLanguage":"fr-FR","@id":"https:\/\/e-veloboutique.fr\/#\/schema\/logo\/image\/","url":"https:\/\/e-veloboutique.fr\/wp-content\/uploads\/2024\/12\/evelos-boutique.jpg","contentUrl":"https:\/\/e-veloboutique.fr\/wp-content\/uploads\/2024\/12\/evelos-boutique.jpg","width":75,"height":75,"caption":"e-veloboutique.fr"},"image":{"@id":"https:\/\/e-veloboutique.fr\/#\/schema\/logo\/image\/"}}]}},"_links":{"self":[{"href":"https:\/\/e-veloboutique.fr\/index.php?rest_route=\/wp\/v2\/product\/28642","targetHints":{"allow":["GET"]}}],"collection":[{"href":"https:\/\/e-veloboutique.fr\/index.php?rest_route=\/wp\/v2\/product"}],"about":[{"href":"https:\/\/e-veloboutique.fr\/index.php?rest_route=\/wp\/v2\/types\/product"}],"replies":[{"embeddable":true,"href":"https:\/\/e-veloboutique.fr\/index.php?rest_route=%2Fwp%2Fv2%2Fcomments&post=28642"}],"version-history":[{"count":3,"href":"https:\/\/e-veloboutique.fr\/index.php?rest_route=\/wp\/v2\/product\/28642\/revisions"}],"predecessor-version":[{"id":34405,"href":"https:\/\/e-veloboutique.fr\/index.php?rest_route=\/wp\/v2\/product\/28642\/revisions\/34405"}],"wp:featuredmedia":[{"embeddable":true,"href":"https:\/\/e-veloboutique.fr\/index.php?rest_route=\/wp\/v2\/media\/28459"}],"wp:attachment":[{"href":"https:\/\/e-veloboutique.fr\/index.php?rest_route=%2Fwp%2Fv2%2Fmedia&parent=28642"}],"wp:term":[{"taxonomy":"product_brand","embeddable":true,"href":"https:\/\/e-veloboutique.fr\/index.php?rest_route=%2Fwp%2Fv2%2Fproduct_brand&post=28642"},{"taxonomy":"product_cat","embeddable":true,"href":"https:\/\/e-veloboutique.fr\/index.php?rest_route=%2Fwp%2Fv2%2Fproduct_cat&post=28642"},{"taxonomy":"product_tag","embeddable":true,"href":"https:\/\/e-veloboutique.fr\/index.php?rest_route=%2Fwp%2Fv2%2Fproduct_tag&post=28642"}],"curies":[{"name":"wp","href":"https:\/\/api.w.org\/{rel}","templated":true}]}}