{"id":30827,"date":"2025-06-12T16:56:10","date_gmt":"2025-06-12T16:56:10","guid":{"rendered":"https:\/\/e-veloboutique.fr\/home\/non%20class\u00e9\/velo-route-electrique-moustache-dimanche-29-4-eq-gris-silex-brillant-3\/"},"modified":"2025-06-18T08:21:31","modified_gmt":"2025-06-18T08:21:31","slug":"velo-electrique-meilleur-velo-route-electrique-leger-moustache","status":"publish","type":"product","link":"https:\/\/e-veloboutique.fr\/?product=velo-electrique-meilleur-velo-route-electrique-leger-moustache","title":{"rendered":"V\u00e9lo route \u00e9lectrique Moustache dimanche 29.4 eq \/ v\u00e9lo Homme"},"content":{"rendered":"<h2 data-start=\"951\" data-end=\"1004\"><strong data-start=\"1008\" data-end=\"1028\">Dimanche 29.4 EQ<\/strong><\/h2>\n<h3 data-start=\"951\" data-end=\"1004\"><strong data-start=\"958\" data-end=\"1002\">Description d\u00e9taill\u00e9e technique et usage<\/strong><\/h3>\n<p data-start=\"1005\" data-end=\"1287\">Le <strong data-start=\"1008\" data-end=\"1028\">Dimanche 29.4 EQ<\/strong> incarne la vision de Moustache : un v\u00e9lo route \u00e9lectrique fiable, l\u00e9ger et agr\u00e9able \u00e0 piloter. Son <strong data-start=\"1128\" data-end=\"1161\">cadre en aluminium hydroform\u00e9<\/strong>, sa <strong data-start=\"1166\" data-end=\"1185\">fourche carbone<\/strong> et ses <strong data-start=\"1193\" data-end=\"1215\">composants Shimano<\/strong> de qualit\u00e9 en font un mod\u00e8le taill\u00e9 pour l\u2019endurance et la performance.<\/p>\n<p data-start=\"1289\" data-end=\"1530\">\u00c9quip\u00e9 du <strong data-start=\"1299\" data-end=\"1332\">moteur Bosch Performance Line<\/strong>, il d\u00e9veloppe jusqu\u2019\u00e0 <strong data-start=\"1355\" data-end=\"1374\">65 Nm de couple<\/strong>, avec une assistance fluide et progressive. La <strong data-start=\"1422\" data-end=\"1454\">batterie PowerTube de 500 Wh<\/strong> int\u00e9gr\u00e9e assure une autonomie g\u00e9n\u00e9reuse, parfaite pour vos longues sorties.<\/p>\n<p data-start=\"1532\" data-end=\"1730\">C\u00f4t\u00e9 confort, la <strong data-start=\"1549\" data-end=\"1575\">position semi-sportive<\/strong>, le <strong data-start=\"1580\" data-end=\"1602\">guidon ergonomique<\/strong>, et les <strong data-start=\"1611\" data-end=\"1632\">pneus polyvalents<\/strong> permettent une conduite \u00e0 la fois r\u00e9active et agr\u00e9able, sur route comme sur les pistes cyclables.<\/p>\n<p data-start=\"1732\" data-end=\"1917\">Son <strong data-start=\"1736\" data-end=\"1764\">\u00e9quipement EQ (\u00e9quipped)<\/strong> comprend des <strong data-start=\"1778\" data-end=\"1820\">garde-boue, porte-bagages et \u00e9clairage<\/strong> int\u00e9gr\u00e9s, ce qui en fait aussi un excellent choix pour le v\u00e9lotaf ou les randonn\u00e9es itin\u00e9rantes.<\/p>\n<h3 data-start=\"1732\" data-end=\"1917\">\u00a0<strong data-start=\"1931\" data-end=\"1960\">Tableau technique complet<\/strong><\/h3>\n<div class=\"_tableContainer_16hzy_1\">\n<div class=\"_tableWrapper_16hzy_14 group flex w-fit flex-col-reverse\" tabindex=\"-1\">\n<table class=\"w-fit min-w-(--thread-content-width)\" style=\"height: 612px;\" width=\"926\" data-start=\"1962\" data-end=\"3536\">\n<thead data-start=\"1962\" data-end=\"2036\">\n<tr data-start=\"1962\" data-end=\"2036\">\n<th data-start=\"1962\" data-end=\"1985\" data-col-size=\"sm\"><strong data-start=\"1964\" data-end=\"1975\">\u00c9l\u00e9ment<\/strong><\/th>\n<th data-start=\"1985\" data-end=\"2036\" data-col-size=\"md\"><strong data-start=\"1987\" data-end=\"2004\">Sp\u00e9cification<\/strong><\/th>\n<\/tr>\n<\/thead>\n<tbody data-start=\"2112\" data-end=\"3536\">\n<tr data-start=\"2112\" data-end=\"2186\">\n<td data-start=\"2112\" data-end=\"2135\" data-col-size=\"sm\"><strong data-start=\"2114\" data-end=\"2125\">Tailles<\/strong><\/td>\n<td data-col-size=\"md\" data-start=\"2135\" data-end=\"2186\">S, M, L, XL<\/td>\n<\/tr>\n<tr data-start=\"2187\" data-end=\"2261\">\n<td data-start=\"2187\" data-end=\"2210\" data-col-size=\"sm\"><strong data-start=\"2189\" data-end=\"2198\">Cadre<\/strong><\/td>\n<td data-col-size=\"md\" data-start=\"2210\" data-end=\"2261\">Aluminium 6061 hydroform\u00e9 avec batterie int\u00e9gr\u00e9e<\/td>\n<\/tr>\n<tr data-start=\"2262\" data-end=\"2336\">\n<td data-start=\"2262\" data-end=\"2285\" data-col-size=\"sm\"><strong data-start=\"2264\" data-end=\"2275\">Fourche<\/strong><\/td>\n<td data-col-size=\"md\" data-start=\"2285\" data-end=\"2336\">Carbone rigide<\/td>\n<\/tr>\n<tr data-start=\"2337\" data-end=\"2410\">\n<td data-start=\"2337\" data-end=\"2360\" data-col-size=\"sm\"><strong data-start=\"2339\" data-end=\"2348\">Roues<\/strong><\/td>\n<td data-col-size=\"md\" data-start=\"2360\" data-end=\"2410\">Jantes Alexrims + moyeux Shimano RS470<\/td>\n<\/tr>\n<tr data-start=\"2411\" data-end=\"2485\">\n<td data-start=\"2411\" data-end=\"2434\" data-col-size=\"sm\"><strong data-start=\"2413\" data-end=\"2422\">Pneus<\/strong><\/td>\n<td data-col-size=\"md\" data-start=\"2434\" data-end=\"2485\">Continental Contact Urban 700x42C<\/td>\n<\/tr>\n<tr data-start=\"2486\" data-end=\"2560\">\n<td data-start=\"2486\" data-end=\"2509\" data-col-size=\"sm\"><strong data-start=\"2488\" data-end=\"2500\">Cassette<\/strong><\/td>\n<td data-col-size=\"md\" data-start=\"2509\" data-end=\"2560\">Shimano Deore 11-42T (11 vitesses)<\/td>\n<\/tr>\n<tr data-start=\"2561\" data-end=\"2635\">\n<td data-start=\"2561\" data-end=\"2584\" data-col-size=\"sm\"><strong data-start=\"2563\" data-end=\"2575\">P\u00e9dalier<\/strong><\/td>\n<td data-start=\"2584\" data-end=\"2635\" data-col-size=\"md\">FSA 170 mm avec plateau 42 dents<\/td>\n<\/tr>\n<tr data-start=\"2636\" data-end=\"2710\">\n<td data-start=\"2636\" data-end=\"2660\" data-col-size=\"sm\"><strong data-start=\"2638\" data-end=\"2660\">D\u00e9railleur arri\u00e8re<\/strong><\/td>\n<td data-start=\"2660\" data-end=\"2710\" data-col-size=\"md\">Shimano Deore M5120<\/td>\n<\/tr>\n<tr data-start=\"2711\" data-end=\"2785\">\n<td data-start=\"2711\" data-end=\"2734\" data-col-size=\"sm\"><strong data-start=\"2713\" data-end=\"2725\">Manettes<\/strong><\/td>\n<td data-start=\"2734\" data-end=\"2785\" data-col-size=\"md\">Shimano Deore 1&#215;11<\/td>\n<\/tr>\n<tr data-start=\"2786\" data-end=\"2860\">\n<td data-start=\"2786\" data-end=\"2809\" data-col-size=\"sm\"><strong data-start=\"2788\" data-end=\"2798\">Freins<\/strong><\/td>\n<td data-start=\"2809\" data-end=\"2860\" data-col-size=\"md\">Freins \u00e0 disque hydrauliques Shimano MT200<\/td>\n<\/tr>\n<tr data-start=\"2861\" data-end=\"2935\">\n<td data-start=\"2861\" data-end=\"2884\" data-col-size=\"sm\"><strong data-start=\"2863\" data-end=\"2872\">Selle<\/strong><\/td>\n<td data-start=\"2884\" data-end=\"2935\" data-col-size=\"md\">Selle Royal Essenza<\/td>\n<\/tr>\n<tr data-start=\"2936\" data-end=\"3010\">\n<td data-start=\"2936\" data-end=\"2959\" data-col-size=\"sm\"><strong data-start=\"2938\" data-end=\"2955\">Tige de selle<\/strong><\/td>\n<td data-start=\"2959\" data-end=\"3010\" data-col-size=\"md\">Aluminium 31.6 mm<\/td>\n<\/tr>\n<tr data-start=\"3011\" data-end=\"3085\">\n<td data-start=\"3011\" data-end=\"3034\" data-col-size=\"sm\"><strong data-start=\"3013\" data-end=\"3024\">Potence<\/strong><\/td>\n<td data-start=\"3034\" data-end=\"3085\" data-col-size=\"md\">Aluminium, ajustable<\/td>\n<\/tr>\n<tr data-start=\"3086\" data-end=\"3161\">\n<td data-start=\"3086\" data-end=\"3109\" data-col-size=\"sm\"><strong data-start=\"3088\" data-end=\"3098\">Cintre<\/strong><\/td>\n<td data-start=\"3109\" data-end=\"3161\" data-col-size=\"md\">Ergonomique route Moustache<\/td>\n<\/tr>\n<tr data-start=\"3162\" data-end=\"3236\">\n<td data-start=\"3162\" data-end=\"3185\" data-col-size=\"sm\"><strong data-start=\"3164\" data-end=\"3176\">Batterie<\/strong><\/td>\n<td data-start=\"3185\" data-end=\"3236\" data-col-size=\"md\"><a href=\"https:\/\/e-veloboutique.fr\/home\/pieces-detachees\/batterie-velo-electrique-haute-capacite\/bosch-powerpack-625-batterie-velo-electrique-pas-cher-haute-capacite\/\">Bosch PowerTube 500<\/a> Wh, 36V<\/td>\n<\/tr>\n<tr data-start=\"3237\" data-end=\"3311\">\n<td data-start=\"3237\" data-end=\"3260\" data-col-size=\"sm\"><strong data-start=\"3239\" data-end=\"3249\">Moteur<\/strong><\/td>\n<td data-start=\"3260\" data-end=\"3311\" data-col-size=\"md\"><a href=\"https:\/\/e-veloboutique.fr\/home\/pieces-detachees\/moteur-de-velo-electrique-puissant\/le-moteur-velos-haute-performance-bosch-performance-line-cx-smart-system\/\">Bosch Performance Line<\/a> 250W, 65 Nm<\/td>\n<\/tr>\n<tr data-start=\"3312\" data-end=\"3386\">\n<td data-start=\"3312\" data-end=\"3335\" data-col-size=\"sm\"><strong data-start=\"3314\" data-end=\"3327\">Affichage<\/strong><\/td>\n<td data-start=\"3335\" data-end=\"3386\" data-col-size=\"md\">Bosch Purion<\/td>\n<\/tr>\n<tr data-start=\"3387\" data-end=\"3461\">\n<td data-start=\"3387\" data-end=\"3410\" data-col-size=\"sm\"><strong data-start=\"3389\" data-end=\"3409\">Mati\u00e8re du cadre<\/strong><\/td>\n<td data-start=\"3410\" data-end=\"3461\" data-col-size=\"md\">Aluminium<\/td>\n<\/tr>\n<tr data-start=\"3462\" data-end=\"3536\">\n<td data-start=\"3462\" data-end=\"3485\" data-col-size=\"sm\"><strong data-start=\"3464\" data-end=\"3481\">Gamme \/ ann\u00e9e<\/strong><\/td>\n<td data-start=\"3485\" data-end=\"3536\" data-col-size=\"md\">Moustache Dimanche 2024<\/td>\n<\/tr>\n<\/tbody>\n<\/table>\n<div class=\"sticky end-(--thread-content-margin) h-0 self-end select-none\">\n<div class=\"absolute end-0 flex items-end\"><\/div>\n<\/div>\n<\/div>\n<\/div>\n<h3 data-start=\"3543\" data-end=\"3591\"><\/h3>\n<h3 data-start=\"3543\" data-end=\"3591\"><strong data-start=\"3550\" data-end=\"3591\">Tableau comparatif avec 2 concurrents<\/strong><\/h3>\n<div class=\"_tableContainer_16hzy_1\">\n<div class=\"_tableWrapper_16hzy_14 group flex w-fit flex-col-reverse\" tabindex=\"-1\">\n<table class=\"w-fit min-w-(--thread-content-width)\" data-start=\"3593\" data-end=\"4400\">\n<thead data-start=\"3593\" data-end=\"3755\">\n<tr data-start=\"3593\" data-end=\"3755\">\n<th data-start=\"3593\" data-end=\"3637\" data-col-size=\"sm\"><strong data-start=\"3595\" data-end=\"3605\">Mod\u00e8le<\/strong><\/th>\n<th data-start=\"3637\" data-end=\"3669\" data-col-size=\"sm\"><strong data-start=\"3639\" data-end=\"3649\">Moteur<\/strong><\/th>\n<th data-start=\"3669\" data-end=\"3689\" data-col-size=\"sm\"><strong data-start=\"3671\" data-end=\"3683\">Batterie<\/strong><\/th>\n<th data-start=\"3689\" data-end=\"3717\" data-col-size=\"sm\"><strong data-start=\"3691\" data-end=\"3707\">Transmission<\/strong><\/th>\n<th data-start=\"3717\" data-end=\"3735\" data-col-size=\"sm\"><strong data-start=\"3719\" data-end=\"3728\">Poids<\/strong><\/th>\n<th data-start=\"3735\" data-end=\"3755\" data-col-size=\"sm\"><strong data-start=\"3737\" data-end=\"3749\">Prix TTC<\/strong><\/th>\n<\/tr>\n<\/thead>\n<tbody data-start=\"3918\" data-end=\"4400\">\n<tr data-start=\"3918\" data-end=\"4078\">\n<td data-start=\"3918\" data-end=\"3961\" data-col-size=\"sm\"><strong data-start=\"3920\" data-end=\"3950\">Moustache Dimanche 29.4 EQ<\/strong><\/td>\n<td data-start=\"3961\" data-end=\"3992\" data-col-size=\"sm\">Bosch Perf. Line (65 Nm)<\/td>\n<td data-start=\"3992\" data-end=\"4012\" data-col-size=\"sm\">500 Wh int\u00e9gr\u00e9e<\/td>\n<td data-start=\"4012\" data-end=\"4040\" data-col-size=\"sm\">Shimano Deore 11v<\/td>\n<td data-start=\"4040\" data-end=\"4058\" data-col-size=\"sm\">Env. 23,5 kg<\/td>\n<td data-start=\"4058\" data-end=\"4078\" data-col-size=\"sm\"><strong data-start=\"4060\" data-end=\"4071\">3 799 \u20ac<\/strong><\/td>\n<\/tr>\n<tr data-start=\"4079\" data-end=\"4239\">\n<td data-start=\"4079\" data-end=\"4122\" data-col-size=\"sm\"><a href=\"https:\/\/e-veloboutique.fr\/home\/non-classe\/velo-electrique-velo-route-electrique-leger-et-puissant-moustache-29-2\/\"><strong data-start=\"4081\" data-end=\"4113\">Cannondale Topstone Neo SL 2<\/strong><\/a><\/td>\n<td data-col-size=\"sm\" data-start=\"4122\" data-end=\"4153\">Mahle X35+ (40 Nm)<\/td>\n<td data-col-size=\"sm\" data-start=\"4153\" data-end=\"4173\">250 Wh int\u00e9gr\u00e9e<\/td>\n<td data-col-size=\"sm\" data-start=\"4173\" data-end=\"4201\">Shimano GRX 10v<\/td>\n<td data-col-size=\"sm\" data-start=\"4201\" data-end=\"4219\">Env. 14,5 kg<\/td>\n<td data-col-size=\"sm\" data-start=\"4219\" data-end=\"4239\">3 199 \u20ac<\/td>\n<\/tr>\n<tr data-start=\"4240\" data-end=\"4400\">\n<td data-start=\"4240\" data-end=\"4283\" data-col-size=\"sm\"><a href=\"https:\/\/e-veloboutique.fr\/home\/non-classe\/velo-de-ville-electrique-cannondale-mavaro-neo-sl-1-low-step-microshift-8v-360-wh-27-5-gris\/\"><strong data-start=\"4242\" data-end=\"4278\">Specialized Turbo Vado SL 4.0 EQ<\/strong><\/a><\/td>\n<td data-start=\"4283\" data-end=\"4314\" data-col-size=\"sm\">Specialized SL 1.1 (35 Nm)<\/td>\n<td data-start=\"4314\" data-end=\"4334\" data-col-size=\"sm\">320 Wh int\u00e9gr\u00e9e<\/td>\n<td data-start=\"4334\" data-end=\"4362\" data-col-size=\"sm\">Shimano Deore 10v<\/td>\n<td data-start=\"4362\" data-end=\"4380\" data-col-size=\"sm\">Env. 15 kg<\/td>\n<td data-start=\"4380\" data-end=\"4400\" data-col-size=\"sm\">3 800 \u20ac<\/td>\n<\/tr>\n<\/tbody>\n<\/table>\n<div class=\"sticky end-(--thread-content-margin) h-0 self-end select-none\">\n<div class=\"absolute end-0 flex items-end\"><\/div>\n<\/div>\n<\/div>\n<\/div>\n<p data-start=\"4402\" data-end=\"4665\"><strong data-start=\"4402\" data-end=\"4415\">Analyse :<\/strong> Le Dimanche 29.4 EQ offre <strong data-start=\"4442\" data-end=\"4463\">plus de puissance<\/strong> (65 Nm vs 35\/40 Nm), une <strong data-start=\"4489\" data-end=\"4512\">meilleure autonomie<\/strong>, et un <strong data-start=\"4520\" data-end=\"4556\">\u00e9quipement complet pour la route<\/strong>. Il est id\u00e9al si vous recherchez un v\u00e9lo \u00e9lectrique route complet, puissant et pr\u00eat \u00e0 l\u2019emploi au quotidien.<\/p>\n<h3 data-start=\"4672\" data-end=\"4715\"><\/h3>\n<h3 data-start=\"4672\" data-end=\"4715\"><strong data-start=\"4679\" data-end=\"4713\">Conclusion et appel \u00e0 l\u2019action<\/strong><\/h3>\n<p data-start=\"4716\" data-end=\"5015\">Le <strong data-start=\"4719\" data-end=\"4749\">Moustache Dimanche 29.4 EQ<\/strong> s\u2019impose comme l\u2019un des <strong data-start=\"4774\" data-end=\"4818\">meilleurs v\u00e9los route \u00e9lectriques l\u00e9gers<\/strong> du march\u00e9. Gr\u00e2ce \u00e0 son <strong data-start=\"4842\" data-end=\"4861\">moteur puissant<\/strong>, sa <strong data-start=\"4866\" data-end=\"4904\">batterie int\u00e9gr\u00e9e longue autonomie<\/strong> et ses <strong data-start=\"4912\" data-end=\"4936\">\u00e9quipements complets<\/strong>, il s\u2019adresse aussi bien aux cyclistes passionn\u00e9s qu\u2019aux navetteurs exigeants.<\/p>\n<p data-start=\"5017\" data-end=\"5166\">\ud83d\udc49 <strong data-start=\"5020\" data-end=\"5071\">Commandez d\u00e8s maintenant votre Dimanche 29.4 EQ<\/strong> et profitez d\u2019une exp\u00e9rience de route \u00e9lectrisante, performante et confortable. Stock limit\u00e9 !<\/p>\n<h3 data-start=\"5173\" data-end=\"5210\"><\/h3>\n<h3 data-start=\"5173\" data-end=\"5210\"><strong data-start=\"5180\" data-end=\"5210\">FAQ \u2013 Questions fr\u00e9quentes<\/strong><\/h3>\n<p data-start=\"5212\" data-end=\"5353\"><strong data-start=\"5212\" data-end=\"5265\">Quel est le poids du Moustache Dimanche 29.4 EQ ?<\/strong><br data-start=\"5265\" data-end=\"5268\" \/>Il p\u00e8se environ 23,5 kg, un poids optimis\u00e9 pour un v\u00e9lo route \u00e9lectrique tout \u00e9quip\u00e9.<\/p>\n<p data-start=\"5355\" data-end=\"5520\"><strong data-start=\"5355\" data-end=\"5385\">Quelle est son autonomie ?<\/strong><br data-start=\"5385\" data-end=\"5388\" \/>Gr\u00e2ce \u00e0 sa batterie Bosch de 500 Wh, vous pouvez parcourir entre 70 et 120 km selon le niveau d\u2019assistance et le profil du parcours.<\/p>\n<p data-start=\"5522\" data-end=\"5626\"><strong data-start=\"5522\" data-end=\"5555\">Peut-on retirer la batterie ?<\/strong><br data-start=\"5555\" data-end=\"5558\" \/>Oui, la batterie PowerTube est amovible pour la recharge \u00e0 domicile.<\/p>\n<p data-start=\"5628\" data-end=\"5793\"><strong data-start=\"5628\" data-end=\"5670\">Est-il adapt\u00e9 aux trajets quotidiens ?<\/strong><br data-start=\"5670\" data-end=\"5673\" \/>Absolument. Avec ses garde-boue, son porte-bagages et son \u00e9clairage int\u00e9gr\u00e9, il est parfaitement \u00e9quip\u00e9 pour le v\u00e9lotaf.<\/p>\n<p data-start=\"5795\" data-end=\"5910\"><strong data-start=\"5795\" data-end=\"5841\">Existe-t-il d&rsquo;autres tailles disponibles ?<\/strong><br data-start=\"5841\" data-end=\"5844\" \/>Oui, le Dimanche 29.4 EQ est propos\u00e9 en 4 tailles : S, M, L et XL.<\/p>\n<p>Views: 1<\/p>","protected":false},"excerpt":{"rendered":"<ul data-start=\"5977\" data-end=\"6329\">\n<li data-start=\"5977\" data-end=\"6073\">\n<p data-start=\"5979\" data-end=\"6073\"><strong>\ud83d\udeb4 Cadre aluminium l\u00e9ger avec fourche carbone pour une conduite sportive et confortable.<\/strong><\/p>\n<\/li>\n<li data-start=\"6074\" data-end=\"6165\">\n<p data-start=\"6076\" data-end=\"6165\"><strong>\u26a1 Moteur Bosch Performance Line (65 Nm) et batterie 500 Wh pour de longues sorties.<\/strong><\/p>\n<\/li>\n<li data-start=\"6166\" data-end=\"6251\">\n<p data-start=\"6168\" data-end=\"6251\"><strong>\ud83d\udd27 Transmission Shimano Deore 11 vitesses pour un passage de vitesses fluide.<\/strong><\/p>\n<\/li>\n<li data-start=\"6252\" data-end=\"6329\">\n<p data-start=\"6254\" data-end=\"6329\"><strong>\ud83c\udf26\ufe0f \u00c9quipement complet : garde-boue, porte-bagages, lumi\u00e8res int\u00e9gr\u00e9es.<\/strong><\/p>\n<\/li>\n<\/ul>\n","protected":false},"featured_media":30803,"comment_status":"open","ping_status":"closed","template":"","meta":[],"product_brand":[],"product_cat":[245,17],"product_tag":[48,47,44,52,51],"class_list":{"0":"post-30827","1":"product","2":"type-product","3":"status-publish","4":"has-post-thumbnail","6":"product_cat-velo-electrique-de-route-performant","7":"product_cat-velos","8":"product_tag-velos-avec-grande-autonomie","9":"product_tag-velos-avec-moteur-puissant","10":"product_tag-velos-confortables","11":"product_tag-velos-de-route-electriques","12":"product_tag-velos-electriques","14":"first","15":"instock","16":"sale","17":"taxable","18":"shipping-taxable","19":"purchasable","20":"product-type-variable"},"yoast_head":"<!-- This site is optimized with the Yoast SEO plugin v27.5 - https:\/\/yoast.com\/product\/yoast-seo-wordpress\/ -->\n<title>Meilleur v\u00e9lo route \u00e9lectrique l\u00e9ger Moustache - e-veloboutique.fr<\/title>\n<meta name=\"description\" content=\"D\u00e9couvrez le meilleur v\u00e9lo route \u00e9lectrique l\u00e9ger avec le Moustache Dimanche 29.4 EQ \u00e0 3 099 \u20ac : performance, confort et autonomie au rendez-vous.\" \/>\n<meta name=\"robots\" content=\"index, follow, max-snippet:-1, max-image-preview:large, max-video-preview:-1\" \/>\n<link rel=\"canonical\" href=\"https:\/\/e-veloboutique.fr\/?product=velo-electrique-meilleur-velo-route-electrique-leger-moustache\" \/>\n<meta property=\"og:locale\" content=\"fr_FR\" \/>\n<meta property=\"og:type\" content=\"article\" \/>\n<meta property=\"og:title\" content=\"Meilleur v\u00e9lo route \u00e9lectrique l\u00e9ger Moustache - e-veloboutique.fr\" \/>\n<meta property=\"og:description\" content=\"D\u00e9couvrez le meilleur v\u00e9lo route \u00e9lectrique l\u00e9ger avec le Moustache Dimanche 29.4 EQ \u00e0 3 099 \u20ac : performance, confort et autonomie au rendez-vous.\" \/>\n<meta property=\"og:url\" content=\"https:\/\/e-veloboutique.fr\/?product=velo-electrique-meilleur-velo-route-electrique-leger-moustache\" \/>\n<meta property=\"og:site_name\" content=\"e-veloboutique.fr\" \/>\n<meta property=\"article:modified_time\" content=\"2025-06-18T08:21:31+00:00\" \/>\n<meta property=\"og:image\" content=\"https:\/\/e-veloboutique.fr\/wp-content\/uploads\/2025\/06\/Velo-route-electrique-Moustache-dimanche-29.4-eq-gris-silex-brillant-nouvelle-generation-galerievelo.fr_.jpg\" \/>\n\t<meta property=\"og:image:width\" content=\"650\" \/>\n\t<meta property=\"og:image:height\" content=\"488\" \/>\n\t<meta property=\"og:image:type\" content=\"image\/jpeg\" \/>\n<meta name=\"twitter:card\" content=\"summary_large_image\" \/>\n<meta name=\"twitter:label1\" content=\"Dur\u00e9e de lecture estim\u00e9e\" \/>\n\t<meta name=\"twitter:data1\" content=\"3 minutes\" \/>\n<script type=\"application\/ld+json\" class=\"yoast-schema-graph\">{\"@context\":\"https:\\\/\\\/schema.org\",\"@graph\":[{\"@type\":\"WebPage\",\"@id\":\"https:\\\/\\\/e-veloboutique.fr\\\/?product=velo-electrique-meilleur-velo-route-electrique-leger-moustache\",\"url\":\"https:\\\/\\\/e-veloboutique.fr\\\/?product=velo-electrique-meilleur-velo-route-electrique-leger-moustache\",\"name\":\"Meilleur v\u00e9lo route \u00e9lectrique l\u00e9ger Moustache - e-veloboutique.fr\",\"isPartOf\":{\"@id\":\"https:\\\/\\\/e-veloboutique.fr\\\/#website\"},\"primaryImageOfPage\":{\"@id\":\"https:\\\/\\\/e-veloboutique.fr\\\/?product=velo-electrique-meilleur-velo-route-electrique-leger-moustache#primaryimage\"},\"image\":{\"@id\":\"https:\\\/\\\/e-veloboutique.fr\\\/?product=velo-electrique-meilleur-velo-route-electrique-leger-moustache#primaryimage\"},\"thumbnailUrl\":\"https:\\\/\\\/e-veloboutique.fr\\\/wp-content\\\/uploads\\\/2025\\\/06\\\/Velo-route-electrique-Moustache-dimanche-29.4-eq-gris-silex-brillant-nouvelle-generation-galerievelo.fr_.jpg\",\"datePublished\":\"2025-06-12T16:56:10+00:00\",\"dateModified\":\"2025-06-18T08:21:31+00:00\",\"description\":\"D\u00e9couvrez le meilleur v\u00e9lo route \u00e9lectrique l\u00e9ger avec le Moustache Dimanche 29.4 EQ \u00e0 3 099 \u20ac : performance, confort et autonomie au rendez-vous.\",\"breadcrumb\":{\"@id\":\"https:\\\/\\\/e-veloboutique.fr\\\/?product=velo-electrique-meilleur-velo-route-electrique-leger-moustache#breadcrumb\"},\"inLanguage\":\"fr-FR\",\"potentialAction\":[{\"@type\":\"ReadAction\",\"target\":[\"https:\\\/\\\/e-veloboutique.fr\\\/?product=velo-electrique-meilleur-velo-route-electrique-leger-moustache\"]}]},{\"@type\":\"ImageObject\",\"inLanguage\":\"fr-FR\",\"@id\":\"https:\\\/\\\/e-veloboutique.fr\\\/?product=velo-electrique-meilleur-velo-route-electrique-leger-moustache#primaryimage\",\"url\":\"https:\\\/\\\/e-veloboutique.fr\\\/wp-content\\\/uploads\\\/2025\\\/06\\\/Velo-route-electrique-Moustache-dimanche-29.4-eq-gris-silex-brillant-nouvelle-generation-galerievelo.fr_.jpg\",\"contentUrl\":\"https:\\\/\\\/e-veloboutique.fr\\\/wp-content\\\/uploads\\\/2025\\\/06\\\/Velo-route-electrique-Moustache-dimanche-29.4-eq-gris-silex-brillant-nouvelle-generation-galerievelo.fr_.jpg\",\"width\":650,\"height\":488,\"caption\":\"Meilleur v\u00e9lo route \u00e9lectrique l\u00e9ger\"},{\"@type\":\"BreadcrumbList\",\"@id\":\"https:\\\/\\\/e-veloboutique.fr\\\/?product=velo-electrique-meilleur-velo-route-electrique-leger-moustache#breadcrumb\",\"itemListElement\":[{\"@type\":\"ListItem\",\"position\":1,\"name\":\"Accueil\",\"item\":\"https:\\\/\\\/e-veloboutique.fr\\\/\"},{\"@type\":\"ListItem\",\"position\":2,\"name\":\"Produits\",\"item\":\"https:\\\/\\\/e-veloboutique.fr\\\/shop\\\/\"},{\"@type\":\"ListItem\",\"position\":3,\"name\":\"V\u00e9los \u00e9lectriques\",\"item\":\"https:\\\/\\\/e-veloboutique.fr\\\/?product_cat=velos\"},{\"@type\":\"ListItem\",\"position\":4,\"name\":\"V\u00e9lo route \u00e9lectrique Moustache dimanche 29.4 eq \\\/ v\u00e9lo Homme\"}]},{\"@type\":\"WebSite\",\"@id\":\"https:\\\/\\\/e-veloboutique.fr\\\/#website\",\"url\":\"https:\\\/\\\/e-veloboutique.fr\\\/\",\"name\":\"E-velos\",\"description\":\"\",\"publisher\":{\"@id\":\"https:\\\/\\\/e-veloboutique.fr\\\/#organization\"},\"potentialAction\":[{\"@type\":\"SearchAction\",\"target\":{\"@type\":\"EntryPoint\",\"urlTemplate\":\"https:\\\/\\\/e-veloboutique.fr\\\/?s={search_term_string}\"},\"query-input\":{\"@type\":\"PropertyValueSpecification\",\"valueRequired\":true,\"valueName\":\"search_term_string\"}}],\"inLanguage\":\"fr-FR\"},{\"@type\":\"Organization\",\"@id\":\"https:\\\/\\\/e-veloboutique.fr\\\/#organization\",\"name\":\"e-veloboutique.fr\",\"url\":\"https:\\\/\\\/e-veloboutique.fr\\\/\",\"logo\":{\"@type\":\"ImageObject\",\"inLanguage\":\"fr-FR\",\"@id\":\"https:\\\/\\\/e-veloboutique.fr\\\/#\\\/schema\\\/logo\\\/image\\\/\",\"url\":\"https:\\\/\\\/e-veloboutique.fr\\\/wp-content\\\/uploads\\\/2024\\\/12\\\/evelos-boutique.jpg\",\"contentUrl\":\"https:\\\/\\\/e-veloboutique.fr\\\/wp-content\\\/uploads\\\/2024\\\/12\\\/evelos-boutique.jpg\",\"width\":75,\"height\":75,\"caption\":\"e-veloboutique.fr\"},\"image\":{\"@id\":\"https:\\\/\\\/e-veloboutique.fr\\\/#\\\/schema\\\/logo\\\/image\\\/\"}}]}<\/script>\n<!-- \/ Yoast SEO plugin. -->","yoast_head_json":{"title":"Meilleur v\u00e9lo route \u00e9lectrique l\u00e9ger Moustache - e-veloboutique.fr","description":"D\u00e9couvrez le meilleur v\u00e9lo route \u00e9lectrique l\u00e9ger avec le Moustache Dimanche 29.4 EQ \u00e0 3 099 \u20ac : performance, confort et autonomie au rendez-vous.","robots":{"index":"index","follow":"follow","max-snippet":"max-snippet:-1","max-image-preview":"max-image-preview:large","max-video-preview":"max-video-preview:-1"},"canonical":"https:\/\/e-veloboutique.fr\/?product=velo-electrique-meilleur-velo-route-electrique-leger-moustache","og_locale":"fr_FR","og_type":"article","og_title":"Meilleur v\u00e9lo route \u00e9lectrique l\u00e9ger Moustache - e-veloboutique.fr","og_description":"D\u00e9couvrez le meilleur v\u00e9lo route \u00e9lectrique l\u00e9ger avec le Moustache Dimanche 29.4 EQ \u00e0 3 099 \u20ac : performance, confort et autonomie au rendez-vous.","og_url":"https:\/\/e-veloboutique.fr\/?product=velo-electrique-meilleur-velo-route-electrique-leger-moustache","og_site_name":"e-veloboutique.fr","article_modified_time":"2025-06-18T08:21:31+00:00","og_image":[{"width":650,"height":488,"url":"https:\/\/e-veloboutique.fr\/wp-content\/uploads\/2025\/06\/Velo-route-electrique-Moustache-dimanche-29.4-eq-gris-silex-brillant-nouvelle-generation-galerievelo.fr_.jpg","type":"image\/jpeg"}],"twitter_card":"summary_large_image","twitter_misc":{"Dur\u00e9e de lecture estim\u00e9e":"3 minutes"},"schema":{"@context":"https:\/\/schema.org","@graph":[{"@type":"WebPage","@id":"https:\/\/e-veloboutique.fr\/?product=velo-electrique-meilleur-velo-route-electrique-leger-moustache","url":"https:\/\/e-veloboutique.fr\/?product=velo-electrique-meilleur-velo-route-electrique-leger-moustache","name":"Meilleur v\u00e9lo route \u00e9lectrique l\u00e9ger Moustache - e-veloboutique.fr","isPartOf":{"@id":"https:\/\/e-veloboutique.fr\/#website"},"primaryImageOfPage":{"@id":"https:\/\/e-veloboutique.fr\/?product=velo-electrique-meilleur-velo-route-electrique-leger-moustache#primaryimage"},"image":{"@id":"https:\/\/e-veloboutique.fr\/?product=velo-electrique-meilleur-velo-route-electrique-leger-moustache#primaryimage"},"thumbnailUrl":"https:\/\/e-veloboutique.fr\/wp-content\/uploads\/2025\/06\/Velo-route-electrique-Moustache-dimanche-29.4-eq-gris-silex-brillant-nouvelle-generation-galerievelo.fr_.jpg","datePublished":"2025-06-12T16:56:10+00:00","dateModified":"2025-06-18T08:21:31+00:00","description":"D\u00e9couvrez le meilleur v\u00e9lo route \u00e9lectrique l\u00e9ger avec le Moustache Dimanche 29.4 EQ \u00e0 3 099 \u20ac : performance, confort et autonomie au rendez-vous.","breadcrumb":{"@id":"https:\/\/e-veloboutique.fr\/?product=velo-electrique-meilleur-velo-route-electrique-leger-moustache#breadcrumb"},"inLanguage":"fr-FR","potentialAction":[{"@type":"ReadAction","target":["https:\/\/e-veloboutique.fr\/?product=velo-electrique-meilleur-velo-route-electrique-leger-moustache"]}]},{"@type":"ImageObject","inLanguage":"fr-FR","@id":"https:\/\/e-veloboutique.fr\/?product=velo-electrique-meilleur-velo-route-electrique-leger-moustache#primaryimage","url":"https:\/\/e-veloboutique.fr\/wp-content\/uploads\/2025\/06\/Velo-route-electrique-Moustache-dimanche-29.4-eq-gris-silex-brillant-nouvelle-generation-galerievelo.fr_.jpg","contentUrl":"https:\/\/e-veloboutique.fr\/wp-content\/uploads\/2025\/06\/Velo-route-electrique-Moustache-dimanche-29.4-eq-gris-silex-brillant-nouvelle-generation-galerievelo.fr_.jpg","width":650,"height":488,"caption":"Meilleur v\u00e9lo route \u00e9lectrique l\u00e9ger"},{"@type":"BreadcrumbList","@id":"https:\/\/e-veloboutique.fr\/?product=velo-electrique-meilleur-velo-route-electrique-leger-moustache#breadcrumb","itemListElement":[{"@type":"ListItem","position":1,"name":"Accueil","item":"https:\/\/e-veloboutique.fr\/"},{"@type":"ListItem","position":2,"name":"Produits","item":"https:\/\/e-veloboutique.fr\/shop\/"},{"@type":"ListItem","position":3,"name":"V\u00e9los \u00e9lectriques","item":"https:\/\/e-veloboutique.fr\/?product_cat=velos"},{"@type":"ListItem","position":4,"name":"V\u00e9lo route \u00e9lectrique Moustache dimanche 29.4 eq \/ v\u00e9lo Homme"}]},{"@type":"WebSite","@id":"https:\/\/e-veloboutique.fr\/#website","url":"https:\/\/e-veloboutique.fr\/","name":"E-velos","description":"","publisher":{"@id":"https:\/\/e-veloboutique.fr\/#organization"},"potentialAction":[{"@type":"SearchAction","target":{"@type":"EntryPoint","urlTemplate":"https:\/\/e-veloboutique.fr\/?s={search_term_string}"},"query-input":{"@type":"PropertyValueSpecification","valueRequired":true,"valueName":"search_term_string"}}],"inLanguage":"fr-FR"},{"@type":"Organization","@id":"https:\/\/e-veloboutique.fr\/#organization","name":"e-veloboutique.fr","url":"https:\/\/e-veloboutique.fr\/","logo":{"@type":"ImageObject","inLanguage":"fr-FR","@id":"https:\/\/e-veloboutique.fr\/#\/schema\/logo\/image\/","url":"https:\/\/e-veloboutique.fr\/wp-content\/uploads\/2024\/12\/evelos-boutique.jpg","contentUrl":"https:\/\/e-veloboutique.fr\/wp-content\/uploads\/2024\/12\/evelos-boutique.jpg","width":75,"height":75,"caption":"e-veloboutique.fr"},"image":{"@id":"https:\/\/e-veloboutique.fr\/#\/schema\/logo\/image\/"}}]}},"_links":{"self":[{"href":"https:\/\/e-veloboutique.fr\/index.php?rest_route=\/wp\/v2\/product\/30827","targetHints":{"allow":["GET"]}}],"collection":[{"href":"https:\/\/e-veloboutique.fr\/index.php?rest_route=\/wp\/v2\/product"}],"about":[{"href":"https:\/\/e-veloboutique.fr\/index.php?rest_route=\/wp\/v2\/types\/product"}],"replies":[{"embeddable":true,"href":"https:\/\/e-veloboutique.fr\/index.php?rest_route=%2Fwp%2Fv2%2Fcomments&post=30827"}],"version-history":[{"count":0,"href":"https:\/\/e-veloboutique.fr\/index.php?rest_route=\/wp\/v2\/product\/30827\/revisions"}],"wp:featuredmedia":[{"embeddable":true,"href":"https:\/\/e-veloboutique.fr\/index.php?rest_route=\/wp\/v2\/media\/30803"}],"wp:attachment":[{"href":"https:\/\/e-veloboutique.fr\/index.php?rest_route=%2Fwp%2Fv2%2Fmedia&parent=30827"}],"wp:term":[{"taxonomy":"product_brand","embeddable":true,"href":"https:\/\/e-veloboutique.fr\/index.php?rest_route=%2Fwp%2Fv2%2Fproduct_brand&post=30827"},{"taxonomy":"product_cat","embeddable":true,"href":"https:\/\/e-veloboutique.fr\/index.php?rest_route=%2Fwp%2Fv2%2Fproduct_cat&post=30827"},{"taxonomy":"product_tag","embeddable":true,"href":"https:\/\/e-veloboutique.fr\/index.php?rest_route=%2Fwp%2Fv2%2Fproduct_tag&post=30827"}],"curies":[{"name":"wp","href":"https:\/\/api.w.org\/{rel}","templated":true}]}}