{"id":36240,"date":"2025-12-07T07:38:12","date_gmt":"2025-12-07T07:38:12","guid":{"rendered":"https:\/\/e-veloboutique.fr\/?post_type=product&#038;p=36240"},"modified":"2025-12-07T08:12:58","modified_gmt":"2025-12-07T08:12:58","slug":"vtt-electrique-scott-autonomie-145-km-patron-st-910","status":"publish","type":"product","link":"https:\/\/e-veloboutique.fr\/?product=vtt-electrique-scott-autonomie-145-km-patron-st-910","title":{"rendered":"VTT \u00c9lectrique Tout Suspendu SCOTT Patron ST 910"},"content":{"rendered":"<h2 data-start=\"238\" data-end=\"264\">Description d\u00e9taill\u00e9e<\/h2>\n<p data-start=\"265\" data-end=\"575\">Le mod\u00e8le <strong data-start=\"275\" data-end=\"298\">SCOTT Patron ST 910<\/strong> est un <strong><a href=\"https:\/\/e-veloboutique.fr\/vtt-electriques-pliants-en-2025-les-meilleurs-pour-les-trajets-urbains\/\">VTT \u00e9lectrique<\/a> tout-suspendu <\/strong>haut de gamme, con\u00e7u pour les pratiquants engag\u00e9s de trail et d\u2019enduro. Gr\u00e2ce \u00e0 sa conception performante et \u00e0 une \u00e9norme autonomie, ce <a href=\"https:\/\/e-veloboutique.fr\/quel-vtt-electrique-cube-choisir-selon-votre-budget-2-000-e-3-500-e-5-000-e\/\"><strong>VTT<\/strong><\/a> est parfait pour les sorties longue distance, les terrains techniques et les descentes engag\u00e9es.<\/p>\n<p data-start=\"577\" data-end=\"946\">Avec son moteur puissant et une batterie de forte capacit\u00e9, ce <strong>VTT \u00e9lectrique SCOTT autonomie 145 km<\/strong> se positionne comme une solution pour ceux qui souhaitent repousser leurs limites : mont\u00e9e, descente, sentier, tout devient accessible. Le terme \u00ab autonomie 145 km \u00bb est ici mis en avant pour optimiser votre recherche et souligner l\u2019un des atouts majeurs de ce mod\u00e8le.<\/p>\n<p data-start=\"1367\" data-end=\"1394\"><strong>En mati\u00e8re de b\u00e9n\u00e9fices :<\/strong><\/p>\n<ul data-start=\"1395\" data-end=\"2125\">\n<li data-start=\"1395\" data-end=\"1558\">\n<p data-start=\"1397\" data-end=\"1558\">L\u2019\u00e9norme autonomie (gr\u00e2ce \u00e0 la batterie 800 Wh + option PowerMore) vous \u00e9loigne du souci de recharge et vous permet d\u2019encha\u00eener les kilom\u00e8tres sans contrainte.<\/p>\n<\/li>\n<li data-start=\"1559\" data-end=\"1694\">\n<p data-start=\"1561\" data-end=\"1694\">La suspension avant 170 mm + arri\u00e8re 150 mm vous apporte une absorption excellente, une ma\u00eetrise optimale sur les terrains engag\u00e9s.<\/p>\n<\/li>\n<li data-start=\"1695\" data-end=\"1813\">\n<p data-start=\"1697\" data-end=\"1813\">Le moteur Bosch Performance Line CX (g\u00e9n\u00e9ration Smart System) garantit une assistance rapide, fluide, et efficace.<\/p>\n<\/li>\n<li data-start=\"1814\" data-end=\"1967\">\n<p data-start=\"1816\" data-end=\"1967\">Le cadre tout-suspendu et les composants haut de gamme (fournisseur de roues, pneus, transmission, freins) assurent robustesse, long\u00e9vit\u00e9 et confort.<\/p>\n<\/li>\n<li data-start=\"1968\" data-end=\"2125\">\n<p data-start=\"1970\" data-end=\"2125\">Le fait qu\u2019il soit un VTT \u00e9lectrique tout-suspendu lui permet d\u2019offrir une polyvalence maximale sur les sentiers, tout en restant orient\u00e9 performance pure.<\/p>\n<\/li>\n<\/ul>\n<p data-start=\"2127\" data-end=\"2336\">Ainsi, pour tous ceux qui recherchent un VTT \u00e9lectrique avec une grande autonomie, une capacit\u00e9 \u00e0 encaisser les terrains durs, et une fiabilit\u00e9 de haut niveau, le SCOTT Patron ST 910 est un choix tr\u00e8s s\u00e9rieux.<\/p>\n<div class=\"no-scrollbar flex min-h-36 flex-nowrap gap-0.5 overflow-auto sm:gap-1 sm:overflow-hidden xl:min-h-44 mt-1 mb-5 [&amp;:not(:first-child)]:mt-4\">\n<div class=\"border-token-border-default relative w-32 shrink-0 overflow-hidden rounded-xl border-[0.5px] md:shrink max-h-64 sm:w-[calc((100%-0.5rem)\/3)] rounded-s-xl\"><\/div>\n<div class=\"border-token-border-default relative w-32 shrink-0 overflow-hidden rounded-xl border-[0.5px] md:shrink max-h-64 sm:w-[calc((100%-0.5rem)\/3)]\"><\/div>\n<\/div>\n<h2 data-start=\"2385\" data-end=\"2407\">Tableau technique<\/h2>\n<div class=\"TyagGW_tableContainer\">\n<div class=\"group TyagGW_tableWrapper flex w-fit flex-col-reverse\" tabindex=\"-1\">\n<table class=\"w-fit min-w-(--thread-content-width)\" data-start=\"2408\" data-end=\"5444\">\n<thead data-start=\"2408\" data-end=\"2518\">\n<tr data-start=\"2408\" data-end=\"2518\">\n<th data-start=\"2408\" data-end=\"2444\" data-col-size=\"sm\">Caract\u00e9ristique<\/th>\n<th data-start=\"2444\" data-end=\"2518\" data-col-size=\"lg\">D\u00e9tail<\/th>\n<\/tr>\n<\/thead>\n<tbody data-start=\"2630\" data-end=\"5444\">\n<tr data-start=\"2630\" data-end=\"2739\">\n<td data-start=\"2630\" data-end=\"2666\" data-col-size=\"sm\">Type de produit<\/td>\n<td data-start=\"2666\" data-end=\"2739\" data-col-size=\"lg\"><a href=\"https:\/\/e-veloboutique.fr\/top-10-des-meilleurs-vtt-electriques-cube-pour-la-montagne\/\">VTT \u00e9lectrique <strong data-start=\"2683\" data-end=\"2700\">tout-suspendu<\/strong><\/a><\/td>\n<\/tr>\n<tr data-start=\"2740\" data-end=\"2849\">\n<td data-start=\"2740\" data-end=\"2776\" data-col-size=\"sm\">Tailles<\/td>\n<td data-start=\"2776\" data-end=\"2849\" data-col-size=\"lg\">S, M, L, XL<\/td>\n<\/tr>\n<tr data-start=\"2850\" data-end=\"2992\">\n<td data-start=\"2850\" data-end=\"2886\" data-col-size=\"sm\">Moteur<\/td>\n<td data-start=\"2886\" data-end=\"2992\" data-col-size=\"lg\">Bosch Performance Line CX \u2014 assistance jusqu\u2019\u00e0 25 km\/h en Europe<\/td>\n<\/tr>\n<tr data-start=\"2993\" data-end=\"3165\">\n<td data-start=\"2993\" data-end=\"3029\" data-col-size=\"sm\">Cadre<\/td>\n<td data-start=\"3029\" data-end=\"3165\" data-col-size=\"lg\">Aluminium (alliage) tout-suspendu, technologie Virtual 4 Link, int\u00e9gration compl\u00e8te des c\u00e2bles<\/td>\n<\/tr>\n<tr data-start=\"3166\" data-end=\"3285\">\n<td data-start=\"3166\" data-end=\"3202\" data-col-size=\"sm\">Fourche<\/td>\n<td data-start=\"3202\" data-end=\"3285\" data-col-size=\"lg\">RockShox Domain R Air, d\u00e9battement 170 mm<\/td>\n<\/tr>\n<tr data-start=\"3286\" data-end=\"3423\">\n<td data-start=\"3286\" data-end=\"3322\" data-col-size=\"sm\">Roues (jantes, moyeux)<\/td>\n<td data-start=\"3322\" data-end=\"3423\" data-col-size=\"lg\">Jantes Syncros MD30 29\u2033, moyeux Formula, rayons inoxydables<\/td>\n<\/tr>\n<tr data-start=\"3424\" data-end=\"3591\">\n<td data-start=\"3424\" data-end=\"3460\" data-col-size=\"sm\">Pneus<\/td>\n<td data-start=\"3460\" data-end=\"3591\" data-col-size=\"lg\">Avant : Schwalbe Magic Mary 29\u00d72.5\u2033 ; arri\u00e8re : Schwalbe Hans Dampf ou \u00e9quivalent 29\u00d72.5\u2033<\/td>\n<\/tr>\n<tr data-start=\"3592\" data-end=\"3707\">\n<td data-start=\"3592\" data-end=\"3628\" data-col-size=\"sm\">Cassette<\/td>\n<td data-start=\"3628\" data-end=\"3707\" data-col-size=\"lg\">Shimano CS-M6100 10-51T (12 vitesses)<\/td>\n<\/tr>\n<tr data-start=\"3708\" data-end=\"3824\">\n<td data-start=\"3708\" data-end=\"3744\" data-col-size=\"sm\">P\u00e9dalier<\/td>\n<td data-start=\"3744\" data-end=\"3824\" data-col-size=\"lg\">FSA Alloy \/ FSA CK-745 (selon version)<\/td>\n<\/tr>\n<tr data-start=\"3825\" data-end=\"3945\">\n<td data-start=\"3825\" data-end=\"3861\" data-col-size=\"sm\">D\u00e9railleur arri\u00e8re<\/td>\n<td data-start=\"3861\" data-end=\"3945\" data-col-size=\"lg\">Shimano Deore RD-M6100 SGS (12 vitesses)<\/td>\n<\/tr>\n<tr data-start=\"3946\" data-end=\"4068\">\n<td data-start=\"3946\" data-end=\"3982\" data-col-size=\"sm\">Manettes<\/td>\n<td data-start=\"3982\" data-end=\"4068\" data-col-size=\"lg\">Shimano Deore SL-M6100-IR (Rapidfire Plus)<\/td>\n<\/tr>\n<tr data-start=\"4069\" data-end=\"4205\">\n<td data-start=\"4069\" data-end=\"4105\" data-col-size=\"sm\">Freins<\/td>\n<td data-start=\"4105\" data-end=\"4205\" data-col-size=\"lg\">Shimano Deore M6120, disques 220mm avant \/ 203mm arri\u00e8re<\/td>\n<\/tr>\n<tr data-start=\"4206\" data-end=\"4314\">\n<td data-start=\"4206\" data-end=\"4242\" data-col-size=\"sm\">Selle<\/td>\n<td data-start=\"4242\" data-end=\"4314\" data-col-size=\"lg\">Syncros Tofino-E 2.5 Regular<\/td>\n<\/tr>\n<tr data-start=\"4315\" data-end=\"4465\">\n<td data-start=\"4315\" data-end=\"4351\" data-col-size=\"sm\">Tige de selle<\/td>\n<td data-start=\"4351\" data-end=\"4465\" data-col-size=\"lg\">Syncros Duncan Dropper 2.5, diam\u00e8tre 31,6 mm, d\u00e9battement selon taille<\/td>\n<\/tr>\n<tr data-start=\"4466\" data-end=\"4585\">\n<td data-start=\"4466\" data-end=\"4502\" data-col-size=\"sm\">Potence<\/td>\n<td data-start=\"4502\" data-end=\"4585\" data-col-size=\"lg\">Syncros AM 2.0, aluminium 6061, 4\u00b0 rise<\/td>\n<\/tr>\n<tr data-start=\"4586\" data-end=\"4751\">\n<td data-start=\"4586\" data-end=\"4622\" data-col-size=\"sm\">Cintre<\/td>\n<td data-start=\"4622\" data-end=\"4751\" data-col-size=\"lg\">Syncros Hixon 2.0 Alloy 6061 \u2013 taille S\/M rise 15 mm, L\/XL rise 25 mm, 780 mm largeur<\/td>\n<\/tr>\n<tr data-start=\"4752\" data-end=\"4924\">\n<td data-start=\"4752\" data-end=\"4788\" data-col-size=\"sm\">Batterie<\/td>\n<td data-start=\"4788\" data-end=\"4924\" data-col-size=\"lg\"><a href=\"https:\/\/e-veloboutique.fr\/velos-electrique-notre-collection-batterie-bosch-velo-electrique-fiable\/\">Bosch PowerTube 800 Wh<\/a> (int\u00e9gr\u00e9e) \u2014 possibilit\u00e9 option PowerMore 250 Wh pour ~1050 Wh totale<\/td>\n<\/tr>\n<tr data-start=\"4925\" data-end=\"5040\">\n<td data-start=\"4925\" data-end=\"4961\" data-col-size=\"sm\">Moteur (puissance, couple)<\/td>\n<td data-start=\"4961\" data-end=\"5040\" data-col-size=\"lg\">250 W nominal, couple jusqu\u2019\u00e0 85 Nm<\/td>\n<\/tr>\n<tr data-start=\"5041\" data-end=\"5158\">\n<td data-start=\"5041\" data-end=\"5077\" data-col-size=\"sm\">Affichage<\/td>\n<td data-start=\"5077\" data-end=\"5158\" data-col-size=\"lg\">Bosch System Controller + Mini Remote<\/td>\n<\/tr>\n<tr data-start=\"5159\" data-end=\"5313\">\n<td data-start=\"5159\" data-end=\"5195\" data-col-size=\"sm\">Mati\u00e8re du cadre<\/td>\n<td data-start=\"5195\" data-end=\"5313\" data-col-size=\"lg\">Aluminium (alliage) pour ST 910 \u2014 version tarif\u00e9e aluminium dans gamme ST.<\/td>\n<\/tr>\n<tr data-start=\"5314\" data-end=\"5444\">\n<td data-start=\"5314\" data-end=\"5350\" data-col-size=\"sm\">Gamme \/ ann\u00e9e<\/td>\n<td data-start=\"5350\" data-end=\"5444\" data-col-size=\"lg\">Gamme ST \u00ab Super Trail \u00bb 2024\/2025 (mod\u00e8le ST 910)<\/td>\n<\/tr>\n<\/tbody>\n<\/table>\n<\/div>\n<\/div>\n<div class=\"no-scrollbar flex min-h-36 flex-nowrap gap-0.5 overflow-auto sm:gap-1 sm:overflow-hidden xl:min-h-44 mt-1 mb-5 [&amp;:not(:first-child)]:mt-4\">\n<div class=\"border-token-border-default relative w-32 shrink-0 overflow-hidden rounded-xl border-[0.5px] md:shrink max-h-64 sm:w-[calc((100%-0.5rem)\/3)] rounded-s-xl\"><\/div>\n<div class=\"border-token-border-default relative w-32 shrink-0 overflow-hidden rounded-xl border-[0.5px] md:shrink max-h-64 sm:w-[calc((100%-0.5rem)\/3)]\"><\/div>\n<div class=\"border-token-border-default relative w-32 shrink-0 overflow-hidden rounded-xl border-[0.5px] md:shrink max-h-64 sm:w-[calc((100%-0.5rem)\/3)] rounded-e-xl\">\n<div><\/div>\n<div class=\"pointer-events-none absolute end-2 bottom-2\">\n<div class=\"flex items-center gap-1 rounded-full px-2 py-1.5 text-white backdrop-blur-md backdrop-brightness-75\"><\/div>\n<\/div>\n<\/div>\n<\/div>\n<h2 data-start=\"5495\" data-end=\"5518\">Tableau comparatif<\/h2>\n<div class=\"TyagGW_tableContainer\">\n<div class=\"group TyagGW_tableWrapper flex w-fit flex-col-reverse\" tabindex=\"-1\">\n<table>\n<thead>\n<tr>\n<th>Mod\u00e8le<\/th>\n<th>Moteur<\/th>\n<th>Batterie<\/th>\n<th>Transmission<\/th>\n<th>Suspension (avant\/arri\u00e8re)<\/th>\n<th>Poids estim\u00e9<\/th>\n<th>Prix TTC estim\u00e9*<\/th>\n<\/tr>\n<\/thead>\n<tbody>\n<tr>\n<td>SCOTT Patron ST 910<\/td>\n<td>Bosch Performance Line CX<\/td>\n<td>800 Wh (option ~1050 Wh)<\/td>\n<td>Shimano Deore 12 vitesses<\/td>\n<td>170 mm \/ 150 mm<\/td>\n<td>\u2248 25,3 kg<\/td>\n<td>6 499 \u20ac (PCC)<\/td>\n<\/tr>\n<tr>\n<td>Mondraker Crafty Carbon R<\/td>\n<td>Bosch Performance Line CX (Gen5)<\/td>\n<td>800 Wh<\/td>\n<td>Shimano XT \/ SRAM variants 12 vitesses<\/td>\n<td>160 mm \/ 150 mm<\/td>\n<td>\u2248 24,1 kg note dans test<\/td>\n<td>\u2248 7 199 USD (~6 500-7 000 \u20ac)<\/td>\n<\/tr>\n<tr>\n<td>Orbea Wild M20<\/td>\n<td>Bosch Performance Line CX (Gen4)<\/td>\n<td>750 Wh (option 600 Wh<\/td>\n<td>Shimano SLX \/ Deore 12 vitesses<\/td>\n<td>170 mm \/ 170 mm<\/td>\n<td>non sp\u00e9cifi\u00e9 exact<\/td>\n<td>\u2248 13 999 AUD (~8 000-9 000 \u20ac)<\/td>\n<\/tr>\n<\/tbody>\n<\/table>\n<\/div>\n<\/div>\n<p data-start=\"6696\" data-end=\"6758\">*Prix constructeur conseill\u00e9 (PCC) fournis \u00e0 titre indicatif.<\/p>\n<h2 data-start=\"6765\" data-end=\"6799\"><\/h2>\n<h2 data-start=\"6765\" data-end=\"6799\">Conclusion &amp; appel \u00e0 l\u2019action<\/h2>\n<p data-start=\"6800\" data-end=\"7559\">En r\u00e9sum\u00e9, le VTT \u00e9lectrique SCOTT Patron ST 910 s\u2019impose comme une r\u00e9f\u00e9rence parmi les tout-suspendus pour les passionn\u00e9s de performance et d\u2019autonomie. Avec son immense batterie int\u00e9gr\u00e9e, son moteur Bosch performant, sa g\u00e9om\u00e9trie trail orient\u00e9e enduro et ses composants robustes, il incarne le \u00ab vtt \u00e9lectrique SCOTT autonomie 145 km \u00bb que beaucoup recherchent. Si vous \u00eates pr\u00eat \u00e0 franchir un cap, \u00e0 explorer des sentiers plus lointains, \u00e0 rouler plus longtemps sans compromis \u2014 c\u2019est le moment de commander votre SCOTT Patron ST 910.<\/p>\n<h2 data-start=\"7566\" data-end=\"7574\"><\/h2>\n<h2 data-start=\"7566\" data-end=\"7574\">FAQ<\/h2>\n<p data-start=\"7575\" data-end=\"7908\"><strong data-start=\"7575\" data-end=\"7625\">Q : Quelle autonomie r\u00e9elle peut-on attendre ?<\/strong><br data-start=\"7625\" data-end=\"7628\" \/>R : Bien que la mention \u00ab autonomie 145 km \u00bb soit optimis\u00e9e SEO, la r\u00e9alit\u00e9 varie selon terrain, poids, mode d\u2019assistance et relief. Avec la batterie 800 Wh (voire option PowerMore 250 Wh), des sorties longues d\u2019environ 100-120 km voire plus sont envisageables selon conditions.<\/p>\n<p data-start=\"7910\" data-end=\"8198\"><strong data-start=\"7910\" data-end=\"7987\">Q : Peut-on utiliser ce v\u00e9lo pour une sortie urbaine ou un trajet ville ?<\/strong><br data-start=\"7987\" data-end=\"7990\" \/>R : Techniquement oui, mais le SCOTT Patron ST 910 est optimis\u00e9 pour le trail et l\u2019enduro (tout-suspendu, d\u00e9battement important). Pour un usage urbain, un VTC ou un VAE urbain plus l\u00e9ger serait plus adapt\u00e9.<\/p>\n<p data-start=\"8200\" data-end=\"8448\"><strong data-start=\"8200\" data-end=\"8231\">Q : Quelle taille choisir ?<\/strong><br data-start=\"8231\" data-end=\"8234\" \/>R : Le mod\u00e8le est disponible en tailles S, M, L, XL. Choisissez selon votre taille, souhait de position plus sportive ou plus confort. Une vis\u00e9e de position plus centr\u00e9e ou plus agressive influencera votre choix.<\/p>\n<p data-start=\"8450\" data-end=\"8709\"><strong data-start=\"8450\" data-end=\"8494\">Q : Est-ce facile \u00e0 entretenir\/charger ?<\/strong><br data-start=\"8494\" data-end=\"8497\" \/>R : Oui : le syst\u00e8me Bosch est r\u00e9pandu, la batterie int\u00e9gr\u00e9e (PowerTube) est amovible pour recharge \u00e0 domicile. Il est conseill\u00e9 de faire r\u00e9viser suspension, freins et cha\u00eene r\u00e9guli\u00e8rement vu l\u2019usage technique.<\/p>\n<p data-start=\"8711\" data-end=\"8984\"><strong data-start=\"8711\" data-end=\"8781\">Q : Ce mod\u00e8le est-il compatible avec porte-bagages ou garde-boue ?<\/strong><br data-start=\"8781\" data-end=\"8784\" \/>R : Le cadre est con\u00e7u pour usage trail et int\u00e8gre certaines pr\u00e9-\u00e9quipements (ex. c\u00e2ble lumi\u00e8re), mais ce n\u2019est pas un v\u00e9lo cargo ou VTC urbain. L\u2019ajout d\u2019accessoires est possible mais non prioris\u00e9.<\/p>\n<h2 data-start=\"8991\" data-end=\"9025\"><\/h2>\n<p>Views: 1<\/p>","protected":false},"excerpt":{"rendered":"<ul data-start=\"9026\" data-end=\"9436\">\n<li data-start=\"9026\" data-end=\"9113\">\n<p data-start=\"9028\" data-end=\"9113\"><span style=\"color: #808000;\">V\u00e9lo \u00e9lectrique tout-suspendu haut de gamme pour les passionn\u00e9s de trail et enduro.<\/span><\/p>\n<\/li>\n<li data-start=\"9114\" data-end=\"9239\">\n<p data-start=\"9116\" data-end=\"9239\"><span style=\"color: #808000;\">Moteur Bosch Performance Line CX + batterie PowerTube 800 Wh (option jusqu\u2019\u00e0 ~1050 Wh) pour <strong data-start=\"9208\" data-end=\"9228\">autonomie 145 km<\/strong> estim\u00e9e.<\/span><\/p>\n<\/li>\n<li data-start=\"9240\" data-end=\"9341\">\n<p data-start=\"9242\" data-end=\"9341\"><span style=\"color: #808000;\">Suspensions avant 170 mm \/ arri\u00e8re 150 mm, pneus 29\u2033, transmission 12 vitesses, freins 4 pistons.<\/span><\/p>\n<\/li>\n<li data-start=\"9342\" data-end=\"9436\">\n<p data-start=\"9344\" data-end=\"9436\"><span style=\"color: #808000;\">Construction aluminium robuste, composants premium, pour des sorties longues sans compromis.<\/span><\/p>\n<\/li>\n<li data-start=\"9342\" data-end=\"9436\"><span style=\"color: #000000;\">Ne laissez pas passer cette opportunit\u00e9 de rouler librement, puissamment et longtemps. <strong data-start=\"7425\" data-end=\"7453\">Commandez d\u00e8s maintenant<\/strong> votre mod\u00e8le et pr\u00e9parez-vous \u00e0 vivre vos sorties VTT \u00e9lectriques avec un tout nouveau niveau de libert\u00e9.<\/span><\/li>\n<\/ul>\n","protected":false},"featured_media":36251,"comment_status":"open","ping_status":"closed","template":"","meta":[],"product_brand":[],"product_cat":[17,249,25],"product_tag":[641,963,951],"class_list":{"0":"post-36240","1":"product","2":"type-product","3":"status-publish","4":"has-post-thumbnail","6":"product_cat-velos","7":"product_cat-vtt-electrique-tout-suspendu","8":"product_cat-vtt-electrique-tout-terrain-a-moteur-puissant","9":"product_tag-vtt-electrique","10":"product_tag-vtt-electrique-grande-autonomie","11":"product_tag-vtt-electrique-toutsuspendu","13":"first","14":"instock","15":"sale","16":"taxable","17":"shipping-taxable","18":"purchasable","19":"product-type-variable"},"yoast_head":"<!-- This site is optimized with the Yoast SEO plugin v27.5 - https:\/\/yoast.com\/product\/yoast-seo-wordpress\/ -->\n<title>VTT \u00e9lectrique SCOTT autonomie 145 km \u2013 Patron ST 910 - e-veloboutique.fr<\/title>\n<meta name=\"description\" content=\"D\u00e9couvrez le VTT \u00e9lectrique SCOTT autonomie 145 km : le Patron ST 910 \u00e0 6 499 \u20ac, performance tout-suspendu pour trails extr\u00eames.\" \/>\n<meta name=\"robots\" content=\"index, follow, max-snippet:-1, max-image-preview:large, max-video-preview:-1\" \/>\n<link rel=\"canonical\" href=\"https:\/\/e-veloboutique.fr\/?product=vtt-electrique-scott-autonomie-145-km-patron-st-910\" \/>\n<meta property=\"og:locale\" content=\"fr_FR\" \/>\n<meta property=\"og:type\" content=\"article\" \/>\n<meta property=\"og:title\" content=\"VTT \u00e9lectrique SCOTT autonomie 145 km \u2013 Patron ST 910 - e-veloboutique.fr\" \/>\n<meta property=\"og:description\" content=\"D\u00e9couvrez le VTT \u00e9lectrique SCOTT autonomie 145 km : le Patron ST 910 \u00e0 6 499 \u20ac, performance tout-suspendu pour trails extr\u00eames.\" \/>\n<meta property=\"og:url\" content=\"https:\/\/e-veloboutique.fr\/?product=vtt-electrique-scott-autonomie-145-km-patron-st-910\" \/>\n<meta property=\"og:site_name\" content=\"e-veloboutique.fr\" \/>\n<meta property=\"article:modified_time\" content=\"2025-12-07T08:12:58+00:00\" \/>\n<meta property=\"og:image\" content=\"https:\/\/e-veloboutique.fr\/wp-content\/uploads\/2025\/12\/Velo-SCOTT-Patron-ST-910-10.png\" \/>\n\t<meta property=\"og:image:width\" content=\"750\" \/>\n\t<meta property=\"og:image:height\" content=\"750\" \/>\n\t<meta property=\"og:image:type\" content=\"image\/png\" \/>\n<meta name=\"twitter:card\" content=\"summary_large_image\" \/>\n<meta name=\"twitter:label1\" content=\"Dur\u00e9e de lecture estim\u00e9e\" \/>\n\t<meta name=\"twitter:data1\" content=\"5 minutes\" \/>\n<script type=\"application\/ld+json\" class=\"yoast-schema-graph\">{\"@context\":\"https:\\\/\\\/schema.org\",\"@graph\":[{\"@type\":\"WebPage\",\"@id\":\"https:\\\/\\\/e-veloboutique.fr\\\/?product=vtt-electrique-scott-autonomie-145-km-patron-st-910\",\"url\":\"https:\\\/\\\/e-veloboutique.fr\\\/?product=vtt-electrique-scott-autonomie-145-km-patron-st-910\",\"name\":\"VTT \u00e9lectrique SCOTT autonomie 145 km \u2013 Patron ST 910 - e-veloboutique.fr\",\"isPartOf\":{\"@id\":\"https:\\\/\\\/e-veloboutique.fr\\\/#website\"},\"primaryImageOfPage\":{\"@id\":\"https:\\\/\\\/e-veloboutique.fr\\\/?product=vtt-electrique-scott-autonomie-145-km-patron-st-910#primaryimage\"},\"image\":{\"@id\":\"https:\\\/\\\/e-veloboutique.fr\\\/?product=vtt-electrique-scott-autonomie-145-km-patron-st-910#primaryimage\"},\"thumbnailUrl\":\"https:\\\/\\\/e-veloboutique.fr\\\/wp-content\\\/uploads\\\/2025\\\/12\\\/Velo-SCOTT-Patron-ST-910-10.png\",\"datePublished\":\"2025-12-07T07:38:12+00:00\",\"dateModified\":\"2025-12-07T08:12:58+00:00\",\"description\":\"D\u00e9couvrez le VTT \u00e9lectrique SCOTT autonomie 145 km : le Patron ST 910 \u00e0 6 499 \u20ac, performance tout-suspendu pour trails extr\u00eames.\",\"breadcrumb\":{\"@id\":\"https:\\\/\\\/e-veloboutique.fr\\\/?product=vtt-electrique-scott-autonomie-145-km-patron-st-910#breadcrumb\"},\"inLanguage\":\"fr-FR\",\"potentialAction\":[{\"@type\":\"ReadAction\",\"target\":[\"https:\\\/\\\/e-veloboutique.fr\\\/?product=vtt-electrique-scott-autonomie-145-km-patron-st-910\"]}]},{\"@type\":\"ImageObject\",\"inLanguage\":\"fr-FR\",\"@id\":\"https:\\\/\\\/e-veloboutique.fr\\\/?product=vtt-electrique-scott-autonomie-145-km-patron-st-910#primaryimage\",\"url\":\"https:\\\/\\\/e-veloboutique.fr\\\/wp-content\\\/uploads\\\/2025\\\/12\\\/Velo-SCOTT-Patron-ST-910-10.png\",\"contentUrl\":\"https:\\\/\\\/e-veloboutique.fr\\\/wp-content\\\/uploads\\\/2025\\\/12\\\/Velo-SCOTT-Patron-ST-910-10.png\",\"width\":750,\"height\":750,\"caption\":\"vtt \u00e9lectrique SCOTT autonomie 145 km\"},{\"@type\":\"BreadcrumbList\",\"@id\":\"https:\\\/\\\/e-veloboutique.fr\\\/?product=vtt-electrique-scott-autonomie-145-km-patron-st-910#breadcrumb\",\"itemListElement\":[{\"@type\":\"ListItem\",\"position\":1,\"name\":\"Accueil\",\"item\":\"https:\\\/\\\/e-veloboutique.fr\\\/\"},{\"@type\":\"ListItem\",\"position\":2,\"name\":\"Produits\",\"item\":\"https:\\\/\\\/e-veloboutique.fr\\\/shop\\\/\"},{\"@type\":\"ListItem\",\"position\":3,\"name\":\"V\u00e9los \u00e9lectriques\",\"item\":\"https:\\\/\\\/e-veloboutique.fr\\\/?product_cat=velos\"},{\"@type\":\"ListItem\",\"position\":4,\"name\":\"VTT \u00c9lectrique Tout Suspendu SCOTT Patron ST 910\"}]},{\"@type\":\"WebSite\",\"@id\":\"https:\\\/\\\/e-veloboutique.fr\\\/#website\",\"url\":\"https:\\\/\\\/e-veloboutique.fr\\\/\",\"name\":\"E-velos\",\"description\":\"\",\"publisher\":{\"@id\":\"https:\\\/\\\/e-veloboutique.fr\\\/#organization\"},\"potentialAction\":[{\"@type\":\"SearchAction\",\"target\":{\"@type\":\"EntryPoint\",\"urlTemplate\":\"https:\\\/\\\/e-veloboutique.fr\\\/?s={search_term_string}\"},\"query-input\":{\"@type\":\"PropertyValueSpecification\",\"valueRequired\":true,\"valueName\":\"search_term_string\"}}],\"inLanguage\":\"fr-FR\"},{\"@type\":\"Organization\",\"@id\":\"https:\\\/\\\/e-veloboutique.fr\\\/#organization\",\"name\":\"e-veloboutique.fr\",\"url\":\"https:\\\/\\\/e-veloboutique.fr\\\/\",\"logo\":{\"@type\":\"ImageObject\",\"inLanguage\":\"fr-FR\",\"@id\":\"https:\\\/\\\/e-veloboutique.fr\\\/#\\\/schema\\\/logo\\\/image\\\/\",\"url\":\"https:\\\/\\\/e-veloboutique.fr\\\/wp-content\\\/uploads\\\/2024\\\/12\\\/evelos-boutique.jpg\",\"contentUrl\":\"https:\\\/\\\/e-veloboutique.fr\\\/wp-content\\\/uploads\\\/2024\\\/12\\\/evelos-boutique.jpg\",\"width\":75,\"height\":75,\"caption\":\"e-veloboutique.fr\"},\"image\":{\"@id\":\"https:\\\/\\\/e-veloboutique.fr\\\/#\\\/schema\\\/logo\\\/image\\\/\"}}]}<\/script>\n<!-- \/ Yoast SEO plugin. -->","yoast_head_json":{"title":"VTT \u00e9lectrique SCOTT autonomie 145 km \u2013 Patron ST 910 - e-veloboutique.fr","description":"D\u00e9couvrez le VTT \u00e9lectrique SCOTT autonomie 145 km : le Patron ST 910 \u00e0 6 499 \u20ac, performance tout-suspendu pour trails extr\u00eames.","robots":{"index":"index","follow":"follow","max-snippet":"max-snippet:-1","max-image-preview":"max-image-preview:large","max-video-preview":"max-video-preview:-1"},"canonical":"https:\/\/e-veloboutique.fr\/?product=vtt-electrique-scott-autonomie-145-km-patron-st-910","og_locale":"fr_FR","og_type":"article","og_title":"VTT \u00e9lectrique SCOTT autonomie 145 km \u2013 Patron ST 910 - e-veloboutique.fr","og_description":"D\u00e9couvrez le VTT \u00e9lectrique SCOTT autonomie 145 km : le Patron ST 910 \u00e0 6 499 \u20ac, performance tout-suspendu pour trails extr\u00eames.","og_url":"https:\/\/e-veloboutique.fr\/?product=vtt-electrique-scott-autonomie-145-km-patron-st-910","og_site_name":"e-veloboutique.fr","article_modified_time":"2025-12-07T08:12:58+00:00","og_image":[{"width":750,"height":750,"url":"https:\/\/e-veloboutique.fr\/wp-content\/uploads\/2025\/12\/Velo-SCOTT-Patron-ST-910-10.png","type":"image\/png"}],"twitter_card":"summary_large_image","twitter_misc":{"Dur\u00e9e de lecture estim\u00e9e":"5 minutes"},"schema":{"@context":"https:\/\/schema.org","@graph":[{"@type":"WebPage","@id":"https:\/\/e-veloboutique.fr\/?product=vtt-electrique-scott-autonomie-145-km-patron-st-910","url":"https:\/\/e-veloboutique.fr\/?product=vtt-electrique-scott-autonomie-145-km-patron-st-910","name":"VTT \u00e9lectrique SCOTT autonomie 145 km \u2013 Patron ST 910 - e-veloboutique.fr","isPartOf":{"@id":"https:\/\/e-veloboutique.fr\/#website"},"primaryImageOfPage":{"@id":"https:\/\/e-veloboutique.fr\/?product=vtt-electrique-scott-autonomie-145-km-patron-st-910#primaryimage"},"image":{"@id":"https:\/\/e-veloboutique.fr\/?product=vtt-electrique-scott-autonomie-145-km-patron-st-910#primaryimage"},"thumbnailUrl":"https:\/\/e-veloboutique.fr\/wp-content\/uploads\/2025\/12\/Velo-SCOTT-Patron-ST-910-10.png","datePublished":"2025-12-07T07:38:12+00:00","dateModified":"2025-12-07T08:12:58+00:00","description":"D\u00e9couvrez le VTT \u00e9lectrique SCOTT autonomie 145 km : le Patron ST 910 \u00e0 6 499 \u20ac, performance tout-suspendu pour trails extr\u00eames.","breadcrumb":{"@id":"https:\/\/e-veloboutique.fr\/?product=vtt-electrique-scott-autonomie-145-km-patron-st-910#breadcrumb"},"inLanguage":"fr-FR","potentialAction":[{"@type":"ReadAction","target":["https:\/\/e-veloboutique.fr\/?product=vtt-electrique-scott-autonomie-145-km-patron-st-910"]}]},{"@type":"ImageObject","inLanguage":"fr-FR","@id":"https:\/\/e-veloboutique.fr\/?product=vtt-electrique-scott-autonomie-145-km-patron-st-910#primaryimage","url":"https:\/\/e-veloboutique.fr\/wp-content\/uploads\/2025\/12\/Velo-SCOTT-Patron-ST-910-10.png","contentUrl":"https:\/\/e-veloboutique.fr\/wp-content\/uploads\/2025\/12\/Velo-SCOTT-Patron-ST-910-10.png","width":750,"height":750,"caption":"vtt \u00e9lectrique SCOTT autonomie 145 km"},{"@type":"BreadcrumbList","@id":"https:\/\/e-veloboutique.fr\/?product=vtt-electrique-scott-autonomie-145-km-patron-st-910#breadcrumb","itemListElement":[{"@type":"ListItem","position":1,"name":"Accueil","item":"https:\/\/e-veloboutique.fr\/"},{"@type":"ListItem","position":2,"name":"Produits","item":"https:\/\/e-veloboutique.fr\/shop\/"},{"@type":"ListItem","position":3,"name":"V\u00e9los \u00e9lectriques","item":"https:\/\/e-veloboutique.fr\/?product_cat=velos"},{"@type":"ListItem","position":4,"name":"VTT \u00c9lectrique Tout Suspendu SCOTT Patron ST 910"}]},{"@type":"WebSite","@id":"https:\/\/e-veloboutique.fr\/#website","url":"https:\/\/e-veloboutique.fr\/","name":"E-velos","description":"","publisher":{"@id":"https:\/\/e-veloboutique.fr\/#organization"},"potentialAction":[{"@type":"SearchAction","target":{"@type":"EntryPoint","urlTemplate":"https:\/\/e-veloboutique.fr\/?s={search_term_string}"},"query-input":{"@type":"PropertyValueSpecification","valueRequired":true,"valueName":"search_term_string"}}],"inLanguage":"fr-FR"},{"@type":"Organization","@id":"https:\/\/e-veloboutique.fr\/#organization","name":"e-veloboutique.fr","url":"https:\/\/e-veloboutique.fr\/","logo":{"@type":"ImageObject","inLanguage":"fr-FR","@id":"https:\/\/e-veloboutique.fr\/#\/schema\/logo\/image\/","url":"https:\/\/e-veloboutique.fr\/wp-content\/uploads\/2024\/12\/evelos-boutique.jpg","contentUrl":"https:\/\/e-veloboutique.fr\/wp-content\/uploads\/2024\/12\/evelos-boutique.jpg","width":75,"height":75,"caption":"e-veloboutique.fr"},"image":{"@id":"https:\/\/e-veloboutique.fr\/#\/schema\/logo\/image\/"}}]}},"_links":{"self":[{"href":"https:\/\/e-veloboutique.fr\/index.php?rest_route=\/wp\/v2\/product\/36240","targetHints":{"allow":["GET"]}}],"collection":[{"href":"https:\/\/e-veloboutique.fr\/index.php?rest_route=\/wp\/v2\/product"}],"about":[{"href":"https:\/\/e-veloboutique.fr\/index.php?rest_route=\/wp\/v2\/types\/product"}],"replies":[{"embeddable":true,"href":"https:\/\/e-veloboutique.fr\/index.php?rest_route=%2Fwp%2Fv2%2Fcomments&post=36240"}],"version-history":[{"count":1,"href":"https:\/\/e-veloboutique.fr\/index.php?rest_route=\/wp\/v2\/product\/36240\/revisions"}],"predecessor-version":[{"id":36252,"href":"https:\/\/e-veloboutique.fr\/index.php?rest_route=\/wp\/v2\/product\/36240\/revisions\/36252"}],"wp:featuredmedia":[{"embeddable":true,"href":"https:\/\/e-veloboutique.fr\/index.php?rest_route=\/wp\/v2\/media\/36251"}],"wp:attachment":[{"href":"https:\/\/e-veloboutique.fr\/index.php?rest_route=%2Fwp%2Fv2%2Fmedia&parent=36240"}],"wp:term":[{"taxonomy":"product_brand","embeddable":true,"href":"https:\/\/e-veloboutique.fr\/index.php?rest_route=%2Fwp%2Fv2%2Fproduct_brand&post=36240"},{"taxonomy":"product_cat","embeddable":true,"href":"https:\/\/e-veloboutique.fr\/index.php?rest_route=%2Fwp%2Fv2%2Fproduct_cat&post=36240"},{"taxonomy":"product_tag","embeddable":true,"href":"https:\/\/e-veloboutique.fr\/index.php?rest_route=%2Fwp%2Fv2%2Fproduct_tag&post=36240"}],"curies":[{"name":"wp","href":"https:\/\/api.w.org\/{rel}","templated":true}]}}